{"id":1306,"date":"2022-08-18T15:48:32","date_gmt":"2022-08-18T15:48:32","guid":{"rendered":"https:\/\/valentinecarre-photographe.com\/?post_type=elemenfolio&#038;p=1306"},"modified":"2024-05-04T18:02:00","modified_gmt":"2024-05-04T18:02:00","slug":"mouflons","status":"publish","type":"elemenfolio","link":"https:\/\/valentinecarre-photographe.com\/index.php\/portfolio\/mouflons\/","title":{"rendered":"Mouflons"},"content":{"rendered":"<p class=\"attachment\"><a href='https:\/\/valentinecarre-photographe.com\/wp-content\/uploads\/2024\/05\/A7R03605.jpg'><img fetchpriority=\"high\" decoding=\"async\" width=\"300\" height=\"200\" src=\"https:\/\/valentinecarre-photographe.com\/wp-content\/uploads\/2024\/05\/A7R03605-300x200.jpg\" class=\"attachment-medium size-medium\" alt=\"Mouflons Corse, photo par Valentine Carr\u00e9\" srcset=\"https:\/\/valentinecarre-photographe.com\/wp-content\/uploads\/2024\/05\/A7R03605-300x200.jpg 300w, https:\/\/valentinecarre-photographe.com\/wp-content\/uploads\/2024\/05\/A7R03605-1024x683.jpg 1024w, https:\/\/valentinecarre-photographe.com\/wp-content\/uploads\/2024\/05\/A7R03605-768x512.jpg 768w, https:\/\/valentinecarre-photographe.com\/wp-content\/uploads\/2024\/05\/A7R03605-1536x1025.jpg 1536w, https:\/\/valentinecarre-photographe.com\/wp-content\/uploads\/2024\/05\/A7R03605.jpg 2048w\" sizes=\"(max-width: 300px) 100vw, 300px\" title=\"%Valentine Carre Photographe% %Photographie nature Corse%\"><\/a><\/p>\n\t\t<div data-elementor-type=\"wp-post\" data-elementor-id=\"1306\" class=\"elementor elementor-1306\">\n\t\t\t\t\t\t<section class=\"elementor-section elementor-top-section elementor-element elementor-element-739a96a1 elementor-section-full_width elementor-section-height-default elementor-section-height-default wpr-particle-no wpr-jarallax-no wpr-parallax-no wpr-sticky-section-no wpr-equal-height-no\" data-id=\"739a96a1\" data-element_type=\"section\" data-e-type=\"section\" data-settings=\"{&quot;background_background&quot;:&quot;classic&quot;}\">\n\t\t\t\t\t\t<div class=\"elementor-container elementor-column-gap-default\">\n\t\t\t\t\t<div class=\"elementor-column elementor-col-100 elementor-top-column elementor-element elementor-element-faef8a\" data-id=\"faef8a\" data-element_type=\"column\" data-e-type=\"column\">\n\t\t\t<div class=\"elementor-widget-wrap elementor-element-populated\">\n\t\t\t\t\t\t<div class=\"elementor-element elementor-element-271195a7 elementor-widget__width-inherit elementor-widget elementor-widget-spacer\" data-id=\"271195a7\" data-element_type=\"widget\" data-e-type=\"widget\" data-widget_type=\"spacer.default\">\n\t\t\t\t\t\t\t<div class=\"elementor-spacer\">\n\t\t\t<div class=\"elementor-spacer-inner\"><\/div>\n\t\t<\/div>\n\t\t\t\t\t\t<\/div>\n\t\t\t\t\t<\/div>\n\t\t<\/div>\n\t\t\t\t\t<\/div>\n\t\t<\/section>\n\t\t\t\t<section class=\"elementor-section elementor-top-section elementor-element elementor-element-76ad830 elementor-section-boxed elementor-section-height-default elementor-section-height-default wpr-particle-no wpr-jarallax-no wpr-parallax-no wpr-sticky-section-no wpr-equal-height-no\" data-id=\"76ad830\" data-element_type=\"section\" data-e-type=\"section\">\n\t\t\t\t\t\t<div class=\"elementor-container elementor-column-gap-wide\">\n\t\t\t\t\t<div class=\"elementor-column elementor-col-50 elementor-top-column elementor-element elementor-element-11040ea\" data-id=\"11040ea\" data-element_type=\"column\" data-e-type=\"column\">\n\t\t\t<div class=\"elementor-widget-wrap elementor-element-populated\">\n\t\t\t\t\t\t<div class=\"elementor-element elementor-element-d47e11f elementor-widget elementor-widget-heading\" data-id=\"d47e11f\" data-element_type=\"widget\" data-e-type=\"widget\" data-widget_type=\"heading.default\">\n\t\t\t\t\t<h2 class=\"elementor-heading-title elementor-size-default\">LES MOUFLONS CORSES <\/h2>\t\t\t\t<\/div>\n\t\t\t\t<div class=\"elementor-element elementor-element-e9453a9 elementor-widget-mobile__width-initial elementor-widget elementor-widget-text-editor\" data-id=\"e9453a9\" data-element_type=\"widget\" data-e-type=\"widget\" data-widget_type=\"text-editor.default\">\n\t\t\t\t\t\t\t\t\t<p>En 2022, j&rsquo;ai rencontr\u00e9 les mouflons de l&rsquo;\u00eele pour la premi\u00e8re fois, et je remercie Nathalie pour cela. J&rsquo;y suis retourn\u00e9e une seule fois en 2023. Ce sont des animaux sensibles au d\u00e9rangement, dont la population de Corse est d\u00e9j\u00e0 fragilis\u00e9e.<\/p><p>Pour \u00e9viter au maximum le d\u00e9rangement, je pr\u00e9f\u00e8re m&rsquo;y rendre que tr\u00e8s rarement et je pense que les photographes animaliers devraient aussi se responsabiliser en \u00e9vitant d&rsquo;y aller chaque semaine. \u00a0L&rsquo;amour de la faune sauvage c&rsquo;est en grande partie accepter une part de raret\u00e9 dans la visibilit\u00e9 de ces derniers.\u00a0<\/p>\t\t\t\t\t\t\t\t<\/div>\n\t\t\t\t<div class=\"elementor-element elementor-element-275152a elementor-widget elementor-widget-button\" data-id=\"275152a\" data-element_type=\"widget\" data-e-type=\"widget\" data-widget_type=\"button.default\">\n\t\t\t\t\t\t\t\t\t\t<a class=\"elementor-button elementor-button-link elementor-size-sm\" href=\"https:\/\/www.instagram.com\/valentine_carre_photographe\/\" target=\"_blank\" rel=\"noopener\">\n\t\t\t\t\t\t<span class=\"elementor-button-content-wrapper\">\n\t\t\t\t\t\t\t\t\t<span class=\"elementor-button-text\">On se retrouve sur Instagram ? \ud83d\ude42 <\/span>\n\t\t\t\t\t<\/span>\n\t\t\t\t\t<\/a>\n\t\t\t\t\t\t\t\t<\/div>\n\t\t\t\t\t<\/div>\n\t\t<\/div>\n\t\t\t\t<div class=\"elementor-column elementor-col-50 elementor-top-column elementor-element elementor-element-7aaca08\" data-id=\"7aaca08\" data-element_type=\"column\" data-e-type=\"column\">\n\t\t\t<div class=\"elementor-widget-wrap elementor-element-populated\">\n\t\t\t\t\t\t<div class=\"elementor-element elementor-element-14e18ba wpr-grid-columns-1 wpr-grid-columns--tablet3 wpr-grid-columns--mobile1 elementor-invisible elementor-widget elementor-widget-wpr-media-grid\" data-id=\"14e18ba\" data-element_type=\"widget\" data-e-type=\"widget\" data-settings=\"{&quot;_animation&quot;:&quot;fadeIn&quot;}\" data-widget_type=\"wpr-media-grid.default\">\n\t\t\t\t\t<section class=\"wpr-grid wpr-media-grid elementor-clearfix\" data-settings=\"{&quot;layout&quot;:&quot;fitRows&quot;,&quot;columns_desktop&quot;:&quot;1&quot;,&quot;gutter_hr&quot;:10,&quot;gutter_hr_mobile&quot;:10,&quot;gutter_hr_mobile_extra&quot;:10,&quot;gutter_hr_tablet&quot;:10,&quot;gutter_hr_tablet_extra&quot;:10,&quot;gutter_hr_laptop&quot;:10,&quot;gutter_hr_widescreen&quot;:10,&quot;gutter_vr&quot;:10,&quot;gutter_vr_mobile&quot;:10,&quot;gutter_vr_mobile_extra&quot;:10,&quot;gutter_vr_tablet&quot;:10,&quot;gutter_vr_tablet_extra&quot;:10,&quot;gutter_vr_laptop&quot;:10,&quot;gutter_vr_widescreen&quot;:10,&quot;animation&quot;:&quot;zoom&quot;,&quot;animation_duration&quot;:0.3,&quot;animation_delay&quot;:0.1,&quot;deeplinking&quot;:&quot;&quot;,&quot;filters_default_filter&quot;:&quot;&quot;,&quot;filters_linkable&quot;:&quot;no&quot;,&quot;filters_count&quot;:&quot;&quot;,&quot;filters_hide_empty&quot;:&quot;no&quot;,&quot;filters_animation&quot;:&quot;default&quot;,&quot;filters_animation_duration&quot;:0.3,&quot;filters_animation_delay&quot;:0.1,&quot;pagination_type&quot;:&quot;load-more&quot;,&quot;pagination_max_pages&quot;:1,&quot;lightbox&quot;:{&quot;selector&quot;:&quot;.wpr-grid-image-wrap&quot;,&quot;iframeMaxWidth&quot;:&quot;60%&quot;,&quot;hash&quot;:false,&quot;autoplay&quot;:&quot;&quot;,&quot;pause&quot;:5000,&quot;progressBar&quot;:&quot;true&quot;,&quot;counter&quot;:&quot;&quot;,&quot;controls&quot;:&quot;true&quot;,&quot;getCaptionFromTitleOrAlt&quot;:&quot;&quot;,&quot;thumbnail&quot;:&quot;&quot;,&quot;showThumbByDefault&quot;:&quot;&quot;,&quot;share&quot;:&quot;&quot;,&quot;zoom&quot;:&quot;true&quot;,&quot;fullScreen&quot;:&quot;true&quot;,&quot;download&quot;:&quot;true&quot;}}\"><article class=\"wpr-grid-item elementor-clearfix post-9210 attachment type-attachment status-inherit hentry entry owp-thumbs-layout-vertical owp-btn-big owp-tabs-layout-horizontal has-no-thumbnails has-product-nav circle-sale\"><div class=\"wpr-grid-item-inner\"><div class=\"wpr-grid-media-wrap wpr-effect-size-small \"><div class=\"wpr-grid-image-wrap\" data-src=\"https:\/\/valentinecarre-photographe.com\/wp-content\/uploads\/2024\/05\/A7R03605.jpg\"><img decoding=\"async\" src=\"https:\/\/valentinecarre-photographe.com\/wp-content\/uploads\/2024\/05\/A7R03605-1024x683.jpg\" alt=\"Mouflons Corse, photo par Valentine Carr\u00e9 \" class=\"wpr-anim-timing-ease-default\" title=\"%Valentine Carre Photographe% %Photographie nature Corse%\"><\/div><div class=\"wpr-grid-media-hover wpr-animation-wrap\"><div class=\"wpr-grid-media-hover-bg  wpr-overlay-fade-in wpr-anim-size-large wpr-anim-timing-ease-default wpr-anim-transparency\" data-url=\"https:\/\/valentinecarre-photographe.com\/a7r03605\/\"><\/div><div class=\"wpr-cv-container\"><div class=\"wpr-cv-outer\"><div class=\"wpr-cv-inner\"><div class=\"wpr-grid-media-hover-middle elementor-clearfix\"><div class=\"wpr-grid-item-lightbox elementor-repeater-item-4bbe6e0 wpr-grid-item-display-block wpr-grid-item-align-center wpr-element-fade-in wpr-anim-size-large wpr-anim-timing-ease-default wpr-anim-transparency\"><div class=\"inner-block\"><span data-src=\"https:\/\/valentinecarre-photographe.com\/wp-content\/uploads\/2024\/05\/A7R03605.jpg\"><i class=\"fas fa-expand-arrows-alt\"><\/i><\/span><div class=\"wpr-grid-lightbox-overlay\"><\/div><\/div><\/div><\/div><\/div><\/div><\/div><\/div><\/div><\/div><\/article><\/section>\t\t\t\t<\/div>\n\t\t\t\t\t<\/div>\n\t\t<\/div>\n\t\t\t\t\t<\/div>\n\t\t<\/section>\n\t\t\t\t<section class=\"elementor-section elementor-top-section elementor-element elementor-element-a75e3b0 elementor-section-boxed elementor-section-height-default elementor-section-height-default wpr-particle-no wpr-jarallax-no wpr-parallax-no wpr-sticky-section-no wpr-equal-height-no elementor-invisible\" data-id=\"a75e3b0\" data-element_type=\"section\" data-e-type=\"section\" data-settings=\"{&quot;animation&quot;:&quot;fadeInUp&quot;}\">\n\t\t\t\t\t\t<div class=\"elementor-container elementor-column-gap-default\">\n\t\t\t\t\t<div class=\"elementor-column elementor-col-100 elementor-top-column elementor-element elementor-element-e788c2c\" data-id=\"e788c2c\" data-element_type=\"column\" data-e-type=\"column\">\n\t\t\t<div class=\"elementor-widget-wrap elementor-element-populated\">\n\t\t\t\t\t\t<div class=\"elementor-element elementor-element-c3f8527 elementor--star-style-star_unicode elementor-star-rating--align-center elementor-widget elementor-widget-star-rating\" data-id=\"c3f8527\" data-element_type=\"widget\" data-e-type=\"widget\" data-widget_type=\"star-rating.default\">\n\t\t\t\t\t\t\t<div class=\"elementor-star-rating__wrapper\">\n\t\t\t\t\t\t<div class=\"elementor-star-rating\" itemtype=\"http:\/\/schema.org\/Rating\" itemscope=\"\" itemprop=\"reviewRating\">\n\t\t\t\t<i class=\"elementor-star-full\" aria-hidden=\"true\">&#9733;<\/i><i class=\"elementor-star-full\" aria-hidden=\"true\">&#9733;<\/i><i class=\"elementor-star-full\" aria-hidden=\"true\">&#9733;<\/i><i class=\"elementor-star-full\" aria-hidden=\"true\">&#9733;<\/i><i class=\"elementor-star-full\" aria-hidden=\"true\">&#9733;<\/i>\t\t\t\t<span itemprop=\"ratingValue\" class=\"elementor-screen-only\">Not\u00e9 5 sur 5<\/span>\n\t\t\t<\/div>\n\t\t<\/div>\n\t\t\t\t\t\t<\/div>\n\t\t\t\t\t<\/div>\n\t\t<\/div>\n\t\t\t\t\t<\/div>\n\t\t<\/section>\n\t\t\t\t<section class=\"elementor-section elementor-top-section elementor-element elementor-element-06760f9 elementor-section-boxed elementor-section-height-default elementor-section-height-default wpr-particle-no wpr-jarallax-no wpr-parallax-no wpr-sticky-section-no wpr-equal-height-no\" data-id=\"06760f9\" data-element_type=\"section\" data-e-type=\"section\">\n\t\t\t\t\t\t<div class=\"elementor-container elementor-column-gap-default\">\n\t\t\t\t\t<div class=\"elementor-column elementor-col-100 elementor-top-column elementor-element elementor-element-657971e\" data-id=\"657971e\" data-element_type=\"column\" data-e-type=\"column\">\n\t\t\t<div class=\"elementor-widget-wrap elementor-element-populated\">\n\t\t\t\t\t\t<div class=\"elementor-element elementor-element-586f437 gallery-spacing-custom elementor-widget elementor-widget-image-gallery\" data-id=\"586f437\" data-element_type=\"widget\" data-e-type=\"widget\" data-widget_type=\"image-gallery.default\">\n\t\t\t\t\t\t\t<div class=\"elementor-image-gallery\">\n\t\t\t<div id='gallery-1' class='gallery galleryid-1306 gallery-columns-3 gallery-size-large'><figure class='gallery-item'>\n\t\t\t<div class='gallery-icon landscape'>\n\t\t\t\t<a data-elementor-open-lightbox=\"yes\" data-elementor-lightbox-slideshow=\"586f437\" data-e-action-hash=\"#elementor-action%3Aaction%3Dlightbox%26settings%3DeyJpZCI6MTkwMCwidXJsIjoiaHR0cHM6XC9cL3ZhbGVudGluZWNhcnJlLXBob3RvZ3JhcGhlLmNvbVwvd3AtY29udGVudFwvdXBsb2Fkc1wvMjAyMlwvMDhcL0E3UjA1OTQ4LXNjYWxlZC5qcGciLCJzbGlkZXNob3ciOiI1ODZmNDM3In0%3D\" href=\"https:\/\/valentinecarre-photographe.com\/wp-content\/uploads\/2022\/08\/A7R05948-scaled.jpg\"><img decoding=\"async\" width=\"1024\" height=\"683\" src=\"https:\/\/valentinecarre-photographe.com\/wp-content\/uploads\/2022\/08\/A7R05948-1024x683.jpg\" class=\"attachment-large size-large\" alt=\"Mouflon corse, valentine carr\u00e9\" srcset=\"https:\/\/valentinecarre-photographe.com\/wp-content\/uploads\/2022\/08\/A7R05948-1024x683.jpg 1024w, https:\/\/valentinecarre-photographe.com\/wp-content\/uploads\/2022\/08\/A7R05948-scaled-400x267.jpg 400w, https:\/\/valentinecarre-photographe.com\/wp-content\/uploads\/2022\/08\/A7R05948-300x200.jpg 300w, https:\/\/valentinecarre-photographe.com\/wp-content\/uploads\/2022\/08\/A7R05948-768x512.jpg 768w, https:\/\/valentinecarre-photographe.com\/wp-content\/uploads\/2022\/08\/A7R05948-1536x1025.jpg 1536w, https:\/\/valentinecarre-photographe.com\/wp-content\/uploads\/2022\/08\/A7R05948-2048x1366.jpg 2048w\" sizes=\"(max-width: 1024px) 100vw, 1024px\" title=\"%Valentine Carre Photographe% %Photographie nature Corse%\"><\/a>\n\t\t\t<\/div><\/figure><figure class='gallery-item'>\n\t\t\t<div class='gallery-icon landscape'>\n\t\t\t\t<a data-elementor-open-lightbox=\"yes\" data-elementor-lightbox-slideshow=\"586f437\" data-e-action-hash=\"#elementor-action%3Aaction%3Dlightbox%26settings%3DeyJpZCI6MTg5NSwidXJsIjoiaHR0cHM6XC9cL3ZhbGVudGluZWNhcnJlLXBob3RvZ3JhcGhlLmNvbVwvd3AtY29udGVudFwvdXBsb2Fkc1wvMjAyMlwvMDhcL0E3UjA1OTM0LXNjYWxlZC5qcGciLCJzbGlkZXNob3ciOiI1ODZmNDM3In0%3D\" href=\"https:\/\/valentinecarre-photographe.com\/wp-content\/uploads\/2022\/08\/A7R05934-scaled.jpg\"><img decoding=\"async\" width=\"1024\" height=\"683\" src=\"https:\/\/valentinecarre-photographe.com\/wp-content\/uploads\/2022\/08\/A7R05934-1024x683.jpg\" class=\"attachment-large size-large\" alt=\"Mouflon corse, valentine carr\u00e9\" srcset=\"https:\/\/valentinecarre-photographe.com\/wp-content\/uploads\/2022\/08\/A7R05934-1024x683.jpg 1024w, https:\/\/valentinecarre-photographe.com\/wp-content\/uploads\/2022\/08\/A7R05934-scaled-400x267.jpg 400w, https:\/\/valentinecarre-photographe.com\/wp-content\/uploads\/2022\/08\/A7R05934-300x200.jpg 300w, https:\/\/valentinecarre-photographe.com\/wp-content\/uploads\/2022\/08\/A7R05934-768x512.jpg 768w, https:\/\/valentinecarre-photographe.com\/wp-content\/uploads\/2022\/08\/A7R05934-1536x1025.jpg 1536w, https:\/\/valentinecarre-photographe.com\/wp-content\/uploads\/2022\/08\/A7R05934-2048x1366.jpg 2048w\" sizes=\"(max-width: 1024px) 100vw, 1024px\" title=\"%Valentine Carre Photographe% %Photographie nature Corse%\"><\/a>\n\t\t\t<\/div><\/figure><figure class='gallery-item'>\n\t\t\t<div class='gallery-icon landscape'>\n\t\t\t\t<a data-elementor-open-lightbox=\"yes\" data-elementor-lightbox-slideshow=\"586f437\" data-e-action-hash=\"#elementor-action%3Aaction%3Dlightbox%26settings%3DeyJpZCI6MTg5OCwidXJsIjoiaHR0cHM6XC9cL3ZhbGVudGluZWNhcnJlLXBob3RvZ3JhcGhlLmNvbVwvd3AtY29udGVudFwvdXBsb2Fkc1wvMjAyMlwvMDhcL0E3UjA1OTQ2LXNjYWxlZC5qcGciLCJzbGlkZXNob3ciOiI1ODZmNDM3In0%3D\" href=\"https:\/\/valentinecarre-photographe.com\/wp-content\/uploads\/2022\/08\/A7R05946-scaled.jpg\"><img loading=\"lazy\" decoding=\"async\" width=\"1024\" height=\"683\" src=\"https:\/\/valentinecarre-photographe.com\/wp-content\/uploads\/2022\/08\/A7R05946-1024x683.jpg\" class=\"attachment-large size-large\" alt=\"Mouflon corse, valentine carr\u00e9\" srcset=\"https:\/\/valentinecarre-photographe.com\/wp-content\/uploads\/2022\/08\/A7R05946-1024x683.jpg 1024w, https:\/\/valentinecarre-photographe.com\/wp-content\/uploads\/2022\/08\/A7R05946-scaled-400x267.jpg 400w, https:\/\/valentinecarre-photographe.com\/wp-content\/uploads\/2022\/08\/A7R05946-300x200.jpg 300w, https:\/\/valentinecarre-photographe.com\/wp-content\/uploads\/2022\/08\/A7R05946-768x512.jpg 768w, https:\/\/valentinecarre-photographe.com\/wp-content\/uploads\/2022\/08\/A7R05946-1536x1025.jpg 1536w, https:\/\/valentinecarre-photographe.com\/wp-content\/uploads\/2022\/08\/A7R05946-2048x1366.jpg 2048w\" sizes=\"(max-width: 1024px) 100vw, 1024px\" title=\"%Valentine Carre Photographe% %Photographie nature Corse%\"><\/a>\n\t\t\t<\/div><\/figure><figure class='gallery-item'>\n\t\t\t<div class='gallery-icon landscape'>\n\t\t\t\t<a data-elementor-open-lightbox=\"yes\" data-elementor-lightbox-slideshow=\"586f437\" data-e-action-hash=\"#elementor-action%3Aaction%3Dlightbox%26settings%3DeyJpZCI6MTkwNCwidXJsIjoiaHR0cHM6XC9cL3ZhbGVudGluZWNhcnJlLXBob3RvZ3JhcGhlLmNvbVwvd3AtY29udGVudFwvdXBsb2Fkc1wvMjAyMlwvMDhcL0E3UjA1OTU3LXNjYWxlZC5qcGciLCJzbGlkZXNob3ciOiI1ODZmNDM3In0%3D\" href=\"https:\/\/valentinecarre-photographe.com\/wp-content\/uploads\/2022\/08\/A7R05957-scaled.jpg\"><img loading=\"lazy\" decoding=\"async\" width=\"1024\" height=\"683\" src=\"https:\/\/valentinecarre-photographe.com\/wp-content\/uploads\/2022\/08\/A7R05957-1024x683.jpg\" class=\"attachment-large size-large\" alt=\"Mouflons corses\" srcset=\"https:\/\/valentinecarre-photographe.com\/wp-content\/uploads\/2022\/08\/A7R05957-1024x683.jpg 1024w, https:\/\/valentinecarre-photographe.com\/wp-content\/uploads\/2022\/08\/A7R05957-scaled-400x267.jpg 400w, https:\/\/valentinecarre-photographe.com\/wp-content\/uploads\/2022\/08\/A7R05957-300x200.jpg 300w, https:\/\/valentinecarre-photographe.com\/wp-content\/uploads\/2022\/08\/A7R05957-768x512.jpg 768w, https:\/\/valentinecarre-photographe.com\/wp-content\/uploads\/2022\/08\/A7R05957-1536x1025.jpg 1536w, https:\/\/valentinecarre-photographe.com\/wp-content\/uploads\/2022\/08\/A7R05957-2048x1366.jpg 2048w\" sizes=\"(max-width: 1024px) 100vw, 1024px\" title=\"%Valentine Carre Photographe% %Photographie nature Corse%\"><\/a>\n\t\t\t<\/div><\/figure><figure class='gallery-item'>\n\t\t\t<div class='gallery-icon landscape'>\n\t\t\t\t<a data-elementor-open-lightbox=\"yes\" data-elementor-lightbox-slideshow=\"586f437\" data-e-action-hash=\"#elementor-action%3Aaction%3Dlightbox%26settings%3DeyJpZCI6MTg5NywidXJsIjoiaHR0cHM6XC9cL3ZhbGVudGluZWNhcnJlLXBob3RvZ3JhcGhlLmNvbVwvd3AtY29udGVudFwvdXBsb2Fkc1wvMjAyMlwvMDhcL0E3UjA1OTQzLXNjYWxlZC5qcGciLCJzbGlkZXNob3ciOiI1ODZmNDM3In0%3D\" href=\"https:\/\/valentinecarre-photographe.com\/wp-content\/uploads\/2022\/08\/A7R05943-scaled.jpg\"><img loading=\"lazy\" decoding=\"async\" width=\"1024\" height=\"683\" src=\"https:\/\/valentinecarre-photographe.com\/wp-content\/uploads\/2022\/08\/A7R05943-1024x683.jpg\" class=\"attachment-large size-large\" alt=\"Mouflons de corse\" srcset=\"https:\/\/valentinecarre-photographe.com\/wp-content\/uploads\/2022\/08\/A7R05943-1024x683.jpg 1024w, https:\/\/valentinecarre-photographe.com\/wp-content\/uploads\/2022\/08\/A7R05943-scaled-400x267.jpg 400w, https:\/\/valentinecarre-photographe.com\/wp-content\/uploads\/2022\/08\/A7R05943-300x200.jpg 300w, https:\/\/valentinecarre-photographe.com\/wp-content\/uploads\/2022\/08\/A7R05943-768x512.jpg 768w, https:\/\/valentinecarre-photographe.com\/wp-content\/uploads\/2022\/08\/A7R05943-1536x1025.jpg 1536w, https:\/\/valentinecarre-photographe.com\/wp-content\/uploads\/2022\/08\/A7R05943-2048x1366.jpg 2048w\" sizes=\"(max-width: 1024px) 100vw, 1024px\" title=\"%Valentine Carre Photographe% %Photographie nature Corse%\"><\/a>\n\t\t\t<\/div><\/figure><figure class='gallery-item'>\n\t\t\t<div class='gallery-icon landscape'>\n\t\t\t\t<a data-elementor-open-lightbox=\"yes\" data-elementor-lightbox-slideshow=\"586f437\" data-e-action-hash=\"#elementor-action%3Aaction%3Dlightbox%26settings%3DeyJpZCI6MTg5NCwidXJsIjoiaHR0cHM6XC9cL3ZhbGVudGluZWNhcnJlLXBob3RvZ3JhcGhlLmNvbVwvd3AtY29udGVudFwvdXBsb2Fkc1wvMjAyMlwvMDhcL0E3UjA1OTI1LXNjYWxlZC5qcGciLCJzbGlkZXNob3ciOiI1ODZmNDM3In0%3D\" href=\"https:\/\/valentinecarre-photographe.com\/wp-content\/uploads\/2022\/08\/A7R05925-scaled.jpg\"><img loading=\"lazy\" decoding=\"async\" width=\"1024\" height=\"683\" src=\"https:\/\/valentinecarre-photographe.com\/wp-content\/uploads\/2022\/08\/A7R05925-1024x683.jpg\" class=\"attachment-large size-large\" alt=\"Mouflon corse, valentine carr\u00e9\" srcset=\"https:\/\/valentinecarre-photographe.com\/wp-content\/uploads\/2022\/08\/A7R05925-1024x683.jpg 1024w, https:\/\/valentinecarre-photographe.com\/wp-content\/uploads\/2022\/08\/A7R05925-scaled-400x267.jpg 400w, https:\/\/valentinecarre-photographe.com\/wp-content\/uploads\/2022\/08\/A7R05925-300x200.jpg 300w, https:\/\/valentinecarre-photographe.com\/wp-content\/uploads\/2022\/08\/A7R05925-768x512.jpg 768w, https:\/\/valentinecarre-photographe.com\/wp-content\/uploads\/2022\/08\/A7R05925-1536x1025.jpg 1536w, https:\/\/valentinecarre-photographe.com\/wp-content\/uploads\/2022\/08\/A7R05925-2048x1366.jpg 2048w\" sizes=\"(max-width: 1024px) 100vw, 1024px\" title=\"%Valentine Carre Photographe% %Photographie nature Corse%\"><\/a>\n\t\t\t<\/div><\/figure><figure class='gallery-item'>\n\t\t\t<div class='gallery-icon landscape'>\n\t\t\t\t<a data-elementor-open-lightbox=\"yes\" data-elementor-lightbox-slideshow=\"586f437\" data-e-action-hash=\"#elementor-action%3Aaction%3Dlightbox%26settings%3DeyJpZCI6OTIxMCwidXJsIjoiaHR0cHM6XC9cL3ZhbGVudGluZWNhcnJlLXBob3RvZ3JhcGhlLmNvbVwvd3AtY29udGVudFwvdXBsb2Fkc1wvMjAyNFwvMDVcL0E3UjAzNjA1LmpwZyIsInNsaWRlc2hvdyI6IjU4NmY0MzcifQ%3D%3D\" href=\"https:\/\/valentinecarre-photographe.com\/wp-content\/uploads\/2024\/05\/A7R03605.jpg\"><img loading=\"lazy\" decoding=\"async\" width=\"1024\" height=\"683\" src=\"https:\/\/valentinecarre-photographe.com\/wp-content\/uploads\/2024\/05\/A7R03605-1024x683.jpg\" class=\"attachment-large size-large\" alt=\"Mouflons Corse, photo par Valentine Carr\u00e9\" aria-describedby=\"gallery-1-9210\" srcset=\"https:\/\/valentinecarre-photographe.com\/wp-content\/uploads\/2024\/05\/A7R03605-1024x683.jpg 1024w, https:\/\/valentinecarre-photographe.com\/wp-content\/uploads\/2024\/05\/A7R03605-300x200.jpg 300w, https:\/\/valentinecarre-photographe.com\/wp-content\/uploads\/2024\/05\/A7R03605-768x512.jpg 768w, https:\/\/valentinecarre-photographe.com\/wp-content\/uploads\/2024\/05\/A7R03605-1536x1025.jpg 1536w, https:\/\/valentinecarre-photographe.com\/wp-content\/uploads\/2024\/05\/A7R03605.jpg 2048w\" sizes=\"(max-width: 1024px) 100vw, 1024px\" title=\"%Valentine Carre Photographe% %Photographie nature Corse%\"><\/a>\n\t\t\t<\/div>\n\t\t\t\t<figcaption class='wp-caption-text gallery-caption' id='gallery-1-9210'>\n\t\t\t\tMouflons Corse, photo par Valentine Carr\u00e9 \n\t\t\t\t<\/figcaption><\/figure><figure class='gallery-item'>\n\t\t\t<div class='gallery-icon landscape'>\n\t\t\t\t<a data-elementor-open-lightbox=\"yes\" data-elementor-lightbox-slideshow=\"586f437\" data-e-action-hash=\"#elementor-action%3Aaction%3Dlightbox%26settings%3DeyJpZCI6OTIxMSwidXJsIjoiaHR0cHM6XC9cL3ZhbGVudGluZWNhcnJlLXBob3RvZ3JhcGhlLmNvbVwvd3AtY29udGVudFwvdXBsb2Fkc1wvMjAyNFwvMDVcL0E3UjAzNjMyLmpwZyIsInNsaWRlc2hvdyI6IjU4NmY0MzcifQ%3D%3D\" href=\"https:\/\/valentinecarre-photographe.com\/wp-content\/uploads\/2024\/05\/A7R03632.jpg\"><img loading=\"lazy\" decoding=\"async\" width=\"1024\" height=\"683\" src=\"https:\/\/valentinecarre-photographe.com\/wp-content\/uploads\/2024\/05\/A7R03632-1024x683.jpg\" class=\"attachment-large size-large\" alt=\"Mouflons Corse, photo par Valentine Carr\u00e9\" aria-describedby=\"gallery-1-9211\" srcset=\"https:\/\/valentinecarre-photographe.com\/wp-content\/uploads\/2024\/05\/A7R03632-1024x683.jpg 1024w, https:\/\/valentinecarre-photographe.com\/wp-content\/uploads\/2024\/05\/A7R03632-300x200.jpg 300w, https:\/\/valentinecarre-photographe.com\/wp-content\/uploads\/2024\/05\/A7R03632-768x512.jpg 768w, https:\/\/valentinecarre-photographe.com\/wp-content\/uploads\/2024\/05\/A7R03632-1536x1025.jpg 1536w, https:\/\/valentinecarre-photographe.com\/wp-content\/uploads\/2024\/05\/A7R03632.jpg 2048w\" sizes=\"(max-width: 1024px) 100vw, 1024px\" title=\"%Valentine Carre Photographe% %Photographie nature Corse%\"><\/a>\n\t\t\t<\/div>\n\t\t\t\t<figcaption class='wp-caption-text gallery-caption' id='gallery-1-9211'>\n\t\t\t\tMouflons Corse, photo par Valentine Carr\u00e9 \n\t\t\t\t<\/figcaption><\/figure><figure class='gallery-item'>\n\t\t\t<div class='gallery-icon landscape'>\n\t\t\t\t<a data-elementor-open-lightbox=\"yes\" data-elementor-lightbox-slideshow=\"586f437\" data-e-action-hash=\"#elementor-action%3Aaction%3Dlightbox%26settings%3DeyJpZCI6OTIxMiwidXJsIjoiaHR0cHM6XC9cL3ZhbGVudGluZWNhcnJlLXBob3RvZ3JhcGhlLmNvbVwvd3AtY29udGVudFwvdXBsb2Fkc1wvMjAyNFwvMDVcL0E3UjAzNjMwLmpwZyIsInNsaWRlc2hvdyI6IjU4NmY0MzcifQ%3D%3D\" href=\"https:\/\/valentinecarre-photographe.com\/wp-content\/uploads\/2024\/05\/A7R03630.jpg\"><img loading=\"lazy\" decoding=\"async\" width=\"1024\" height=\"683\" src=\"https:\/\/valentinecarre-photographe.com\/wp-content\/uploads\/2024\/05\/A7R03630-1024x683.jpg\" class=\"attachment-large size-large\" alt=\"Mouflons Corse, photo par Valentine Carr\u00e9\" aria-describedby=\"gallery-1-9212\" srcset=\"https:\/\/valentinecarre-photographe.com\/wp-content\/uploads\/2024\/05\/A7R03630-1024x683.jpg 1024w, https:\/\/valentinecarre-photographe.com\/wp-content\/uploads\/2024\/05\/A7R03630-300x200.jpg 300w, https:\/\/valentinecarre-photographe.com\/wp-content\/uploads\/2024\/05\/A7R03630-768x512.jpg 768w, https:\/\/valentinecarre-photographe.com\/wp-content\/uploads\/2024\/05\/A7R03630-1536x1025.jpg 1536w, https:\/\/valentinecarre-photographe.com\/wp-content\/uploads\/2024\/05\/A7R03630.jpg 2048w\" sizes=\"(max-width: 1024px) 100vw, 1024px\" title=\"%Valentine Carre Photographe% %Photographie nature Corse%\"><\/a>\n\t\t\t<\/div>\n\t\t\t\t<figcaption class='wp-caption-text gallery-caption' id='gallery-1-9212'>\n\t\t\t\tMouflons Corse, photo par Valentine Carr\u00e9 \n\t\t\t\t<\/figcaption><\/figure>\n\t\t<\/div>\n\t\t<\/div>\n\t\t\t\t\t\t<\/div>\n\t\t\t\t\t<\/div>\n\t\t<\/div>\n\t\t\t\t\t<\/div>\n\t\t<\/section>\n\t\t\t\t<section class=\"elementor-section elementor-top-section elementor-element elementor-element-15905066 elementor-section-content-middle elementor-section-stretched elementor-section-boxed elementor-section-height-default elementor-section-height-default wpr-particle-no wpr-jarallax-no wpr-parallax-no wpr-sticky-section-no wpr-equal-height-no elementor-invisible\" data-id=\"15905066\" data-element_type=\"section\" data-e-type=\"section\" data-settings=\"{&quot;stretch_section&quot;:&quot;section-stretched&quot;,&quot;animation&quot;:&quot;fadeIn&quot;}\">\n\t\t\t\t\t\t<div class=\"elementor-container elementor-column-gap-no\">\n\t\t\t\t\t<div class=\"elementor-column elementor-col-100 elementor-top-column elementor-element elementor-element-caa1dbf\" data-id=\"caa1dbf\" data-element_type=\"column\" data-e-type=\"column\">\n\t\t\t<div class=\"elementor-widget-wrap elementor-element-populated\">\n\t\t\t\t\t\t<div class=\"elementor-element elementor-element-18ce5558 elementor-widget elementor-widget-heading\" data-id=\"18ce5558\" data-element_type=\"widget\" data-e-type=\"widget\" data-widget_type=\"heading.default\">\n\t\t\t\t\t<h2 class=\"elementor-heading-title elementor-size-default\">D\u00e9couvrir d'autres albums <\/h2>\t\t\t\t<\/div>\n\t\t\t\t<div class=\"elementor-element elementor-element-6580e8ab elementor-align-center elementor-mobile-align-center elementor-tablet-align-center elementor-widget elementor-widget-button\" data-id=\"6580e8ab\" data-element_type=\"widget\" data-e-type=\"widget\" data-widget_type=\"button.default\">\n\t\t\t\t\t\t\t\t\t\t<a class=\"elementor-button elementor-button-link elementor-size-sm elementor-animation-grow\" href=\"https:\/\/valentinecarre-photographe.com\/index.php\/portfolio-photos-nature-corse\/\">\n\t\t\t\t\t\t<span class=\"elementor-button-content-wrapper\">\n\t\t\t\t\t\t\t\t\t<span class=\"elementor-button-text\">PORTFOLIO <\/span>\n\t\t\t\t\t<\/span>\n\t\t\t\t\t<\/a>\n\t\t\t\t\t\t\t\t<\/div>\n\t\t\t\t\t<\/div>\n\t\t<\/div>\n\t\t\t\t\t<\/div>\n\t\t<\/section>\n\t\t\t\t<\/div>\n\t\t","protected":false},"featured_media":1901,"template":"elementor_header_footer","elemenfoliocategory":[13],"class_list":["post-1306","elemenfolio","type-elemenfolio","status-publish","has-post-thumbnail","hentry","elemenfoliocategory-faune-sauvage","entry","owp-thumbs-layout-vertical","owp-btn-big","owp-tabs-layout-horizontal","has-no-thumbnails","has-product-nav","circle-sale"],"_links":{"self":[{"href":"https:\/\/valentinecarre-photographe.com\/index.php\/wp-json\/wp\/v2\/elemenfolio\/1306","targetHints":{"allow":["GET"]}}],"collection":[{"href":"https:\/\/valentinecarre-photographe.com\/index.php\/wp-json\/wp\/v2\/elemenfolio"}],"about":[{"href":"https:\/\/valentinecarre-photographe.com\/index.php\/wp-json\/wp\/v2\/types\/elemenfolio"}],"version-history":[{"count":40,"href":"https:\/\/valentinecarre-photographe.com\/index.php\/wp-json\/wp\/v2\/elemenfolio\/1306\/revisions"}],"predecessor-version":[{"id":9242,"href":"https:\/\/valentinecarre-photographe.com\/index.php\/wp-json\/wp\/v2\/elemenfolio\/1306\/revisions\/9242"}],"wp:featuredmedia":[{"embeddable":true,"href":"https:\/\/valentinecarre-photographe.com\/index.php\/wp-json\/wp\/v2\/media\/1901"}],"wp:attachment":[{"href":"https:\/\/valentinecarre-photographe.com\/index.php\/wp-json\/wp\/v2\/media?parent=1306"}],"wp:term":[{"taxonomy":"elemenfoliocategory","embeddable":true,"href":"https:\/\/valentinecarre-photographe.com\/index.php\/wp-json\/wp\/v2\/elemenfoliocategory?post=1306"}],"curies":[{"name":"wp","href":"https:\/\/api.w.org\/{rel}","templated":true}]}}