{"id":9252,"date":"2024-05-04T18:25:24","date_gmt":"2024-05-04T18:25:24","guid":{"rendered":"https:\/\/valentinecarre-photographe.com\/?post_type=elemenfolio&#038;p=9252"},"modified":"2024-05-04T19:01:49","modified_gmt":"2024-05-04T19:01:49","slug":"pelican-porto-vecchio-corse","status":"publish","type":"elemenfolio","link":"https:\/\/valentinecarre-photographe.com\/index.php\/portfolio\/pelican-porto-vecchio-corse\/","title":{"rendered":"Harris, le p\u00e9lican Corse"},"content":{"rendered":"<p class=\"attachment\"><a href='https:\/\/valentinecarre-photographe.com\/wp-content\/uploads\/2022\/08\/LibreAutrement-141-1.jpg'><img fetchpriority=\"high\" decoding=\"async\" width=\"300\" height=\"240\" src=\"https:\/\/valentinecarre-photographe.com\/wp-content\/uploads\/2022\/08\/LibreAutrement-141-1-300x240.jpg\" class=\"attachment-medium size-medium\" alt=\"Pelican gris \u00e0 Porto Vecchio, Corse\" srcset=\"https:\/\/valentinecarre-photographe.com\/wp-content\/uploads\/2022\/08\/LibreAutrement-141-1-300x240.jpg 300w, https:\/\/valentinecarre-photographe.com\/wp-content\/uploads\/2022\/08\/LibreAutrement-141-1-400x320.jpg 400w, https:\/\/valentinecarre-photographe.com\/wp-content\/uploads\/2022\/08\/LibreAutrement-141-1-1024x819.jpg 1024w, https:\/\/valentinecarre-photographe.com\/wp-content\/uploads\/2022\/08\/LibreAutrement-141-1-768x614.jpg 768w, https:\/\/valentinecarre-photographe.com\/wp-content\/uploads\/2022\/08\/LibreAutrement-141-1-1536x1229.jpg 1536w, https:\/\/valentinecarre-photographe.com\/wp-content\/uploads\/2022\/08\/LibreAutrement-141-1.jpg 2048w\" sizes=\"(max-width: 300px) 100vw, 300px\" title=\"%Valentine Carre Photographe% %Photographie nature Corse%\"><\/a><\/p>\n\t\t<div data-elementor-type=\"wp-post\" data-elementor-id=\"9252\" class=\"elementor elementor-9252\">\n\t\t\t\t\t\t<section class=\"elementor-section elementor-top-section elementor-element elementor-element-2dd64ad7 elementor-section-full_width elementor-section-height-default elementor-section-height-default wpr-particle-no wpr-jarallax-no wpr-parallax-no wpr-sticky-section-no wpr-equal-height-no\" data-id=\"2dd64ad7\" data-element_type=\"section\" data-e-type=\"section\" data-settings=\"{&quot;background_background&quot;:&quot;classic&quot;}\">\n\t\t\t\t\t\t<div class=\"elementor-container elementor-column-gap-default\">\n\t\t\t\t\t<div class=\"elementor-column elementor-col-100 elementor-top-column elementor-element elementor-element-7a2f184f\" data-id=\"7a2f184f\" data-element_type=\"column\" data-e-type=\"column\">\n\t\t\t<div class=\"elementor-widget-wrap elementor-element-populated\">\n\t\t\t\t\t\t<div class=\"elementor-element elementor-element-7bda314f elementor-widget__width-inherit elementor-widget elementor-widget-spacer\" data-id=\"7bda314f\" data-element_type=\"widget\" data-e-type=\"widget\" data-widget_type=\"spacer.default\">\n\t\t\t\t\t\t\t<div class=\"elementor-spacer\">\n\t\t\t<div class=\"elementor-spacer-inner\"><\/div>\n\t\t<\/div>\n\t\t\t\t\t\t<\/div>\n\t\t\t\t\t<\/div>\n\t\t<\/div>\n\t\t\t\t\t<\/div>\n\t\t<\/section>\n\t\t\t\t<section class=\"elementor-section elementor-top-section elementor-element elementor-element-b4844b2 elementor-section-boxed elementor-section-height-default elementor-section-height-default wpr-particle-no wpr-jarallax-no wpr-parallax-no wpr-sticky-section-no wpr-equal-height-no\" data-id=\"b4844b2\" data-element_type=\"section\" data-e-type=\"section\">\n\t\t\t\t\t\t<div class=\"elementor-container elementor-column-gap-wide\">\n\t\t\t\t\t<div class=\"elementor-column elementor-col-50 elementor-top-column elementor-element elementor-element-c5f79f8\" data-id=\"c5f79f8\" data-element_type=\"column\" data-e-type=\"column\">\n\t\t\t<div class=\"elementor-widget-wrap elementor-element-populated\">\n\t\t\t\t\t\t<div class=\"elementor-element elementor-element-7e487f2 elementor-widget elementor-widget-heading\" data-id=\"7e487f2\" data-element_type=\"widget\" data-e-type=\"widget\" data-widget_type=\"heading.default\">\n\t\t\t\t\t<h2 class=\"elementor-heading-title elementor-size-default\">HARRIS, LE PELICAN GRIS <\/h2>\t\t\t\t<\/div>\n\t\t\t\t<div class=\"elementor-element elementor-element-758a8c2 elementor-widget-mobile__width-initial elementor-widget elementor-widget-text-editor\" data-id=\"758a8c2\" data-element_type=\"widget\" data-e-type=\"widget\" data-widget_type=\"text-editor.default\">\n\t\t\t\t\t\t\t\t\t<p>Avez-vous d\u00e9j\u00e0 vu un p\u00e9lican gris \u00e0 Porto-Vecchio ? Maintenant oui.\u00a0<\/p><p>C&rsquo;est l&rsquo;histoire d&rsquo;Harris, le p\u00e9lican gris \u00e9chapp\u00e9 de la r\u00e9serve africaine de Sigean. Durant plusieurs mois, il a v\u00e9cu sur l&rsquo;\u00eele (pr\u00e9f\u00e9rant la c\u00f4te orientale et ces diff\u00e9rents \u00e9tangs) puis il a fini par \u00eatre rappatri\u00e9 sur le continent par les soignants de la r\u00e9serve. Une rencontre assez cocasse que l&rsquo;on est pas pr\u00eat d&rsquo;oublier !\u00a0<\/p>\t\t\t\t\t\t\t\t<\/div>\n\t\t\t\t<div class=\"elementor-element elementor-element-9c253a3 elementor-widget elementor-widget-button\" data-id=\"9c253a3\" data-element_type=\"widget\" data-e-type=\"widget\" data-widget_type=\"button.default\">\n\t\t\t\t\t\t\t\t\t\t<a class=\"elementor-button elementor-button-link elementor-size-sm\" href=\"https:\/\/www.instagram.com\/valentine_carre_photographe\/\" target=\"_blank\" rel=\"noopener\">\n\t\t\t\t\t\t<span class=\"elementor-button-content-wrapper\">\n\t\t\t\t\t\t\t\t\t<span class=\"elementor-button-text\">On se retrouve sur Instagram ? \ud83d\ude42 <\/span>\n\t\t\t\t\t<\/span>\n\t\t\t\t\t<\/a>\n\t\t\t\t\t\t\t\t<\/div>\n\t\t\t\t\t<\/div>\n\t\t<\/div>\n\t\t\t\t<div class=\"elementor-column elementor-col-50 elementor-top-column elementor-element elementor-element-f658dfd\" data-id=\"f658dfd\" data-element_type=\"column\" data-e-type=\"column\">\n\t\t\t<div class=\"elementor-widget-wrap elementor-element-populated\">\n\t\t\t\t\t\t<div class=\"elementor-element elementor-element-ca3e016 wpr-grid-columns-1 wpr-grid-columns--tablet3 wpr-grid-columns--mobile1 elementor-invisible elementor-widget elementor-widget-wpr-media-grid\" data-id=\"ca3e016\" data-element_type=\"widget\" data-e-type=\"widget\" data-settings=\"{&quot;_animation&quot;:&quot;fadeIn&quot;}\" data-widget_type=\"wpr-media-grid.default\">\n\t\t\t\t\t<section class=\"wpr-grid wpr-media-grid elementor-clearfix\" data-settings=\"{&quot;layout&quot;:&quot;fitRows&quot;,&quot;columns_desktop&quot;:&quot;1&quot;,&quot;gutter_hr&quot;:10,&quot;gutter_hr_mobile&quot;:10,&quot;gutter_hr_mobile_extra&quot;:10,&quot;gutter_hr_tablet&quot;:10,&quot;gutter_hr_tablet_extra&quot;:10,&quot;gutter_hr_laptop&quot;:10,&quot;gutter_hr_widescreen&quot;:10,&quot;gutter_vr&quot;:10,&quot;gutter_vr_mobile&quot;:10,&quot;gutter_vr_mobile_extra&quot;:10,&quot;gutter_vr_tablet&quot;:10,&quot;gutter_vr_tablet_extra&quot;:10,&quot;gutter_vr_laptop&quot;:10,&quot;gutter_vr_widescreen&quot;:10,&quot;animation&quot;:&quot;zoom&quot;,&quot;animation_duration&quot;:0.3,&quot;animation_delay&quot;:0.1,&quot;deeplinking&quot;:&quot;&quot;,&quot;filters_default_filter&quot;:&quot;&quot;,&quot;filters_linkable&quot;:&quot;no&quot;,&quot;filters_count&quot;:&quot;&quot;,&quot;filters_hide_empty&quot;:&quot;no&quot;,&quot;filters_animation&quot;:&quot;default&quot;,&quot;filters_animation_duration&quot;:0.3,&quot;filters_animation_delay&quot;:0.1,&quot;pagination_type&quot;:&quot;load-more&quot;,&quot;pagination_max_pages&quot;:1,&quot;lightbox&quot;:{&quot;selector&quot;:&quot;.wpr-grid-image-wrap&quot;,&quot;iframeMaxWidth&quot;:&quot;60%&quot;,&quot;hash&quot;:false,&quot;autoplay&quot;:&quot;&quot;,&quot;pause&quot;:5000,&quot;progressBar&quot;:&quot;true&quot;,&quot;counter&quot;:&quot;&quot;,&quot;controls&quot;:&quot;true&quot;,&quot;getCaptionFromTitleOrAlt&quot;:&quot;&quot;,&quot;thumbnail&quot;:&quot;&quot;,&quot;showThumbByDefault&quot;:&quot;&quot;,&quot;share&quot;:&quot;&quot;,&quot;zoom&quot;:&quot;true&quot;,&quot;fullScreen&quot;:&quot;true&quot;,&quot;download&quot;:&quot;true&quot;}}\"><article class=\"wpr-grid-item elementor-clearfix post-2151 attachment type-attachment status-inherit hentry entry owp-thumbs-layout-vertical owp-btn-big owp-tabs-layout-horizontal has-no-thumbnails has-product-nav circle-sale\"><div class=\"wpr-grid-item-inner\"><div class=\"wpr-grid-media-wrap wpr-effect-size-small \"><div class=\"wpr-grid-image-wrap\" data-src=\"https:\/\/valentinecarre-photographe.com\/wp-content\/uploads\/2022\/08\/LibreAutrement-141-1.jpg\"><img decoding=\"async\" src=\"https:\/\/valentinecarre-photographe.com\/wp-content\/uploads\/2022\/08\/LibreAutrement-141-1-1024x819.jpg\" alt=\"Pelican gris \u00e0 Porto Vecchio, Corse \" class=\"wpr-anim-timing-ease-default\" title=\"%Valentine Carre Photographe% %Photographie nature Corse%\"><\/div><div class=\"wpr-grid-media-hover wpr-animation-wrap\"><div class=\"wpr-grid-media-hover-bg  wpr-overlay-fade-in wpr-anim-size-large wpr-anim-timing-ease-default wpr-anim-transparency\" data-url=\"https:\/\/valentinecarre-photographe.com\/libreautrement-141-2\/\"><\/div><div class=\"wpr-cv-container\"><div class=\"wpr-cv-outer\"><div class=\"wpr-cv-inner\"><div class=\"wpr-grid-media-hover-middle elementor-clearfix\"><div class=\"wpr-grid-item-lightbox elementor-repeater-item-4bbe6e0 wpr-grid-item-display-block wpr-grid-item-align-center wpr-element-fade-in wpr-anim-size-large wpr-anim-timing-ease-default wpr-anim-transparency\"><div class=\"inner-block\"><span data-src=\"https:\/\/valentinecarre-photographe.com\/wp-content\/uploads\/2022\/08\/LibreAutrement-141-1.jpg\"><i class=\"fas fa-expand-arrows-alt\"><\/i><\/span><div class=\"wpr-grid-lightbox-overlay\"><\/div><\/div><\/div><\/div><\/div><\/div><\/div><\/div><\/div><\/div><\/article><\/section>\t\t\t\t<\/div>\n\t\t\t\t\t<\/div>\n\t\t<\/div>\n\t\t\t\t\t<\/div>\n\t\t<\/section>\n\t\t\t\t<section class=\"elementor-section elementor-top-section elementor-element elementor-element-a75e3b0 elementor-section-boxed elementor-section-height-default elementor-section-height-default wpr-particle-no wpr-jarallax-no wpr-parallax-no wpr-sticky-section-no wpr-equal-height-no elementor-invisible\" data-id=\"a75e3b0\" data-element_type=\"section\" data-e-type=\"section\" data-settings=\"{&quot;animation&quot;:&quot;fadeInUp&quot;}\">\n\t\t\t\t\t\t<div class=\"elementor-container elementor-column-gap-default\">\n\t\t\t\t\t<div class=\"elementor-column elementor-col-100 elementor-top-column elementor-element elementor-element-e788c2c\" data-id=\"e788c2c\" data-element_type=\"column\" data-e-type=\"column\">\n\t\t\t<div class=\"elementor-widget-wrap elementor-element-populated\">\n\t\t\t\t\t\t<div class=\"elementor-element elementor-element-c3f8527 elementor--star-style-star_unicode elementor-star-rating--align-center elementor-widget elementor-widget-star-rating\" data-id=\"c3f8527\" data-element_type=\"widget\" data-e-type=\"widget\" data-widget_type=\"star-rating.default\">\n\t\t\t\t\t\t\t<div class=\"elementor-star-rating__wrapper\">\n\t\t\t\t\t\t<div class=\"elementor-star-rating\" itemtype=\"http:\/\/schema.org\/Rating\" itemscope=\"\" itemprop=\"reviewRating\">\n\t\t\t\t<i class=\"elementor-star-full\" aria-hidden=\"true\">&#9733;<\/i><i class=\"elementor-star-full\" aria-hidden=\"true\">&#9733;<\/i><i class=\"elementor-star-full\" aria-hidden=\"true\">&#9733;<\/i><i class=\"elementor-star-full\" aria-hidden=\"true\">&#9733;<\/i><i class=\"elementor-star-full\" aria-hidden=\"true\">&#9733;<\/i>\t\t\t\t<span itemprop=\"ratingValue\" class=\"elementor-screen-only\">Not\u00e9 5 sur 5<\/span>\n\t\t\t<\/div>\n\t\t<\/div>\n\t\t\t\t\t\t<\/div>\n\t\t\t\t\t<\/div>\n\t\t<\/div>\n\t\t\t\t\t<\/div>\n\t\t<\/section>\n\t\t\t\t<section class=\"elementor-section elementor-top-section elementor-element elementor-element-8054106 elementor-section-boxed elementor-section-height-default elementor-section-height-default wpr-particle-no wpr-jarallax-no wpr-parallax-no wpr-sticky-section-no wpr-equal-height-no\" data-id=\"8054106\" data-element_type=\"section\" data-e-type=\"section\">\n\t\t\t\t\t\t<div class=\"elementor-container elementor-column-gap-no\">\n\t\t\t\t\t<div class=\"elementor-column elementor-col-100 elementor-top-column elementor-element elementor-element-7faa76f\" data-id=\"7faa76f\" data-element_type=\"column\" data-e-type=\"column\">\n\t\t\t<div class=\"elementor-widget-wrap elementor-element-populated\">\n\t\t\t\t\t\t<div class=\"elementor-element elementor-element-149afd1 elementor-widget elementor-widget-image-gallery\" data-id=\"149afd1\" data-element_type=\"widget\" data-e-type=\"widget\" data-widget_type=\"image-gallery.default\">\n\t\t\t\t\t\t\t<div class=\"elementor-image-gallery\">\n\t\t\t<div id='gallery-1' class='gallery galleryid-9252 gallery-columns-3 gallery-size-large'><figure class='gallery-item'>\n\t\t\t<div class='gallery-icon portrait'>\n\t\t\t\t<a data-elementor-open-lightbox=\"yes\" data-elementor-lightbox-slideshow=\"149afd1\" data-e-action-hash=\"#elementor-action%3Aaction%3Dlightbox%26settings%3DeyJpZCI6NDE2MSwidXJsIjoiaHR0cHM6XC9cL3ZhbGVudGluZWNhcnJlLXBob3RvZ3JhcGhlLmNvbVwvd3AtY29udGVudFwvdXBsb2Fkc1wvMjAyMlwvMDhcL0E3UjA1NDEwLmpwZyIsInNsaWRlc2hvdyI6IjE0OWFmZDEifQ%3D%3D\" href=\"https:\/\/valentinecarre-photographe.com\/wp-content\/uploads\/2022\/08\/A7R05410.jpg\"><img decoding=\"async\" width=\"683\" height=\"1024\" src=\"https:\/\/valentinecarre-photographe.com\/wp-content\/uploads\/2022\/08\/A7R05410-683x1024.jpg\" class=\"attachment-large size-large\" alt=\"Harris, pelican gris, pelican corse, faune sauvage corse\" aria-describedby=\"gallery-1-4161\" srcset=\"https:\/\/valentinecarre-photographe.com\/wp-content\/uploads\/2022\/08\/A7R05410-683x1024.jpg 683w, https:\/\/valentinecarre-photographe.com\/wp-content\/uploads\/2022\/08\/A7R05410-400x600.jpg 400w, https:\/\/valentinecarre-photographe.com\/wp-content\/uploads\/2022\/08\/A7R05410-200x300.jpg 200w, https:\/\/valentinecarre-photographe.com\/wp-content\/uploads\/2022\/08\/A7R05410-768x1151.jpg 768w, https:\/\/valentinecarre-photographe.com\/wp-content\/uploads\/2022\/08\/A7R05410-1025x1536.jpg 1025w, https:\/\/valentinecarre-photographe.com\/wp-content\/uploads\/2022\/08\/A7R05410.jpg 1366w\" sizes=\"(max-width: 683px) 100vw, 683px\" title=\"%Valentine Carre Photographe% %Photographie nature Corse%\"><\/a>\n\t\t\t<\/div>\n\t\t\t\t<figcaption class='wp-caption-text gallery-caption' id='gallery-1-4161'>\n\t\t\t\tPelican gris \u00e0 Porto Vecchio, Corse \n\t\t\t\t<\/figcaption><\/figure><figure class='gallery-item'>\n\t\t\t<div class='gallery-icon portrait'>\n\t\t\t\t<a data-elementor-open-lightbox=\"yes\" data-elementor-lightbox-slideshow=\"149afd1\" data-e-action-hash=\"#elementor-action%3Aaction%3Dlightbox%26settings%3DeyJpZCI6NDE1NSwidXJsIjoiaHR0cHM6XC9cL3ZhbGVudGluZWNhcnJlLXBob3RvZ3JhcGhlLmNvbVwvd3AtY29udGVudFwvdXBsb2Fkc1wvMjAyMlwvMDhcL0E3UjA1MzM1LmpwZyIsInNsaWRlc2hvdyI6IjE0OWFmZDEifQ%3D%3D\" href=\"https:\/\/valentinecarre-photographe.com\/wp-content\/uploads\/2022\/08\/A7R05335.jpg\"><img decoding=\"async\" width=\"683\" height=\"1024\" src=\"https:\/\/valentinecarre-photographe.com\/wp-content\/uploads\/2022\/08\/A7R05335-683x1024.jpg\" class=\"attachment-large size-large\" alt=\"Harris, pelican gris, pelican corse, faune sauvage corse\" aria-describedby=\"gallery-1-4155\" srcset=\"https:\/\/valentinecarre-photographe.com\/wp-content\/uploads\/2022\/08\/A7R05335-683x1024.jpg 683w, https:\/\/valentinecarre-photographe.com\/wp-content\/uploads\/2022\/08\/A7R05335-400x600.jpg 400w, https:\/\/valentinecarre-photographe.com\/wp-content\/uploads\/2022\/08\/A7R05335-200x300.jpg 200w, https:\/\/valentinecarre-photographe.com\/wp-content\/uploads\/2022\/08\/A7R05335-768x1151.jpg 768w, https:\/\/valentinecarre-photographe.com\/wp-content\/uploads\/2022\/08\/A7R05335-1025x1536.jpg 1025w, https:\/\/valentinecarre-photographe.com\/wp-content\/uploads\/2022\/08\/A7R05335.jpg 1366w\" sizes=\"(max-width: 683px) 100vw, 683px\" title=\"%Valentine Carre Photographe% %Photographie nature Corse%\"><\/a>\n\t\t\t<\/div>\n\t\t\t\t<figcaption class='wp-caption-text gallery-caption' id='gallery-1-4155'>\n\t\t\t\tPelican gris \u00e0 Porto Vecchio, Corse \n\t\t\t\t<\/figcaption><\/figure><figure class='gallery-item'>\n\t\t\t<div class='gallery-icon portrait'>\n\t\t\t\t<a data-elementor-open-lightbox=\"yes\" data-elementor-lightbox-slideshow=\"149afd1\" data-e-action-hash=\"#elementor-action%3Aaction%3Dlightbox%26settings%3DeyJpZCI6NDE2MCwidXJsIjoiaHR0cHM6XC9cL3ZhbGVudGluZWNhcnJlLXBob3RvZ3JhcGhlLmNvbVwvd3AtY29udGVudFwvdXBsb2Fkc1wvMjAyMlwvMDhcL0E3UjA1NDAxLmpwZyIsInNsaWRlc2hvdyI6IjE0OWFmZDEifQ%3D%3D\" href=\"https:\/\/valentinecarre-photographe.com\/wp-content\/uploads\/2022\/08\/A7R05401.jpg\"><img loading=\"lazy\" decoding=\"async\" width=\"683\" height=\"1024\" src=\"https:\/\/valentinecarre-photographe.com\/wp-content\/uploads\/2022\/08\/A7R05401-683x1024.jpg\" class=\"attachment-large size-large\" alt=\"Harris, pelican gris, pelican corse, faune sauvage corse\" aria-describedby=\"gallery-1-4160\" srcset=\"https:\/\/valentinecarre-photographe.com\/wp-content\/uploads\/2022\/08\/A7R05401-683x1024.jpg 683w, https:\/\/valentinecarre-photographe.com\/wp-content\/uploads\/2022\/08\/A7R05401-400x600.jpg 400w, https:\/\/valentinecarre-photographe.com\/wp-content\/uploads\/2022\/08\/A7R05401-200x300.jpg 200w, https:\/\/valentinecarre-photographe.com\/wp-content\/uploads\/2022\/08\/A7R05401-768x1151.jpg 768w, https:\/\/valentinecarre-photographe.com\/wp-content\/uploads\/2022\/08\/A7R05401-1025x1536.jpg 1025w, https:\/\/valentinecarre-photographe.com\/wp-content\/uploads\/2022\/08\/A7R05401.jpg 1366w\" sizes=\"(max-width: 683px) 100vw, 683px\" title=\"%Valentine Carre Photographe% %Photographie nature Corse%\"><\/a>\n\t\t\t<\/div>\n\t\t\t\t<figcaption class='wp-caption-text gallery-caption' id='gallery-1-4160'>\n\t\t\t\tPelican gris \u00e0 Porto Vecchio, Corse \n\t\t\t\t<\/figcaption><\/figure><figure class='gallery-item'>\n\t\t\t<div class='gallery-icon landscape'>\n\t\t\t\t<a data-elementor-open-lightbox=\"yes\" data-elementor-lightbox-slideshow=\"149afd1\" data-e-action-hash=\"#elementor-action%3Aaction%3Dlightbox%26settings%3DeyJpZCI6MjE1NCwidXJsIjoiaHR0cHM6XC9cL3ZhbGVudGluZWNhcnJlLXBob3RvZ3JhcGhlLmNvbVwvd3AtY29udGVudFwvdXBsb2Fkc1wvMjAyMlwvMDhcL0xpYnJlQXV0cmVtZW50LTE0Ny1lMTczOTI2NTk0NDI1My5qcGciLCJzbGlkZXNob3ciOiIxNDlhZmQxIn0%3D\" href=\"https:\/\/valentinecarre-photographe.com\/wp-content\/uploads\/2022\/08\/LibreAutrement-147-e1739265944253.jpg\"><img loading=\"lazy\" decoding=\"async\" width=\"1024\" height=\"652\" src=\"https:\/\/valentinecarre-photographe.com\/wp-content\/uploads\/2022\/08\/LibreAutrement-147-e1739265944253-1024x652.jpg\" class=\"attachment-large size-large\" alt=\"pelican porto vecchio, pelican gris, pelican Harris, Harris corse\" aria-describedby=\"gallery-1-2154\" srcset=\"https:\/\/valentinecarre-photographe.com\/wp-content\/uploads\/2022\/08\/LibreAutrement-147-e1739265944253-1024x652.jpg 1024w, https:\/\/valentinecarre-photographe.com\/wp-content\/uploads\/2022\/08\/LibreAutrement-147-e1739265944253-300x191.jpg 300w, https:\/\/valentinecarre-photographe.com\/wp-content\/uploads\/2022\/08\/LibreAutrement-147-e1739265944253-768x489.jpg 768w, https:\/\/valentinecarre-photographe.com\/wp-content\/uploads\/2022\/08\/LibreAutrement-147-e1739265944253-1536x977.jpg 1536w, https:\/\/valentinecarre-photographe.com\/wp-content\/uploads\/2022\/08\/LibreAutrement-147-e1739265944253.jpg 1980w\" sizes=\"(max-width: 1024px) 100vw, 1024px\" title=\"%Valentine Carre Photographe% %Photographie nature Corse%\"><\/a>\n\t\t\t<\/div>\n\t\t\t\t<figcaption class='wp-caption-text gallery-caption' id='gallery-1-2154'>\n\t\t\t\tPelican gris \u00e0 Porto Vecchio, Corse \n\t\t\t\t<\/figcaption><\/figure><figure class='gallery-item'>\n\t\t\t<div class='gallery-icon landscape'>\n\t\t\t\t<a data-elementor-open-lightbox=\"yes\" data-elementor-lightbox-slideshow=\"149afd1\" data-e-action-hash=\"#elementor-action%3Aaction%3Dlightbox%26settings%3DeyJpZCI6NDE1OCwidXJsIjoiaHR0cHM6XC9cL3ZhbGVudGluZWNhcnJlLXBob3RvZ3JhcGhlLmNvbVwvd3AtY29udGVudFwvdXBsb2Fkc1wvMjAyMlwvMDhcL0E3UjA1MzQ4LTIuanBnIiwic2xpZGVzaG93IjoiMTQ5YWZkMSJ9\" href=\"https:\/\/valentinecarre-photographe.com\/wp-content\/uploads\/2022\/08\/A7R05348-2.jpg\"><img loading=\"lazy\" decoding=\"async\" width=\"1024\" height=\"683\" src=\"https:\/\/valentinecarre-photographe.com\/wp-content\/uploads\/2022\/08\/A7R05348-2-1024x683.jpg\" class=\"attachment-large size-large\" alt=\"Harris, pelican gris, pelican corse, faune sauvage corse\" aria-describedby=\"gallery-1-4158\" srcset=\"https:\/\/valentinecarre-photographe.com\/wp-content\/uploads\/2022\/08\/A7R05348-2-1024x683.jpg 1024w, https:\/\/valentinecarre-photographe.com\/wp-content\/uploads\/2022\/08\/A7R05348-2-400x267.jpg 400w, https:\/\/valentinecarre-photographe.com\/wp-content\/uploads\/2022\/08\/A7R05348-2-300x200.jpg 300w, https:\/\/valentinecarre-photographe.com\/wp-content\/uploads\/2022\/08\/A7R05348-2-768x512.jpg 768w, https:\/\/valentinecarre-photographe.com\/wp-content\/uploads\/2022\/08\/A7R05348-2-1536x1025.jpg 1536w, https:\/\/valentinecarre-photographe.com\/wp-content\/uploads\/2022\/08\/A7R05348-2.jpg 2048w\" sizes=\"(max-width: 1024px) 100vw, 1024px\" title=\"%Valentine Carre Photographe% %Photographie nature Corse%\"><\/a>\n\t\t\t<\/div>\n\t\t\t\t<figcaption class='wp-caption-text gallery-caption' id='gallery-1-4158'>\n\t\t\t\tPelican gris \u00e0 Porto Vecchio, Corse \n\t\t\t\t<\/figcaption><\/figure><figure class='gallery-item'>\n\t\t\t<div class='gallery-icon landscape'>\n\t\t\t\t<a data-elementor-open-lightbox=\"yes\" data-elementor-lightbox-slideshow=\"149afd1\" data-e-action-hash=\"#elementor-action%3Aaction%3Dlightbox%26settings%3DeyJpZCI6NDE1OSwidXJsIjoiaHR0cHM6XC9cL3ZhbGVudGluZWNhcnJlLXBob3RvZ3JhcGhlLmNvbVwvd3AtY29udGVudFwvdXBsb2Fkc1wvMjAyMlwvMDhcL0E3UjA1MzkzLmpwZyIsInNsaWRlc2hvdyI6IjE0OWFmZDEifQ%3D%3D\" href=\"https:\/\/valentinecarre-photographe.com\/wp-content\/uploads\/2022\/08\/A7R05393.jpg\"><img loading=\"lazy\" decoding=\"async\" width=\"1024\" height=\"683\" src=\"https:\/\/valentinecarre-photographe.com\/wp-content\/uploads\/2022\/08\/A7R05393-1024x683.jpg\" class=\"attachment-large size-large\" alt=\"Harris, pelican gris, pelican corse, faune sauvage corse\" aria-describedby=\"gallery-1-4159\" srcset=\"https:\/\/valentinecarre-photographe.com\/wp-content\/uploads\/2022\/08\/A7R05393-1024x683.jpg 1024w, https:\/\/valentinecarre-photographe.com\/wp-content\/uploads\/2022\/08\/A7R05393-400x267.jpg 400w, https:\/\/valentinecarre-photographe.com\/wp-content\/uploads\/2022\/08\/A7R05393-300x200.jpg 300w, https:\/\/valentinecarre-photographe.com\/wp-content\/uploads\/2022\/08\/A7R05393-768x512.jpg 768w, https:\/\/valentinecarre-photographe.com\/wp-content\/uploads\/2022\/08\/A7R05393-1536x1025.jpg 1536w, https:\/\/valentinecarre-photographe.com\/wp-content\/uploads\/2022\/08\/A7R05393.jpg 2048w\" sizes=\"(max-width: 1024px) 100vw, 1024px\" title=\"%Valentine Carre Photographe% %Photographie nature Corse%\"><\/a>\n\t\t\t<\/div>\n\t\t\t\t<figcaption class='wp-caption-text gallery-caption' id='gallery-1-4159'>\n\t\t\t\tPelican gris \u00e0 Porto Vecchio, Corse \n\t\t\t\t<\/figcaption><\/figure><figure class='gallery-item'>\n\t\t\t<div class='gallery-icon landscape'>\n\t\t\t\t<a data-elementor-open-lightbox=\"yes\" data-elementor-lightbox-slideshow=\"149afd1\" data-e-action-hash=\"#elementor-action%3Aaction%3Dlightbox%26settings%3DeyJpZCI6NDE1MCwidXJsIjoiaHR0cHM6XC9cL3ZhbGVudGluZWNhcnJlLXBob3RvZ3JhcGhlLmNvbVwvd3AtY29udGVudFwvdXBsb2Fkc1wvMjAyMlwvMDhcL0E3UjA1MzEyLXNjYWxlZC5qcGciLCJzbGlkZXNob3ciOiIxNDlhZmQxIn0%3D\" href=\"https:\/\/valentinecarre-photographe.com\/wp-content\/uploads\/2022\/08\/A7R05312-scaled.jpg\"><img loading=\"lazy\" decoding=\"async\" width=\"1024\" height=\"683\" src=\"https:\/\/valentinecarre-photographe.com\/wp-content\/uploads\/2022\/08\/A7R05312-1024x683.jpg\" class=\"attachment-large size-large\" alt=\"Pelican gris \u00e0 Porto Vecchio, Corse\" aria-describedby=\"gallery-1-4150\" srcset=\"https:\/\/valentinecarre-photographe.com\/wp-content\/uploads\/2022\/08\/A7R05312-1024x683.jpg 1024w, https:\/\/valentinecarre-photographe.com\/wp-content\/uploads\/2022\/08\/A7R05312-scaled-400x267.jpg 400w, https:\/\/valentinecarre-photographe.com\/wp-content\/uploads\/2022\/08\/A7R05312-300x200.jpg 300w, https:\/\/valentinecarre-photographe.com\/wp-content\/uploads\/2022\/08\/A7R05312-768x512.jpg 768w, https:\/\/valentinecarre-photographe.com\/wp-content\/uploads\/2022\/08\/A7R05312-1536x1025.jpg 1536w, https:\/\/valentinecarre-photographe.com\/wp-content\/uploads\/2022\/08\/A7R05312-2048x1366.jpg 2048w\" sizes=\"(max-width: 1024px) 100vw, 1024px\" title=\"%Valentine Carre Photographe% %Photographie nature Corse%\"><\/a>\n\t\t\t<\/div>\n\t\t\t\t<figcaption class='wp-caption-text gallery-caption' id='gallery-1-4150'>\n\t\t\t\tPelican gris \u00e0 Porto Vecchio, Corse \n\t\t\t\t<\/figcaption><\/figure><figure class='gallery-item'>\n\t\t\t<div class='gallery-icon landscape'>\n\t\t\t\t<a data-elementor-open-lightbox=\"yes\" data-elementor-lightbox-slideshow=\"149afd1\" data-e-action-hash=\"#elementor-action%3Aaction%3Dlightbox%26settings%3DeyJpZCI6NDE1NywidXJsIjoiaHR0cHM6XC9cL3ZhbGVudGluZWNhcnJlLXBob3RvZ3JhcGhlLmNvbVwvd3AtY29udGVudFwvdXBsb2Fkc1wvMjAyMlwvMDhcL0E3UjA1MzQxLmpwZyIsInNsaWRlc2hvdyI6IjE0OWFmZDEifQ%3D%3D\" href=\"https:\/\/valentinecarre-photographe.com\/wp-content\/uploads\/2022\/08\/A7R05341.jpg\"><img loading=\"lazy\" decoding=\"async\" width=\"1024\" height=\"683\" src=\"https:\/\/valentinecarre-photographe.com\/wp-content\/uploads\/2022\/08\/A7R05341-1024x683.jpg\" class=\"attachment-large size-large\" alt=\"Harris, pelican gris, pelican corse, faune sauvage corse\" aria-describedby=\"gallery-1-4157\" srcset=\"https:\/\/valentinecarre-photographe.com\/wp-content\/uploads\/2022\/08\/A7R05341-1024x683.jpg 1024w, https:\/\/valentinecarre-photographe.com\/wp-content\/uploads\/2022\/08\/A7R05341-400x267.jpg 400w, https:\/\/valentinecarre-photographe.com\/wp-content\/uploads\/2022\/08\/A7R05341-300x200.jpg 300w, https:\/\/valentinecarre-photographe.com\/wp-content\/uploads\/2022\/08\/A7R05341-768x512.jpg 768w, https:\/\/valentinecarre-photographe.com\/wp-content\/uploads\/2022\/08\/A7R05341-1536x1025.jpg 1536w, https:\/\/valentinecarre-photographe.com\/wp-content\/uploads\/2022\/08\/A7R05341.jpg 2048w\" sizes=\"(max-width: 1024px) 100vw, 1024px\" title=\"%Valentine Carre Photographe% %Photographie nature Corse%\"><\/a>\n\t\t\t<\/div>\n\t\t\t\t<figcaption class='wp-caption-text gallery-caption' id='gallery-1-4157'>\n\t\t\t\tPelican gris \u00e0 Porto Vecchio, Corse \n\t\t\t\t<\/figcaption><\/figure><figure class='gallery-item'>\n\t\t\t<div class='gallery-icon landscape'>\n\t\t\t\t<a data-elementor-open-lightbox=\"yes\" data-elementor-lightbox-slideshow=\"149afd1\" data-e-action-hash=\"#elementor-action%3Aaction%3Dlightbox%26settings%3DeyJpZCI6NDE1MywidXJsIjoiaHR0cHM6XC9cL3ZhbGVudGluZWNhcnJlLXBob3RvZ3JhcGhlLmNvbVwvd3AtY29udGVudFwvdXBsb2Fkc1wvMjAyMlwvMDhcL0E3UjA1MjM0LmpwZyIsInNsaWRlc2hvdyI6IjE0OWFmZDEifQ%3D%3D\" href=\"https:\/\/valentinecarre-photographe.com\/wp-content\/uploads\/2022\/08\/A7R05234.jpg\"><img loading=\"lazy\" decoding=\"async\" width=\"1024\" height=\"683\" src=\"https:\/\/valentinecarre-photographe.com\/wp-content\/uploads\/2022\/08\/A7R05234-1024x683.jpg\" class=\"attachment-large size-large\" alt=\"Harris, pelican gris, pelican corse, faune sauvage corse\" aria-describedby=\"gallery-1-4153\" srcset=\"https:\/\/valentinecarre-photographe.com\/wp-content\/uploads\/2022\/08\/A7R05234-1024x683.jpg 1024w, https:\/\/valentinecarre-photographe.com\/wp-content\/uploads\/2022\/08\/A7R05234-400x267.jpg 400w, https:\/\/valentinecarre-photographe.com\/wp-content\/uploads\/2022\/08\/A7R05234-300x200.jpg 300w, https:\/\/valentinecarre-photographe.com\/wp-content\/uploads\/2022\/08\/A7R05234-768x512.jpg 768w, https:\/\/valentinecarre-photographe.com\/wp-content\/uploads\/2022\/08\/A7R05234-1536x1025.jpg 1536w, https:\/\/valentinecarre-photographe.com\/wp-content\/uploads\/2022\/08\/A7R05234.jpg 2048w\" sizes=\"(max-width: 1024px) 100vw, 1024px\" title=\"%Valentine Carre Photographe% %Photographie nature Corse%\"><\/a>\n\t\t\t<\/div>\n\t\t\t\t<figcaption class='wp-caption-text gallery-caption' id='gallery-1-4153'>\n\t\t\t\tPelican gris \u00e0 Porto Vecchio, Corse \n\t\t\t\t<\/figcaption><\/figure><figure class='gallery-item'>\n\t\t\t<div class='gallery-icon landscape'>\n\t\t\t\t<a data-elementor-open-lightbox=\"yes\" data-elementor-lightbox-slideshow=\"149afd1\" data-e-action-hash=\"#elementor-action%3Aaction%3Dlightbox%26settings%3DeyJpZCI6NDE1NiwidXJsIjoiaHR0cHM6XC9cL3ZhbGVudGluZWNhcnJlLXBob3RvZ3JhcGhlLmNvbVwvd3AtY29udGVudFwvdXBsb2Fkc1wvMjAyMlwvMDhcL0E3UjA1MzM5LmpwZyIsInNsaWRlc2hvdyI6IjE0OWFmZDEifQ%3D%3D\" href=\"https:\/\/valentinecarre-photographe.com\/wp-content\/uploads\/2022\/08\/A7R05339.jpg\"><img loading=\"lazy\" decoding=\"async\" width=\"1024\" height=\"683\" src=\"https:\/\/valentinecarre-photographe.com\/wp-content\/uploads\/2022\/08\/A7R05339-1024x683.jpg\" class=\"attachment-large size-large\" alt=\"Harris, pelican gris, pelican corse, faune sauvage corse\" aria-describedby=\"gallery-1-4156\" srcset=\"https:\/\/valentinecarre-photographe.com\/wp-content\/uploads\/2022\/08\/A7R05339-1024x683.jpg 1024w, https:\/\/valentinecarre-photographe.com\/wp-content\/uploads\/2022\/08\/A7R05339-400x267.jpg 400w, https:\/\/valentinecarre-photographe.com\/wp-content\/uploads\/2022\/08\/A7R05339-300x200.jpg 300w, https:\/\/valentinecarre-photographe.com\/wp-content\/uploads\/2022\/08\/A7R05339-768x512.jpg 768w, https:\/\/valentinecarre-photographe.com\/wp-content\/uploads\/2022\/08\/A7R05339-1536x1025.jpg 1536w, https:\/\/valentinecarre-photographe.com\/wp-content\/uploads\/2022\/08\/A7R05339.jpg 2048w\" sizes=\"(max-width: 1024px) 100vw, 1024px\" title=\"%Valentine Carre Photographe% %Photographie nature Corse%\"><\/a>\n\t\t\t<\/div>\n\t\t\t\t<figcaption class='wp-caption-text gallery-caption' id='gallery-1-4156'>\n\t\t\t\tPelican gris \u00e0 Porto Vecchio, Corse \n\t\t\t\t<\/figcaption><\/figure><figure class='gallery-item'>\n\t\t\t<div class='gallery-icon landscape'>\n\t\t\t\t<a data-elementor-open-lightbox=\"yes\" data-elementor-lightbox-slideshow=\"149afd1\" data-e-action-hash=\"#elementor-action%3Aaction%3Dlightbox%26settings%3DeyJpZCI6NDE1NCwidXJsIjoiaHR0cHM6XC9cL3ZhbGVudGluZWNhcnJlLXBob3RvZ3JhcGhlLmNvbVwvd3AtY29udGVudFwvdXBsb2Fkc1wvMjAyMlwvMDhcL0E3UjA1MjY4LmpwZyIsInNsaWRlc2hvdyI6IjE0OWFmZDEifQ%3D%3D\" href=\"https:\/\/valentinecarre-photographe.com\/wp-content\/uploads\/2022\/08\/A7R05268.jpg\"><img loading=\"lazy\" decoding=\"async\" width=\"1024\" height=\"683\" src=\"https:\/\/valentinecarre-photographe.com\/wp-content\/uploads\/2022\/08\/A7R05268-1024x683.jpg\" class=\"attachment-large size-large\" alt=\"Harris, pelican gris, pelican corse, faune sauvage corse\" aria-describedby=\"gallery-1-4154\" srcset=\"https:\/\/valentinecarre-photographe.com\/wp-content\/uploads\/2022\/08\/A7R05268-1024x683.jpg 1024w, https:\/\/valentinecarre-photographe.com\/wp-content\/uploads\/2022\/08\/A7R05268-400x267.jpg 400w, https:\/\/valentinecarre-photographe.com\/wp-content\/uploads\/2022\/08\/A7R05268-300x200.jpg 300w, https:\/\/valentinecarre-photographe.com\/wp-content\/uploads\/2022\/08\/A7R05268-768x512.jpg 768w, https:\/\/valentinecarre-photographe.com\/wp-content\/uploads\/2022\/08\/A7R05268-1536x1025.jpg 1536w, https:\/\/valentinecarre-photographe.com\/wp-content\/uploads\/2022\/08\/A7R05268.jpg 2048w\" sizes=\"(max-width: 1024px) 100vw, 1024px\" title=\"%Valentine Carre Photographe% %Photographie nature Corse%\"><\/a>\n\t\t\t<\/div>\n\t\t\t\t<figcaption class='wp-caption-text gallery-caption' id='gallery-1-4154'>\n\t\t\t\tPelican gris \u00e0 Porto Vecchio, Corse \n\t\t\t\t<\/figcaption><\/figure><figure class='gallery-item'>\n\t\t\t<div class='gallery-icon landscape'>\n\t\t\t\t<a data-elementor-open-lightbox=\"yes\" data-elementor-lightbox-slideshow=\"149afd1\" data-e-action-hash=\"#elementor-action%3Aaction%3Dlightbox%26settings%3DeyJpZCI6MjE1MywidXJsIjoiaHR0cHM6XC9cL3ZhbGVudGluZWNhcnJlLXBob3RvZ3JhcGhlLmNvbVwvd3AtY29udGVudFwvdXBsb2Fkc1wvMjAyMlwvMDhcL0xpYnJlQXV0cmVtZW50LTE0Ni5qcGciLCJzbGlkZXNob3ciOiIxNDlhZmQxIn0%3D\" href=\"https:\/\/valentinecarre-photographe.com\/wp-content\/uploads\/2022\/08\/LibreAutrement-146.jpg\"><img loading=\"lazy\" decoding=\"async\" width=\"1024\" height=\"683\" src=\"https:\/\/valentinecarre-photographe.com\/wp-content\/uploads\/2022\/08\/LibreAutrement-146-1024x683.jpg\" class=\"attachment-large size-large\" alt=\"Pelican gris \u00e0 Porto Vecchio, Corse\" aria-describedby=\"gallery-1-2153\" srcset=\"https:\/\/valentinecarre-photographe.com\/wp-content\/uploads\/2022\/08\/LibreAutrement-146-1024x683.jpg 1024w, https:\/\/valentinecarre-photographe.com\/wp-content\/uploads\/2022\/08\/LibreAutrement-146-400x267.jpg 400w, https:\/\/valentinecarre-photographe.com\/wp-content\/uploads\/2022\/08\/LibreAutrement-146-300x200.jpg 300w, https:\/\/valentinecarre-photographe.com\/wp-content\/uploads\/2022\/08\/LibreAutrement-146-768x512.jpg 768w, https:\/\/valentinecarre-photographe.com\/wp-content\/uploads\/2022\/08\/LibreAutrement-146-1536x1025.jpg 1536w, https:\/\/valentinecarre-photographe.com\/wp-content\/uploads\/2022\/08\/LibreAutrement-146.jpg 2048w\" sizes=\"(max-width: 1024px) 100vw, 1024px\" title=\"%Valentine Carre Photographe% %Photographie nature Corse%\"><\/a>\n\t\t\t<\/div>\n\t\t\t\t<figcaption class='wp-caption-text gallery-caption' id='gallery-1-2153'>\n\t\t\t\tPelican gris \u00e0 Porto Vecchio, Corse \n\t\t\t\t<\/figcaption><\/figure>\n\t\t<\/div>\n\t\t<\/div>\n\t\t\t\t\t\t<\/div>\n\t\t\t\t\t<\/div>\n\t\t<\/div>\n\t\t\t\t\t<\/div>\n\t\t<\/section>\n\t\t\t\t<section class=\"elementor-section elementor-top-section elementor-element elementor-element-1697b21a elementor-section-content-middle elementor-section-stretched elementor-section-boxed elementor-section-height-default elementor-section-height-default wpr-particle-no wpr-jarallax-no wpr-parallax-no wpr-sticky-section-no wpr-equal-height-no elementor-invisible\" data-id=\"1697b21a\" data-element_type=\"section\" data-e-type=\"section\" data-settings=\"{&quot;stretch_section&quot;:&quot;section-stretched&quot;,&quot;animation&quot;:&quot;fadeIn&quot;}\">\n\t\t\t\t\t\t<div class=\"elementor-container elementor-column-gap-no\">\n\t\t\t\t\t<div class=\"elementor-column elementor-col-100 elementor-top-column elementor-element elementor-element-4ba78b90\" data-id=\"4ba78b90\" data-element_type=\"column\" data-e-type=\"column\">\n\t\t\t<div class=\"elementor-widget-wrap elementor-element-populated\">\n\t\t\t\t\t\t<div class=\"elementor-element elementor-element-1a8f81d3 elementor-widget elementor-widget-heading\" data-id=\"1a8f81d3\" data-element_type=\"widget\" data-e-type=\"widget\" data-widget_type=\"heading.default\">\n\t\t\t\t\t<h2 class=\"elementor-heading-title elementor-size-default\">D\u00e9couvrir d'autres albums <\/h2>\t\t\t\t<\/div>\n\t\t\t\t<div class=\"elementor-element elementor-element-7a53343e elementor-align-center elementor-mobile-align-center elementor-tablet-align-center elementor-widget elementor-widget-button\" data-id=\"7a53343e\" data-element_type=\"widget\" data-e-type=\"widget\" data-widget_type=\"button.default\">\n\t\t\t\t\t\t\t\t\t\t<a class=\"elementor-button elementor-button-link elementor-size-sm elementor-animation-grow\" href=\"https:\/\/valentinecarre-photographe.com\/index.php\/portfolio-photos-nature-corse\/\">\n\t\t\t\t\t\t<span class=\"elementor-button-content-wrapper\">\n\t\t\t\t\t\t\t\t\t<span class=\"elementor-button-text\">PORTFOLIO<\/span>\n\t\t\t\t\t<\/span>\n\t\t\t\t\t<\/a>\n\t\t\t\t\t\t\t\t<\/div>\n\t\t\t\t\t<\/div>\n\t\t<\/div>\n\t\t\t\t\t<\/div>\n\t\t<\/section>\n\t\t\t\t<\/div>\n\t\t","protected":false},"featured_media":2154,"template":"elementor_header_footer","elemenfoliocategory":[12],"class_list":["post-9252","elemenfolio","type-elemenfolio","status-publish","has-post-thumbnail","hentry","elemenfoliocategory-oiseaux","entry","owp-thumbs-layout-vertical","owp-btn-big","owp-tabs-layout-horizontal","has-no-thumbnails","has-product-nav","circle-sale"],"_links":{"self":[{"href":"https:\/\/valentinecarre-photographe.com\/index.php\/wp-json\/wp\/v2\/elemenfolio\/9252","targetHints":{"allow":["GET"]}}],"collection":[{"href":"https:\/\/valentinecarre-photographe.com\/index.php\/wp-json\/wp\/v2\/elemenfolio"}],"about":[{"href":"https:\/\/valentinecarre-photographe.com\/index.php\/wp-json\/wp\/v2\/types\/elemenfolio"}],"version-history":[{"count":10,"href":"https:\/\/valentinecarre-photographe.com\/index.php\/wp-json\/wp\/v2\/elemenfolio\/9252\/revisions"}],"predecessor-version":[{"id":9275,"href":"https:\/\/valentinecarre-photographe.com\/index.php\/wp-json\/wp\/v2\/elemenfolio\/9252\/revisions\/9275"}],"wp:featuredmedia":[{"embeddable":true,"href":"https:\/\/valentinecarre-photographe.com\/index.php\/wp-json\/wp\/v2\/media\/2154"}],"wp:attachment":[{"href":"https:\/\/valentinecarre-photographe.com\/index.php\/wp-json\/wp\/v2\/media?parent=9252"}],"wp:term":[{"taxonomy":"elemenfoliocategory","embeddable":true,"href":"https:\/\/valentinecarre-photographe.com\/index.php\/wp-json\/wp\/v2\/elemenfoliocategory?post=9252"}],"curies":[{"name":"wp","href":"https:\/\/api.w.org\/{rel}","templated":true}]}}