{"id":9261,"date":"2024-05-04T18:45:56","date_gmt":"2024-05-04T18:45:56","guid":{"rendered":"https:\/\/valentinecarre-photographe.com\/?post_type=elemenfolio&#038;p=9261"},"modified":"2024-05-04T19:00:57","modified_gmt":"2024-05-04T19:00:57","slug":"surf-capo-di-feno-ajaccio","status":"publish","type":"elemenfolio","link":"https:\/\/valentinecarre-photographe.com\/index.php\/portfolio\/surf-capo-di-feno-ajaccio\/","title":{"rendered":"Surf Capo di Feno"},"content":{"rendered":"<p class=\"attachment\"><a href='https:\/\/valentinecarre-photographe.com\/wp-content\/uploads\/2024\/05\/ValentineCARRE-32.jpg'><img fetchpriority=\"high\" decoding=\"async\" width=\"300\" height=\"200\" src=\"https:\/\/valentinecarre-photographe.com\/wp-content\/uploads\/2024\/05\/ValentineCARRE-32-300x200.jpg\" class=\"attachment-medium size-medium\" alt=\"Surf \u00e0 Capo di Feno - Valentine Carre Photographe\" srcset=\"https:\/\/valentinecarre-photographe.com\/wp-content\/uploads\/2024\/05\/ValentineCARRE-32-300x200.jpg 300w, https:\/\/valentinecarre-photographe.com\/wp-content\/uploads\/2024\/05\/ValentineCARRE-32-1024x683.jpg 1024w, https:\/\/valentinecarre-photographe.com\/wp-content\/uploads\/2024\/05\/ValentineCARRE-32-768x512.jpg 768w, https:\/\/valentinecarre-photographe.com\/wp-content\/uploads\/2024\/05\/ValentineCARRE-32-1536x1024.jpg 1536w, https:\/\/valentinecarre-photographe.com\/wp-content\/uploads\/2024\/05\/ValentineCARRE-32.jpg 2048w\" sizes=\"(max-width: 300px) 100vw, 300px\" title=\"%Valentine Carre Photographe% %Photographie nature Corse%\"><\/a><\/p>\n\t\t<div data-elementor-type=\"wp-post\" data-elementor-id=\"9261\" class=\"elementor elementor-9261\">\n\t\t\t\t\t\t<section class=\"elementor-section elementor-top-section elementor-element elementor-element-2dd64ad7 elementor-section-full_width elementor-section-height-default elementor-section-height-default wpr-particle-no wpr-jarallax-no wpr-parallax-no wpr-sticky-section-no wpr-equal-height-no\" data-id=\"2dd64ad7\" data-element_type=\"section\" data-e-type=\"section\" data-settings=\"{&quot;background_background&quot;:&quot;classic&quot;}\">\n\t\t\t\t\t\t<div class=\"elementor-container elementor-column-gap-default\">\n\t\t\t\t\t<div class=\"elementor-column elementor-col-100 elementor-top-column elementor-element elementor-element-7a2f184f\" data-id=\"7a2f184f\" data-element_type=\"column\" data-e-type=\"column\">\n\t\t\t<div class=\"elementor-widget-wrap elementor-element-populated\">\n\t\t\t\t\t\t<div class=\"elementor-element elementor-element-7bda314f elementor-widget__width-inherit elementor-widget elementor-widget-spacer\" data-id=\"7bda314f\" data-element_type=\"widget\" data-e-type=\"widget\" data-widget_type=\"spacer.default\">\n\t\t\t\t\t\t\t<div class=\"elementor-spacer\">\n\t\t\t<div class=\"elementor-spacer-inner\"><\/div>\n\t\t<\/div>\n\t\t\t\t\t\t<\/div>\n\t\t\t\t\t<\/div>\n\t\t<\/div>\n\t\t\t\t\t<\/div>\n\t\t<\/section>\n\t\t\t\t<section class=\"elementor-section elementor-top-section elementor-element elementor-element-b4844b2 elementor-section-boxed elementor-section-height-default elementor-section-height-default wpr-particle-no wpr-jarallax-no wpr-parallax-no wpr-sticky-section-no wpr-equal-height-no\" data-id=\"b4844b2\" data-element_type=\"section\" data-e-type=\"section\">\n\t\t\t\t\t\t<div class=\"elementor-container elementor-column-gap-wide\">\n\t\t\t\t\t<div class=\"elementor-column elementor-col-50 elementor-top-column elementor-element elementor-element-c5f79f8\" data-id=\"c5f79f8\" data-element_type=\"column\" data-e-type=\"column\">\n\t\t\t<div class=\"elementor-widget-wrap elementor-element-populated\">\n\t\t\t\t\t\t<div class=\"elementor-element elementor-element-7e487f2 elementor-widget elementor-widget-heading\" data-id=\"7e487f2\" data-element_type=\"widget\" data-e-type=\"widget\" data-widget_type=\"heading.default\">\n\t\t\t\t\t<h2 class=\"elementor-heading-title elementor-size-default\">SESSION SURF A CAPO DI FENO<\/h2>\t\t\t\t<\/div>\n\t\t\t\t<div class=\"elementor-element elementor-element-758a8c2 elementor-widget-mobile__width-initial elementor-widget elementor-widget-text-editor\" data-id=\"758a8c2\" data-element_type=\"widget\" data-e-type=\"widget\" data-widget_type=\"text-editor.default\">\n\t\t\t\t\t\t\t\t\t<p>Un grand merci \u00e0 Stephane d&rsquo;avoir accept\u00e9 cette invitation et de m&rsquo;avoir permis de me pr\u00e9senter son sport. Un univers qui me plait \u00e9norm\u00e9ment, et pour lequel je serais ravie de photographier r\u00e9guli\u00e8rement&#8230; Merci \u00e9galement aux autres surfeurs pr\u00e9sents ce jour-l\u00e0. Vous pouvez me contacter pour r\u00e9cup\u00e9rer vos photos au format HD.&nbsp;<\/p>\t\t\t\t\t\t\t\t<\/div>\n\t\t\t\t<div class=\"elementor-element elementor-element-9c253a3 elementor-widget elementor-widget-button\" data-id=\"9c253a3\" data-element_type=\"widget\" data-e-type=\"widget\" data-widget_type=\"button.default\">\n\t\t\t\t\t\t\t\t\t\t<a class=\"elementor-button elementor-button-link elementor-size-sm\" href=\"https:\/\/www.instagram.com\/valentine_carre_photographe\/\" target=\"_blank\" rel=\"noopener\">\n\t\t\t\t\t\t<span class=\"elementor-button-content-wrapper\">\n\t\t\t\t\t\t\t\t\t<span class=\"elementor-button-text\">On se retrouve sur Instagram ? \ud83d\ude42 <\/span>\n\t\t\t\t\t<\/span>\n\t\t\t\t\t<\/a>\n\t\t\t\t\t\t\t\t<\/div>\n\t\t\t\t\t<\/div>\n\t\t<\/div>\n\t\t\t\t<div class=\"elementor-column elementor-col-50 elementor-top-column elementor-element elementor-element-f658dfd\" data-id=\"f658dfd\" data-element_type=\"column\" data-e-type=\"column\">\n\t\t\t<div class=\"elementor-widget-wrap elementor-element-populated\">\n\t\t\t\t\t\t<div class=\"elementor-element elementor-element-ca3e016 wpr-grid-columns-1 wpr-grid-columns--tablet3 wpr-grid-columns--mobile1 elementor-invisible elementor-widget elementor-widget-wpr-media-grid\" data-id=\"ca3e016\" data-element_type=\"widget\" data-e-type=\"widget\" data-settings=\"{&quot;_animation&quot;:&quot;fadeIn&quot;}\" data-widget_type=\"wpr-media-grid.default\">\n\t\t\t\t\t<section class=\"wpr-grid wpr-media-grid elementor-clearfix\" data-settings=\"{&quot;layout&quot;:&quot;fitRows&quot;,&quot;columns_desktop&quot;:&quot;1&quot;,&quot;gutter_hr&quot;:10,&quot;gutter_hr_mobile&quot;:10,&quot;gutter_hr_mobile_extra&quot;:10,&quot;gutter_hr_tablet&quot;:10,&quot;gutter_hr_tablet_extra&quot;:10,&quot;gutter_hr_laptop&quot;:10,&quot;gutter_hr_widescreen&quot;:10,&quot;gutter_vr&quot;:10,&quot;gutter_vr_mobile&quot;:10,&quot;gutter_vr_mobile_extra&quot;:10,&quot;gutter_vr_tablet&quot;:10,&quot;gutter_vr_tablet_extra&quot;:10,&quot;gutter_vr_laptop&quot;:10,&quot;gutter_vr_widescreen&quot;:10,&quot;animation&quot;:&quot;zoom&quot;,&quot;animation_duration&quot;:0.3,&quot;animation_delay&quot;:0.1,&quot;deeplinking&quot;:&quot;&quot;,&quot;filters_default_filter&quot;:&quot;&quot;,&quot;filters_linkable&quot;:&quot;no&quot;,&quot;filters_count&quot;:&quot;&quot;,&quot;filters_hide_empty&quot;:&quot;no&quot;,&quot;filters_animation&quot;:&quot;default&quot;,&quot;filters_animation_duration&quot;:0.3,&quot;filters_animation_delay&quot;:0.1,&quot;pagination_type&quot;:&quot;load-more&quot;,&quot;pagination_max_pages&quot;:1,&quot;lightbox&quot;:{&quot;selector&quot;:&quot;.wpr-grid-image-wrap&quot;,&quot;iframeMaxWidth&quot;:&quot;60%&quot;,&quot;hash&quot;:false,&quot;autoplay&quot;:&quot;&quot;,&quot;pause&quot;:5000,&quot;progressBar&quot;:&quot;true&quot;,&quot;counter&quot;:&quot;&quot;,&quot;controls&quot;:&quot;true&quot;,&quot;getCaptionFromTitleOrAlt&quot;:&quot;&quot;,&quot;thumbnail&quot;:&quot;&quot;,&quot;showThumbByDefault&quot;:&quot;&quot;,&quot;share&quot;:&quot;&quot;,&quot;zoom&quot;:&quot;true&quot;,&quot;fullScreen&quot;:&quot;true&quot;,&quot;download&quot;:&quot;true&quot;}}\"><article class=\"wpr-grid-item elementor-clearfix post-8996 attachment type-attachment status-inherit hentry entry owp-thumbs-layout-vertical owp-btn-big owp-tabs-layout-horizontal has-no-thumbnails has-product-nav circle-sale\"><div class=\"wpr-grid-item-inner\"><div class=\"wpr-grid-media-wrap wpr-effect-size-small \"><div class=\"wpr-grid-image-wrap\" data-src=\"https:\/\/valentinecarre-photographe.com\/wp-content\/uploads\/2024\/05\/ValentineCARRE-32.jpg\"><img decoding=\"async\" src=\"https:\/\/valentinecarre-photographe.com\/wp-content\/uploads\/2024\/05\/ValentineCARRE-32-1024x683.jpg\" alt=\"Surf \u00e0 Capo di Feno - Valentine Carre Photographe \" class=\"wpr-anim-timing-ease-default\" title=\"%Valentine Carre Photographe% %Photographie nature Corse%\"><\/div><div class=\"wpr-grid-media-hover wpr-animation-wrap\"><div class=\"wpr-grid-media-hover-bg  wpr-overlay-fade-in wpr-anim-size-large wpr-anim-timing-ease-default wpr-anim-transparency\" data-url=\"https:\/\/valentinecarre-photographe.com\/index.php\/apropos-photographe-corse-2\/valentinecarre-32\/\"><\/div><div class=\"wpr-cv-container\"><div class=\"wpr-cv-outer\"><div class=\"wpr-cv-inner\"><div class=\"wpr-grid-media-hover-middle elementor-clearfix\"><div class=\"wpr-grid-item-lightbox elementor-repeater-item-4bbe6e0 wpr-grid-item-display-block wpr-grid-item-align-center wpr-element-fade-in wpr-anim-size-large wpr-anim-timing-ease-default wpr-anim-transparency\"><div class=\"inner-block\"><span data-src=\"https:\/\/valentinecarre-photographe.com\/wp-content\/uploads\/2024\/05\/ValentineCARRE-32.jpg\"><i class=\"fas fa-expand-arrows-alt\"><\/i><\/span><div class=\"wpr-grid-lightbox-overlay\"><\/div><\/div><\/div><\/div><\/div><\/div><\/div><\/div><\/div><\/div><\/article><\/section>\t\t\t\t<\/div>\n\t\t\t\t\t<\/div>\n\t\t<\/div>\n\t\t\t\t\t<\/div>\n\t\t<\/section>\n\t\t\t\t<section class=\"elementor-section elementor-top-section elementor-element elementor-element-a75e3b0 elementor-section-boxed elementor-section-height-default elementor-section-height-default wpr-particle-no wpr-jarallax-no wpr-parallax-no wpr-sticky-section-no wpr-equal-height-no elementor-invisible\" data-id=\"a75e3b0\" data-element_type=\"section\" data-e-type=\"section\" data-settings=\"{&quot;animation&quot;:&quot;fadeInUp&quot;}\">\n\t\t\t\t\t\t<div class=\"elementor-container elementor-column-gap-default\">\n\t\t\t\t\t<div class=\"elementor-column elementor-col-100 elementor-top-column elementor-element elementor-element-e788c2c\" data-id=\"e788c2c\" data-element_type=\"column\" data-e-type=\"column\">\n\t\t\t<div class=\"elementor-widget-wrap elementor-element-populated\">\n\t\t\t\t\t\t<div class=\"elementor-element elementor-element-c3f8527 elementor--star-style-star_unicode elementor-star-rating--align-center elementor-widget elementor-widget-star-rating\" data-id=\"c3f8527\" data-element_type=\"widget\" data-e-type=\"widget\" data-widget_type=\"star-rating.default\">\n\t\t\t\t\t\t\t<div class=\"elementor-star-rating__wrapper\">\n\t\t\t\t\t\t<div class=\"elementor-star-rating\" itemtype=\"http:\/\/schema.org\/Rating\" itemscope=\"\" itemprop=\"reviewRating\">\n\t\t\t\t<i class=\"elementor-star-full\" aria-hidden=\"true\">&#9733;<\/i><i class=\"elementor-star-full\" aria-hidden=\"true\">&#9733;<\/i><i class=\"elementor-star-full\" aria-hidden=\"true\">&#9733;<\/i><i class=\"elementor-star-full\" aria-hidden=\"true\">&#9733;<\/i><i class=\"elementor-star-full\" aria-hidden=\"true\">&#9733;<\/i>\t\t\t\t<span itemprop=\"ratingValue\" class=\"elementor-screen-only\">Not\u00e9 5 sur 5<\/span>\n\t\t\t<\/div>\n\t\t<\/div>\n\t\t\t\t\t\t<\/div>\n\t\t\t\t\t<\/div>\n\t\t<\/div>\n\t\t\t\t\t<\/div>\n\t\t<\/section>\n\t\t\t\t<section class=\"elementor-section elementor-top-section elementor-element elementor-element-8054106 elementor-section-boxed elementor-section-height-default elementor-section-height-default wpr-particle-no wpr-jarallax-no wpr-parallax-no wpr-sticky-section-no wpr-equal-height-no\" data-id=\"8054106\" data-element_type=\"section\" data-e-type=\"section\">\n\t\t\t\t\t\t<div class=\"elementor-container elementor-column-gap-no\">\n\t\t\t\t\t<div class=\"elementor-column elementor-col-100 elementor-top-column elementor-element elementor-element-7faa76f\" data-id=\"7faa76f\" data-element_type=\"column\" data-e-type=\"column\">\n\t\t\t<div class=\"elementor-widget-wrap elementor-element-populated\">\n\t\t\t\t\t\t<div class=\"elementor-element elementor-element-149afd1 gallery-spacing-custom elementor-widget elementor-widget-image-gallery\" data-id=\"149afd1\" data-element_type=\"widget\" data-e-type=\"widget\" data-widget_type=\"image-gallery.default\">\n\t\t\t\t\t\t\t<div class=\"elementor-image-gallery\">\n\t\t\t<div id='gallery-1' class='gallery galleryid-9261 gallery-columns-3 gallery-size-large'><figure class='gallery-item'>\n\t\t\t<div class='gallery-icon landscape'>\n\t\t\t\t<a data-elementor-open-lightbox=\"yes\" data-elementor-lightbox-slideshow=\"149afd1\" data-e-action-hash=\"#elementor-action%3Aaction%3Dlightbox%26settings%3DeyJpZCI6ODk4MSwidXJsIjoiaHR0cHM6XC9cL3ZhbGVudGluZWNhcnJlLXBob3RvZ3JhcGhlLmNvbVwvd3AtY29udGVudFwvdXBsb2Fkc1wvMjAyNFwvMDVcL1ZhbGVudGluZUNBUlJFLTE3LmpwZyIsInNsaWRlc2hvdyI6IjE0OWFmZDEifQ%3D%3D\" href=\"https:\/\/valentinecarre-photographe.com\/wp-content\/uploads\/2024\/05\/ValentineCARRE-17.jpg\"><img decoding=\"async\" width=\"1024\" height=\"683\" src=\"https:\/\/valentinecarre-photographe.com\/wp-content\/uploads\/2024\/05\/ValentineCARRE-17-1024x683.jpg\" class=\"attachment-large size-large\" alt=\"Surf \u00e0 Capo di Feno - Valentine Carre Photographe\" aria-describedby=\"gallery-1-8981\" srcset=\"https:\/\/valentinecarre-photographe.com\/wp-content\/uploads\/2024\/05\/ValentineCARRE-17-1024x683.jpg 1024w, https:\/\/valentinecarre-photographe.com\/wp-content\/uploads\/2024\/05\/ValentineCARRE-17-300x200.jpg 300w, https:\/\/valentinecarre-photographe.com\/wp-content\/uploads\/2024\/05\/ValentineCARRE-17-768x512.jpg 768w, https:\/\/valentinecarre-photographe.com\/wp-content\/uploads\/2024\/05\/ValentineCARRE-17-1536x1024.jpg 1536w, https:\/\/valentinecarre-photographe.com\/wp-content\/uploads\/2024\/05\/ValentineCARRE-17.jpg 2048w\" sizes=\"(max-width: 1024px) 100vw, 1024px\" title=\"%Valentine Carre Photographe% %Photographie nature Corse%\"><\/a>\n\t\t\t<\/div>\n\t\t\t\t<figcaption class='wp-caption-text gallery-caption' id='gallery-1-8981'>\n\t\t\t\tSurf \u00e0 Capo di Feno &#8211; Valentine Carre Photographe \n\t\t\t\t<\/figcaption><\/figure><figure class='gallery-item'>\n\t\t\t<div class='gallery-icon landscape'>\n\t\t\t\t<a data-elementor-open-lightbox=\"yes\" data-elementor-lightbox-slideshow=\"149afd1\" data-e-action-hash=\"#elementor-action%3Aaction%3Dlightbox%26settings%3DeyJpZCI6ODk3NCwidXJsIjoiaHR0cHM6XC9cL3ZhbGVudGluZWNhcnJlLXBob3RvZ3JhcGhlLmNvbVwvd3AtY29udGVudFwvdXBsb2Fkc1wvMjAyNFwvMDVcL1ZhbGVudGluZUNBUlJFLTEwLmpwZyIsInNsaWRlc2hvdyI6IjE0OWFmZDEifQ%3D%3D\" href=\"https:\/\/valentinecarre-photographe.com\/wp-content\/uploads\/2024\/05\/ValentineCARRE-10.jpg\"><img decoding=\"async\" width=\"1024\" height=\"683\" src=\"https:\/\/valentinecarre-photographe.com\/wp-content\/uploads\/2024\/05\/ValentineCARRE-10-1024x683.jpg\" class=\"attachment-large size-large\" alt=\"Surf \u00e0 Capo di Feno - Valentine Carre Photographe\" aria-describedby=\"gallery-1-8974\" srcset=\"https:\/\/valentinecarre-photographe.com\/wp-content\/uploads\/2024\/05\/ValentineCARRE-10-1024x683.jpg 1024w, https:\/\/valentinecarre-photographe.com\/wp-content\/uploads\/2024\/05\/ValentineCARRE-10-300x200.jpg 300w, https:\/\/valentinecarre-photographe.com\/wp-content\/uploads\/2024\/05\/ValentineCARRE-10-768x512.jpg 768w, https:\/\/valentinecarre-photographe.com\/wp-content\/uploads\/2024\/05\/ValentineCARRE-10-1536x1024.jpg 1536w, https:\/\/valentinecarre-photographe.com\/wp-content\/uploads\/2024\/05\/ValentineCARRE-10.jpg 2048w\" sizes=\"(max-width: 1024px) 100vw, 1024px\" title=\"%Valentine Carre Photographe% %Photographie nature Corse%\"><\/a>\n\t\t\t<\/div>\n\t\t\t\t<figcaption class='wp-caption-text gallery-caption' id='gallery-1-8974'>\n\t\t\t\tSurf \u00e0 Capo di Feno &#8211; Valentine Carre Photographe \n\t\t\t\t<\/figcaption><\/figure><figure class='gallery-item'>\n\t\t\t<div class='gallery-icon landscape'>\n\t\t\t\t<a data-elementor-open-lightbox=\"yes\" data-elementor-lightbox-slideshow=\"149afd1\" data-e-action-hash=\"#elementor-action%3Aaction%3Dlightbox%26settings%3DeyJpZCI6ODk4MiwidXJsIjoiaHR0cHM6XC9cL3ZhbGVudGluZWNhcnJlLXBob3RvZ3JhcGhlLmNvbVwvd3AtY29udGVudFwvdXBsb2Fkc1wvMjAyNFwvMDVcL1ZhbGVudGluZUNBUlJFLTE4LmpwZyIsInNsaWRlc2hvdyI6IjE0OWFmZDEifQ%3D%3D\" href=\"https:\/\/valentinecarre-photographe.com\/wp-content\/uploads\/2024\/05\/ValentineCARRE-18.jpg\"><img loading=\"lazy\" decoding=\"async\" width=\"1024\" height=\"683\" src=\"https:\/\/valentinecarre-photographe.com\/wp-content\/uploads\/2024\/05\/ValentineCARRE-18-1024x683.jpg\" class=\"attachment-large size-large\" alt=\"Surf \u00e0 Capo di Feno - Valentine Carre Photographe\" aria-describedby=\"gallery-1-8982\" srcset=\"https:\/\/valentinecarre-photographe.com\/wp-content\/uploads\/2024\/05\/ValentineCARRE-18-1024x683.jpg 1024w, https:\/\/valentinecarre-photographe.com\/wp-content\/uploads\/2024\/05\/ValentineCARRE-18-300x200.jpg 300w, https:\/\/valentinecarre-photographe.com\/wp-content\/uploads\/2024\/05\/ValentineCARRE-18-768x512.jpg 768w, https:\/\/valentinecarre-photographe.com\/wp-content\/uploads\/2024\/05\/ValentineCARRE-18-1536x1024.jpg 1536w, https:\/\/valentinecarre-photographe.com\/wp-content\/uploads\/2024\/05\/ValentineCARRE-18.jpg 2048w\" sizes=\"(max-width: 1024px) 100vw, 1024px\" title=\"%Valentine Carre Photographe% %Photographie nature Corse%\"><\/a>\n\t\t\t<\/div>\n\t\t\t\t<figcaption class='wp-caption-text gallery-caption' id='gallery-1-8982'>\n\t\t\t\tSurf \u00e0 Capo di Feno &#8211; Valentine Carre Photographe \n\t\t\t\t<\/figcaption><\/figure><figure class='gallery-item'>\n\t\t\t<div class='gallery-icon landscape'>\n\t\t\t\t<a data-elementor-open-lightbox=\"yes\" data-elementor-lightbox-slideshow=\"149afd1\" data-e-action-hash=\"#elementor-action%3Aaction%3Dlightbox%26settings%3DeyJpZCI6ODk5MywidXJsIjoiaHR0cHM6XC9cL3ZhbGVudGluZWNhcnJlLXBob3RvZ3JhcGhlLmNvbVwvd3AtY29udGVudFwvdXBsb2Fkc1wvMjAyNFwvMDVcL1ZhbGVudGluZUNBUlJFLTI5LmpwZyIsInNsaWRlc2hvdyI6IjE0OWFmZDEifQ%3D%3D\" href=\"https:\/\/valentinecarre-photographe.com\/wp-content\/uploads\/2024\/05\/ValentineCARRE-29.jpg\"><img loading=\"lazy\" decoding=\"async\" width=\"1024\" height=\"683\" src=\"https:\/\/valentinecarre-photographe.com\/wp-content\/uploads\/2024\/05\/ValentineCARRE-29-1024x683.jpg\" class=\"attachment-large size-large\" alt=\"Surf \u00e0 Capo di Feno - Valentine Carre Photographe\" aria-describedby=\"gallery-1-8993\" srcset=\"https:\/\/valentinecarre-photographe.com\/wp-content\/uploads\/2024\/05\/ValentineCARRE-29-1024x683.jpg 1024w, https:\/\/valentinecarre-photographe.com\/wp-content\/uploads\/2024\/05\/ValentineCARRE-29-300x200.jpg 300w, https:\/\/valentinecarre-photographe.com\/wp-content\/uploads\/2024\/05\/ValentineCARRE-29-768x512.jpg 768w, https:\/\/valentinecarre-photographe.com\/wp-content\/uploads\/2024\/05\/ValentineCARRE-29-1536x1024.jpg 1536w, https:\/\/valentinecarre-photographe.com\/wp-content\/uploads\/2024\/05\/ValentineCARRE-29.jpg 2048w\" sizes=\"(max-width: 1024px) 100vw, 1024px\" title=\"%Valentine Carre Photographe% %Photographie nature Corse%\"><\/a>\n\t\t\t<\/div>\n\t\t\t\t<figcaption class='wp-caption-text gallery-caption' id='gallery-1-8993'>\n\t\t\t\tSurf \u00e0 Capo di Feno &#8211; Valentine Carre Photographe \n\t\t\t\t<\/figcaption><\/figure><figure class='gallery-item'>\n\t\t\t<div class='gallery-icon landscape'>\n\t\t\t\t<a data-elementor-open-lightbox=\"yes\" data-elementor-lightbox-slideshow=\"149afd1\" data-e-action-hash=\"#elementor-action%3Aaction%3Dlightbox%26settings%3DeyJpZCI6ODk2NywidXJsIjoiaHR0cHM6XC9cL3ZhbGVudGluZWNhcnJlLXBob3RvZ3JhcGhlLmNvbVwvd3AtY29udGVudFwvdXBsb2Fkc1wvMjAyNFwvMDVcL1ZhbGVudGluZUNBUlJFLTAxLmpwZyIsInNsaWRlc2hvdyI6IjE0OWFmZDEifQ%3D%3D\" href=\"https:\/\/valentinecarre-photographe.com\/wp-content\/uploads\/2024\/05\/ValentineCARRE-01.jpg\"><img loading=\"lazy\" decoding=\"async\" width=\"1024\" height=\"683\" src=\"https:\/\/valentinecarre-photographe.com\/wp-content\/uploads\/2024\/05\/ValentineCARRE-01-1024x683.jpg\" class=\"attachment-large size-large\" alt=\"Surf \u00e0 Capo di Feno - Valentine Carre Photographe\" aria-describedby=\"gallery-1-8967\" srcset=\"https:\/\/valentinecarre-photographe.com\/wp-content\/uploads\/2024\/05\/ValentineCARRE-01-1024x683.jpg 1024w, https:\/\/valentinecarre-photographe.com\/wp-content\/uploads\/2024\/05\/ValentineCARRE-01-300x200.jpg 300w, https:\/\/valentinecarre-photographe.com\/wp-content\/uploads\/2024\/05\/ValentineCARRE-01-768x512.jpg 768w, https:\/\/valentinecarre-photographe.com\/wp-content\/uploads\/2024\/05\/ValentineCARRE-01-1536x1024.jpg 1536w, https:\/\/valentinecarre-photographe.com\/wp-content\/uploads\/2024\/05\/ValentineCARRE-01.jpg 2048w\" sizes=\"(max-width: 1024px) 100vw, 1024px\" title=\"%Valentine Carre Photographe% %Photographie nature Corse%\"><\/a>\n\t\t\t<\/div>\n\t\t\t\t<figcaption class='wp-caption-text gallery-caption' id='gallery-1-8967'>\n\t\t\t\tSurf \u00e0 Capo di Feno &#8211; Valentine Carre Photographe \n\t\t\t\t<\/figcaption><\/figure><figure class='gallery-item'>\n\t\t\t<div class='gallery-icon landscape'>\n\t\t\t\t<a data-elementor-open-lightbox=\"yes\" data-elementor-lightbox-slideshow=\"149afd1\" data-e-action-hash=\"#elementor-action%3Aaction%3Dlightbox%26settings%3DeyJpZCI6ODk4OSwidXJsIjoiaHR0cHM6XC9cL3ZhbGVudGluZWNhcnJlLXBob3RvZ3JhcGhlLmNvbVwvd3AtY29udGVudFwvdXBsb2Fkc1wvMjAyNFwvMDVcL1ZhbGVudGluZUNBUlJFLTI1LmpwZyIsInNsaWRlc2hvdyI6IjE0OWFmZDEifQ%3D%3D\" href=\"https:\/\/valentinecarre-photographe.com\/wp-content\/uploads\/2024\/05\/ValentineCARRE-25.jpg\"><img loading=\"lazy\" decoding=\"async\" width=\"1024\" height=\"683\" src=\"https:\/\/valentinecarre-photographe.com\/wp-content\/uploads\/2024\/05\/ValentineCARRE-25-1024x683.jpg\" class=\"attachment-large size-large\" alt=\"Surf \u00e0 Capo di Feno - Valentine Carre Photographe\" aria-describedby=\"gallery-1-8989\" srcset=\"https:\/\/valentinecarre-photographe.com\/wp-content\/uploads\/2024\/05\/ValentineCARRE-25-1024x683.jpg 1024w, https:\/\/valentinecarre-photographe.com\/wp-content\/uploads\/2024\/05\/ValentineCARRE-25-300x200.jpg 300w, https:\/\/valentinecarre-photographe.com\/wp-content\/uploads\/2024\/05\/ValentineCARRE-25-768x512.jpg 768w, https:\/\/valentinecarre-photographe.com\/wp-content\/uploads\/2024\/05\/ValentineCARRE-25-1536x1024.jpg 1536w, https:\/\/valentinecarre-photographe.com\/wp-content\/uploads\/2024\/05\/ValentineCARRE-25.jpg 2048w\" sizes=\"(max-width: 1024px) 100vw, 1024px\" title=\"%Valentine Carre Photographe% %Photographie nature Corse%\"><\/a>\n\t\t\t<\/div>\n\t\t\t\t<figcaption class='wp-caption-text gallery-caption' id='gallery-1-8989'>\n\t\t\t\tSurf \u00e0 Capo di Feno &#8211; Valentine Carre Photographe \n\t\t\t\t<\/figcaption><\/figure><figure class='gallery-item'>\n\t\t\t<div class='gallery-icon landscape'>\n\t\t\t\t<a data-elementor-open-lightbox=\"yes\" data-elementor-lightbox-slideshow=\"149afd1\" data-e-action-hash=\"#elementor-action%3Aaction%3Dlightbox%26settings%3DeyJpZCI6ODk2NSwidXJsIjoiaHR0cHM6XC9cL3ZhbGVudGluZWNhcnJlLXBob3RvZ3JhcGhlLmNvbVwvd3AtY29udGVudFwvdXBsb2Fkc1wvMjAyNFwvMDVcL1ZhbGVudGluZUNBUlJFLTAzLmpwZyIsInNsaWRlc2hvdyI6IjE0OWFmZDEifQ%3D%3D\" href=\"https:\/\/valentinecarre-photographe.com\/wp-content\/uploads\/2024\/05\/ValentineCARRE-03.jpg\"><img loading=\"lazy\" decoding=\"async\" width=\"1024\" height=\"683\" src=\"https:\/\/valentinecarre-photographe.com\/wp-content\/uploads\/2024\/05\/ValentineCARRE-03-1024x683.jpg\" class=\"attachment-large size-large\" alt=\"Surf \u00e0 Capo di Feno - Valentine Carre Photographe\" aria-describedby=\"gallery-1-8965\" srcset=\"https:\/\/valentinecarre-photographe.com\/wp-content\/uploads\/2024\/05\/ValentineCARRE-03-1024x683.jpg 1024w, https:\/\/valentinecarre-photographe.com\/wp-content\/uploads\/2024\/05\/ValentineCARRE-03-300x200.jpg 300w, https:\/\/valentinecarre-photographe.com\/wp-content\/uploads\/2024\/05\/ValentineCARRE-03-768x512.jpg 768w, https:\/\/valentinecarre-photographe.com\/wp-content\/uploads\/2024\/05\/ValentineCARRE-03-1536x1024.jpg 1536w, https:\/\/valentinecarre-photographe.com\/wp-content\/uploads\/2024\/05\/ValentineCARRE-03.jpg 2048w\" sizes=\"(max-width: 1024px) 100vw, 1024px\" title=\"%Valentine Carre Photographe% %Photographie nature Corse%\"><\/a>\n\t\t\t<\/div>\n\t\t\t\t<figcaption class='wp-caption-text gallery-caption' id='gallery-1-8965'>\n\t\t\t\tSurf \u00e0 Capo di Feno &#8211; Valentine Carre Photographe \n\t\t\t\t<\/figcaption><\/figure><figure class='gallery-item'>\n\t\t\t<div class='gallery-icon landscape'>\n\t\t\t\t<a data-elementor-open-lightbox=\"yes\" data-elementor-lightbox-slideshow=\"149afd1\" data-e-action-hash=\"#elementor-action%3Aaction%3Dlightbox%26settings%3DeyJpZCI6ODk2OCwidXJsIjoiaHR0cHM6XC9cL3ZhbGVudGluZWNhcnJlLXBob3RvZ3JhcGhlLmNvbVwvd3AtY29udGVudFwvdXBsb2Fkc1wvMjAyNFwvMDVcL1ZhbGVudGluZUNBUlJFLTA0LTEuanBnIiwic2xpZGVzaG93IjoiMTQ5YWZkMSJ9\" href=\"https:\/\/valentinecarre-photographe.com\/wp-content\/uploads\/2024\/05\/ValentineCARRE-04-1.jpg\"><img loading=\"lazy\" decoding=\"async\" width=\"1024\" height=\"683\" src=\"https:\/\/valentinecarre-photographe.com\/wp-content\/uploads\/2024\/05\/ValentineCARRE-04-1-1024x683.jpg\" class=\"attachment-large size-large\" alt=\"Surf \u00e0 Capo di Feno - Valentine Carre Photographe\" aria-describedby=\"gallery-1-8968\" srcset=\"https:\/\/valentinecarre-photographe.com\/wp-content\/uploads\/2024\/05\/ValentineCARRE-04-1-1024x683.jpg 1024w, https:\/\/valentinecarre-photographe.com\/wp-content\/uploads\/2024\/05\/ValentineCARRE-04-1-300x200.jpg 300w, https:\/\/valentinecarre-photographe.com\/wp-content\/uploads\/2024\/05\/ValentineCARRE-04-1-768x512.jpg 768w, https:\/\/valentinecarre-photographe.com\/wp-content\/uploads\/2024\/05\/ValentineCARRE-04-1-1536x1024.jpg 1536w, https:\/\/valentinecarre-photographe.com\/wp-content\/uploads\/2024\/05\/ValentineCARRE-04-1.jpg 2048w\" sizes=\"(max-width: 1024px) 100vw, 1024px\" title=\"%Valentine Carre Photographe% %Photographie nature Corse%\"><\/a>\n\t\t\t<\/div>\n\t\t\t\t<figcaption class='wp-caption-text gallery-caption' id='gallery-1-8968'>\n\t\t\t\tSurf \u00e0 Capo di Feno &#8211; Valentine Carre Photographe \n\t\t\t\t<\/figcaption><\/figure><figure class='gallery-item'>\n\t\t\t<div class='gallery-icon landscape'>\n\t\t\t\t<a data-elementor-open-lightbox=\"yes\" data-elementor-lightbox-slideshow=\"149afd1\" data-e-action-hash=\"#elementor-action%3Aaction%3Dlightbox%26settings%3DeyJpZCI6ODk3NywidXJsIjoiaHR0cHM6XC9cL3ZhbGVudGluZWNhcnJlLXBob3RvZ3JhcGhlLmNvbVwvd3AtY29udGVudFwvdXBsb2Fkc1wvMjAyNFwvMDVcL1ZhbGVudGluZUNBUlJFLTEzLmpwZyIsInNsaWRlc2hvdyI6IjE0OWFmZDEifQ%3D%3D\" href=\"https:\/\/valentinecarre-photographe.com\/wp-content\/uploads\/2024\/05\/ValentineCARRE-13.jpg\"><img loading=\"lazy\" decoding=\"async\" width=\"1024\" height=\"683\" src=\"https:\/\/valentinecarre-photographe.com\/wp-content\/uploads\/2024\/05\/ValentineCARRE-13-1024x683.jpg\" class=\"attachment-large size-large\" alt=\"Surf \u00e0 Capo di Feno - Valentine Carre Photographe\" aria-describedby=\"gallery-1-8977\" srcset=\"https:\/\/valentinecarre-photographe.com\/wp-content\/uploads\/2024\/05\/ValentineCARRE-13-1024x683.jpg 1024w, https:\/\/valentinecarre-photographe.com\/wp-content\/uploads\/2024\/05\/ValentineCARRE-13-300x200.jpg 300w, https:\/\/valentinecarre-photographe.com\/wp-content\/uploads\/2024\/05\/ValentineCARRE-13-768x512.jpg 768w, https:\/\/valentinecarre-photographe.com\/wp-content\/uploads\/2024\/05\/ValentineCARRE-13-1536x1024.jpg 1536w, https:\/\/valentinecarre-photographe.com\/wp-content\/uploads\/2024\/05\/ValentineCARRE-13.jpg 2048w\" sizes=\"(max-width: 1024px) 100vw, 1024px\" title=\"%Valentine Carre Photographe% %Photographie nature Corse%\"><\/a>\n\t\t\t<\/div>\n\t\t\t\t<figcaption class='wp-caption-text gallery-caption' id='gallery-1-8977'>\n\t\t\t\tSurf \u00e0 Capo di Feno &#8211; Valentine Carre Photographe \n\t\t\t\t<\/figcaption><\/figure><figure class='gallery-item'>\n\t\t\t<div class='gallery-icon landscape'>\n\t\t\t\t<a data-elementor-open-lightbox=\"yes\" data-elementor-lightbox-slideshow=\"149afd1\" data-e-action-hash=\"#elementor-action%3Aaction%3Dlightbox%26settings%3DeyJpZCI6ODk3MiwidXJsIjoiaHR0cHM6XC9cL3ZhbGVudGluZWNhcnJlLXBob3RvZ3JhcGhlLmNvbVwvd3AtY29udGVudFwvdXBsb2Fkc1wvMjAyNFwvMDVcL1ZhbGVudGluZUNBUlJFLTA4LmpwZyIsInNsaWRlc2hvdyI6IjE0OWFmZDEifQ%3D%3D\" href=\"https:\/\/valentinecarre-photographe.com\/wp-content\/uploads\/2024\/05\/ValentineCARRE-08.jpg\"><img loading=\"lazy\" decoding=\"async\" width=\"1024\" height=\"683\" src=\"https:\/\/valentinecarre-photographe.com\/wp-content\/uploads\/2024\/05\/ValentineCARRE-08-1024x683.jpg\" class=\"attachment-large size-large\" alt=\"Surf \u00e0 Capo di Feno - Valentine Carre Photographe\" aria-describedby=\"gallery-1-8972\" srcset=\"https:\/\/valentinecarre-photographe.com\/wp-content\/uploads\/2024\/05\/ValentineCARRE-08-1024x683.jpg 1024w, https:\/\/valentinecarre-photographe.com\/wp-content\/uploads\/2024\/05\/ValentineCARRE-08-300x200.jpg 300w, https:\/\/valentinecarre-photographe.com\/wp-content\/uploads\/2024\/05\/ValentineCARRE-08-768x512.jpg 768w, https:\/\/valentinecarre-photographe.com\/wp-content\/uploads\/2024\/05\/ValentineCARRE-08-1536x1024.jpg 1536w, https:\/\/valentinecarre-photographe.com\/wp-content\/uploads\/2024\/05\/ValentineCARRE-08.jpg 2048w\" sizes=\"(max-width: 1024px) 100vw, 1024px\" title=\"%Valentine Carre Photographe% %Photographie nature Corse%\"><\/a>\n\t\t\t<\/div>\n\t\t\t\t<figcaption class='wp-caption-text gallery-caption' id='gallery-1-8972'>\n\t\t\t\tSurf \u00e0 Capo di Feno &#8211; Valentine Carre Photographe \n\t\t\t\t<\/figcaption><\/figure><figure class='gallery-item'>\n\t\t\t<div class='gallery-icon landscape'>\n\t\t\t\t<a data-elementor-open-lightbox=\"yes\" data-elementor-lightbox-slideshow=\"149afd1\" data-e-action-hash=\"#elementor-action%3Aaction%3Dlightbox%26settings%3DeyJpZCI6ODk5NCwidXJsIjoiaHR0cHM6XC9cL3ZhbGVudGluZWNhcnJlLXBob3RvZ3JhcGhlLmNvbVwvd3AtY29udGVudFwvdXBsb2Fkc1wvMjAyNFwvMDVcL1ZhbGVudGluZUNBUlJFLTMwLmpwZyIsInNsaWRlc2hvdyI6IjE0OWFmZDEifQ%3D%3D\" href=\"https:\/\/valentinecarre-photographe.com\/wp-content\/uploads\/2024\/05\/ValentineCARRE-30.jpg\"><img loading=\"lazy\" decoding=\"async\" width=\"1024\" height=\"683\" src=\"https:\/\/valentinecarre-photographe.com\/wp-content\/uploads\/2024\/05\/ValentineCARRE-30-1024x683.jpg\" class=\"attachment-large size-large\" alt=\"Surf \u00e0 Capo di Feno - Valentine Carre Photographe\" aria-describedby=\"gallery-1-8994\" srcset=\"https:\/\/valentinecarre-photographe.com\/wp-content\/uploads\/2024\/05\/ValentineCARRE-30-1024x683.jpg 1024w, https:\/\/valentinecarre-photographe.com\/wp-content\/uploads\/2024\/05\/ValentineCARRE-30-300x200.jpg 300w, https:\/\/valentinecarre-photographe.com\/wp-content\/uploads\/2024\/05\/ValentineCARRE-30-768x512.jpg 768w, https:\/\/valentinecarre-photographe.com\/wp-content\/uploads\/2024\/05\/ValentineCARRE-30-1536x1024.jpg 1536w, https:\/\/valentinecarre-photographe.com\/wp-content\/uploads\/2024\/05\/ValentineCARRE-30.jpg 2048w\" sizes=\"(max-width: 1024px) 100vw, 1024px\" title=\"%Valentine Carre Photographe% %Photographie nature Corse%\"><\/a>\n\t\t\t<\/div>\n\t\t\t\t<figcaption class='wp-caption-text gallery-caption' id='gallery-1-8994'>\n\t\t\t\tSurf \u00e0 Capo di Feno &#8211; Valentine Carre Photographe \n\t\t\t\t<\/figcaption><\/figure><figure class='gallery-item'>\n\t\t\t<div class='gallery-icon landscape'>\n\t\t\t\t<a data-elementor-open-lightbox=\"yes\" data-elementor-lightbox-slideshow=\"149afd1\" data-e-action-hash=\"#elementor-action%3Aaction%3Dlightbox%26settings%3DeyJpZCI6ODk4MCwidXJsIjoiaHR0cHM6XC9cL3ZhbGVudGluZWNhcnJlLXBob3RvZ3JhcGhlLmNvbVwvd3AtY29udGVudFwvdXBsb2Fkc1wvMjAyNFwvMDVcL1ZhbGVudGluZUNBUlJFLTE2LmpwZyIsInNsaWRlc2hvdyI6IjE0OWFmZDEifQ%3D%3D\" href=\"https:\/\/valentinecarre-photographe.com\/wp-content\/uploads\/2024\/05\/ValentineCARRE-16.jpg\"><img loading=\"lazy\" decoding=\"async\" width=\"1024\" height=\"683\" src=\"https:\/\/valentinecarre-photographe.com\/wp-content\/uploads\/2024\/05\/ValentineCARRE-16-1024x683.jpg\" class=\"attachment-large size-large\" alt=\"Surf \u00e0 Capo di Feno - Valentine Carre Photographe\" aria-describedby=\"gallery-1-8980\" srcset=\"https:\/\/valentinecarre-photographe.com\/wp-content\/uploads\/2024\/05\/ValentineCARRE-16-1024x683.jpg 1024w, https:\/\/valentinecarre-photographe.com\/wp-content\/uploads\/2024\/05\/ValentineCARRE-16-300x200.jpg 300w, https:\/\/valentinecarre-photographe.com\/wp-content\/uploads\/2024\/05\/ValentineCARRE-16-768x512.jpg 768w, https:\/\/valentinecarre-photographe.com\/wp-content\/uploads\/2024\/05\/ValentineCARRE-16-1536x1024.jpg 1536w, https:\/\/valentinecarre-photographe.com\/wp-content\/uploads\/2024\/05\/ValentineCARRE-16.jpg 2048w\" sizes=\"(max-width: 1024px) 100vw, 1024px\" title=\"%Valentine Carre Photographe% %Photographie nature Corse%\"><\/a>\n\t\t\t<\/div>\n\t\t\t\t<figcaption class='wp-caption-text gallery-caption' id='gallery-1-8980'>\n\t\t\t\tSurf \u00e0 Capo di Feno &#8211; Valentine Carre Photographe \n\t\t\t\t<\/figcaption><\/figure><figure class='gallery-item'>\n\t\t\t<div class='gallery-icon landscape'>\n\t\t\t\t<a data-elementor-open-lightbox=\"yes\" data-elementor-lightbox-slideshow=\"149afd1\" data-e-action-hash=\"#elementor-action%3Aaction%3Dlightbox%26settings%3DeyJpZCI6ODk3NSwidXJsIjoiaHR0cHM6XC9cL3ZhbGVudGluZWNhcnJlLXBob3RvZ3JhcGhlLmNvbVwvd3AtY29udGVudFwvdXBsb2Fkc1wvMjAyNFwvMDVcL1ZhbGVudGluZUNBUlJFLTExLmpwZyIsInNsaWRlc2hvdyI6IjE0OWFmZDEifQ%3D%3D\" href=\"https:\/\/valentinecarre-photographe.com\/wp-content\/uploads\/2024\/05\/ValentineCARRE-11.jpg\"><img loading=\"lazy\" decoding=\"async\" width=\"1024\" height=\"683\" src=\"https:\/\/valentinecarre-photographe.com\/wp-content\/uploads\/2024\/05\/ValentineCARRE-11-1024x683.jpg\" class=\"attachment-large size-large\" alt=\"Surf \u00e0 Capo di Feno - Valentine Carre Photographe\" aria-describedby=\"gallery-1-8975\" srcset=\"https:\/\/valentinecarre-photographe.com\/wp-content\/uploads\/2024\/05\/ValentineCARRE-11-1024x683.jpg 1024w, https:\/\/valentinecarre-photographe.com\/wp-content\/uploads\/2024\/05\/ValentineCARRE-11-300x200.jpg 300w, https:\/\/valentinecarre-photographe.com\/wp-content\/uploads\/2024\/05\/ValentineCARRE-11-768x512.jpg 768w, https:\/\/valentinecarre-photographe.com\/wp-content\/uploads\/2024\/05\/ValentineCARRE-11-1536x1024.jpg 1536w, https:\/\/valentinecarre-photographe.com\/wp-content\/uploads\/2024\/05\/ValentineCARRE-11.jpg 2048w\" sizes=\"(max-width: 1024px) 100vw, 1024px\" title=\"%Valentine Carre Photographe% %Photographie nature Corse%\"><\/a>\n\t\t\t<\/div>\n\t\t\t\t<figcaption class='wp-caption-text gallery-caption' id='gallery-1-8975'>\n\t\t\t\tSurf \u00e0 Capo di Feno &#8211; Valentine Carre Photographe \n\t\t\t\t<\/figcaption><\/figure><figure class='gallery-item'>\n\t\t\t<div class='gallery-icon landscape'>\n\t\t\t\t<a data-elementor-open-lightbox=\"yes\" data-elementor-lightbox-slideshow=\"149afd1\" data-e-action-hash=\"#elementor-action%3Aaction%3Dlightbox%26settings%3DeyJpZCI6ODk4MywidXJsIjoiaHR0cHM6XC9cL3ZhbGVudGluZWNhcnJlLXBob3RvZ3JhcGhlLmNvbVwvd3AtY29udGVudFwvdXBsb2Fkc1wvMjAyNFwvMDVcL1ZhbGVudGluZUNBUlJFLTE5LmpwZyIsInNsaWRlc2hvdyI6IjE0OWFmZDEifQ%3D%3D\" href=\"https:\/\/valentinecarre-photographe.com\/wp-content\/uploads\/2024\/05\/ValentineCARRE-19.jpg\"><img loading=\"lazy\" decoding=\"async\" width=\"1024\" height=\"683\" src=\"https:\/\/valentinecarre-photographe.com\/wp-content\/uploads\/2024\/05\/ValentineCARRE-19-1024x683.jpg\" class=\"attachment-large size-large\" alt=\"Surf \u00e0 Capo di Feno - Valentine Carre Photographe\" aria-describedby=\"gallery-1-8983\" srcset=\"https:\/\/valentinecarre-photographe.com\/wp-content\/uploads\/2024\/05\/ValentineCARRE-19-1024x683.jpg 1024w, https:\/\/valentinecarre-photographe.com\/wp-content\/uploads\/2024\/05\/ValentineCARRE-19-300x200.jpg 300w, https:\/\/valentinecarre-photographe.com\/wp-content\/uploads\/2024\/05\/ValentineCARRE-19-768x512.jpg 768w, https:\/\/valentinecarre-photographe.com\/wp-content\/uploads\/2024\/05\/ValentineCARRE-19-1536x1024.jpg 1536w, https:\/\/valentinecarre-photographe.com\/wp-content\/uploads\/2024\/05\/ValentineCARRE-19.jpg 2048w\" sizes=\"(max-width: 1024px) 100vw, 1024px\" title=\"%Valentine Carre Photographe% %Photographie nature Corse%\"><\/a>\n\t\t\t<\/div>\n\t\t\t\t<figcaption class='wp-caption-text gallery-caption' id='gallery-1-8983'>\n\t\t\t\tSurf \u00e0 Capo di Feno &#8211; Valentine Carre Photographe \n\t\t\t\t<\/figcaption><\/figure><figure class='gallery-item'>\n\t\t\t<div class='gallery-icon landscape'>\n\t\t\t\t<a data-elementor-open-lightbox=\"yes\" data-elementor-lightbox-slideshow=\"149afd1\" data-e-action-hash=\"#elementor-action%3Aaction%3Dlightbox%26settings%3DeyJpZCI6ODk4OCwidXJsIjoiaHR0cHM6XC9cL3ZhbGVudGluZWNhcnJlLXBob3RvZ3JhcGhlLmNvbVwvd3AtY29udGVudFwvdXBsb2Fkc1wvMjAyNFwvMDVcL1ZhbGVudGluZUNBUlJFLTI0LmpwZyIsInNsaWRlc2hvdyI6IjE0OWFmZDEifQ%3D%3D\" href=\"https:\/\/valentinecarre-photographe.com\/wp-content\/uploads\/2024\/05\/ValentineCARRE-24.jpg\"><img loading=\"lazy\" decoding=\"async\" width=\"1024\" height=\"683\" src=\"https:\/\/valentinecarre-photographe.com\/wp-content\/uploads\/2024\/05\/ValentineCARRE-24-1024x683.jpg\" class=\"attachment-large size-large\" alt=\"Surf \u00e0 Capo di Feno - Valentine Carre Photographe\" aria-describedby=\"gallery-1-8988\" srcset=\"https:\/\/valentinecarre-photographe.com\/wp-content\/uploads\/2024\/05\/ValentineCARRE-24-1024x683.jpg 1024w, https:\/\/valentinecarre-photographe.com\/wp-content\/uploads\/2024\/05\/ValentineCARRE-24-300x200.jpg 300w, https:\/\/valentinecarre-photographe.com\/wp-content\/uploads\/2024\/05\/ValentineCARRE-24-768x512.jpg 768w, https:\/\/valentinecarre-photographe.com\/wp-content\/uploads\/2024\/05\/ValentineCARRE-24-1536x1024.jpg 1536w, https:\/\/valentinecarre-photographe.com\/wp-content\/uploads\/2024\/05\/ValentineCARRE-24.jpg 2048w\" sizes=\"(max-width: 1024px) 100vw, 1024px\" title=\"%Valentine Carre Photographe% %Photographie nature Corse%\"><\/a>\n\t\t\t<\/div>\n\t\t\t\t<figcaption class='wp-caption-text gallery-caption' id='gallery-1-8988'>\n\t\t\t\tSurf \u00e0 Capo di Feno &#8211; Valentine Carre Photographe \n\t\t\t\t<\/figcaption><\/figure><figure class='gallery-item'>\n\t\t\t<div class='gallery-icon landscape'>\n\t\t\t\t<a data-elementor-open-lightbox=\"yes\" data-elementor-lightbox-slideshow=\"149afd1\" data-e-action-hash=\"#elementor-action%3Aaction%3Dlightbox%26settings%3DeyJpZCI6ODk2OSwidXJsIjoiaHR0cHM6XC9cL3ZhbGVudGluZWNhcnJlLXBob3RvZ3JhcGhlLmNvbVwvd3AtY29udGVudFwvdXBsb2Fkc1wvMjAyNFwvMDVcL1ZhbGVudGluZUNBUlJFLTA1LmpwZyIsInNsaWRlc2hvdyI6IjE0OWFmZDEifQ%3D%3D\" href=\"https:\/\/valentinecarre-photographe.com\/wp-content\/uploads\/2024\/05\/ValentineCARRE-05.jpg\"><img loading=\"lazy\" decoding=\"async\" width=\"1024\" height=\"683\" src=\"https:\/\/valentinecarre-photographe.com\/wp-content\/uploads\/2024\/05\/ValentineCARRE-05-1024x683.jpg\" class=\"attachment-large size-large\" alt=\"Surf \u00e0 Capo di Feno - Valentine Carre Photographe\" aria-describedby=\"gallery-1-8969\" srcset=\"https:\/\/valentinecarre-photographe.com\/wp-content\/uploads\/2024\/05\/ValentineCARRE-05-1024x683.jpg 1024w, https:\/\/valentinecarre-photographe.com\/wp-content\/uploads\/2024\/05\/ValentineCARRE-05-300x200.jpg 300w, https:\/\/valentinecarre-photographe.com\/wp-content\/uploads\/2024\/05\/ValentineCARRE-05-768x512.jpg 768w, https:\/\/valentinecarre-photographe.com\/wp-content\/uploads\/2024\/05\/ValentineCARRE-05-1536x1024.jpg 1536w, https:\/\/valentinecarre-photographe.com\/wp-content\/uploads\/2024\/05\/ValentineCARRE-05.jpg 2048w\" sizes=\"(max-width: 1024px) 100vw, 1024px\" title=\"%Valentine Carre Photographe% %Photographie nature Corse%\"><\/a>\n\t\t\t<\/div>\n\t\t\t\t<figcaption class='wp-caption-text gallery-caption' id='gallery-1-8969'>\n\t\t\t\tSurf \u00e0 Capo di Feno &#8211; Valentine Carre Photographe \n\t\t\t\t<\/figcaption><\/figure><figure class='gallery-item'>\n\t\t\t<div class='gallery-icon landscape'>\n\t\t\t\t<a data-elementor-open-lightbox=\"yes\" data-elementor-lightbox-slideshow=\"149afd1\" data-e-action-hash=\"#elementor-action%3Aaction%3Dlightbox%26settings%3DeyJpZCI6ODk3MCwidXJsIjoiaHR0cHM6XC9cL3ZhbGVudGluZWNhcnJlLXBob3RvZ3JhcGhlLmNvbVwvd3AtY29udGVudFwvdXBsb2Fkc1wvMjAyNFwvMDVcL1ZhbGVudGluZUNBUlJFLTA2LmpwZyIsInNsaWRlc2hvdyI6IjE0OWFmZDEifQ%3D%3D\" href=\"https:\/\/valentinecarre-photographe.com\/wp-content\/uploads\/2024\/05\/ValentineCARRE-06.jpg\"><img loading=\"lazy\" decoding=\"async\" width=\"1024\" height=\"683\" src=\"https:\/\/valentinecarre-photographe.com\/wp-content\/uploads\/2024\/05\/ValentineCARRE-06-1024x683.jpg\" class=\"attachment-large size-large\" alt=\"Surf \u00e0 Capo di Feno - Valentine Carre Photographe\" aria-describedby=\"gallery-1-8970\" srcset=\"https:\/\/valentinecarre-photographe.com\/wp-content\/uploads\/2024\/05\/ValentineCARRE-06-1024x683.jpg 1024w, https:\/\/valentinecarre-photographe.com\/wp-content\/uploads\/2024\/05\/ValentineCARRE-06-300x200.jpg 300w, https:\/\/valentinecarre-photographe.com\/wp-content\/uploads\/2024\/05\/ValentineCARRE-06-768x512.jpg 768w, https:\/\/valentinecarre-photographe.com\/wp-content\/uploads\/2024\/05\/ValentineCARRE-06-1536x1024.jpg 1536w, https:\/\/valentinecarre-photographe.com\/wp-content\/uploads\/2024\/05\/ValentineCARRE-06.jpg 2048w\" sizes=\"(max-width: 1024px) 100vw, 1024px\" title=\"%Valentine Carre Photographe% %Photographie nature Corse%\"><\/a>\n\t\t\t<\/div>\n\t\t\t\t<figcaption class='wp-caption-text gallery-caption' id='gallery-1-8970'>\n\t\t\t\tSurf \u00e0 Capo di Feno &#8211; Valentine Carre Photographe \n\t\t\t\t<\/figcaption><\/figure><figure class='gallery-item'>\n\t\t\t<div class='gallery-icon landscape'>\n\t\t\t\t<a data-elementor-open-lightbox=\"yes\" data-elementor-lightbox-slideshow=\"149afd1\" data-e-action-hash=\"#elementor-action%3Aaction%3Dlightbox%26settings%3DeyJpZCI6ODk3MSwidXJsIjoiaHR0cHM6XC9cL3ZhbGVudGluZWNhcnJlLXBob3RvZ3JhcGhlLmNvbVwvd3AtY29udGVudFwvdXBsb2Fkc1wvMjAyNFwvMDVcL1ZhbGVudGluZUNBUlJFLTA3LmpwZyIsInNsaWRlc2hvdyI6IjE0OWFmZDEifQ%3D%3D\" href=\"https:\/\/valentinecarre-photographe.com\/wp-content\/uploads\/2024\/05\/ValentineCARRE-07.jpg\"><img loading=\"lazy\" decoding=\"async\" width=\"1024\" height=\"683\" src=\"https:\/\/valentinecarre-photographe.com\/wp-content\/uploads\/2024\/05\/ValentineCARRE-07-1024x683.jpg\" class=\"attachment-large size-large\" alt=\"Surf \u00e0 Capo di Feno - Valentine Carre Photographe\" aria-describedby=\"gallery-1-8971\" srcset=\"https:\/\/valentinecarre-photographe.com\/wp-content\/uploads\/2024\/05\/ValentineCARRE-07-1024x683.jpg 1024w, https:\/\/valentinecarre-photographe.com\/wp-content\/uploads\/2024\/05\/ValentineCARRE-07-300x200.jpg 300w, https:\/\/valentinecarre-photographe.com\/wp-content\/uploads\/2024\/05\/ValentineCARRE-07-768x512.jpg 768w, https:\/\/valentinecarre-photographe.com\/wp-content\/uploads\/2024\/05\/ValentineCARRE-07-1536x1024.jpg 1536w, https:\/\/valentinecarre-photographe.com\/wp-content\/uploads\/2024\/05\/ValentineCARRE-07.jpg 2048w\" sizes=\"(max-width: 1024px) 100vw, 1024px\" title=\"%Valentine Carre Photographe% %Photographie nature Corse%\"><\/a>\n\t\t\t<\/div>\n\t\t\t\t<figcaption class='wp-caption-text gallery-caption' id='gallery-1-8971'>\n\t\t\t\tSurf \u00e0 Capo di Feno &#8211; Valentine Carre Photographe \n\t\t\t\t<\/figcaption><\/figure><figure class='gallery-item'>\n\t\t\t<div class='gallery-icon landscape'>\n\t\t\t\t<a data-elementor-open-lightbox=\"yes\" data-elementor-lightbox-slideshow=\"149afd1\" data-e-action-hash=\"#elementor-action%3Aaction%3Dlightbox%26settings%3DeyJpZCI6ODk2MSwidXJsIjoiaHR0cHM6XC9cL3ZhbGVudGluZWNhcnJlLXBob3RvZ3JhcGhlLmNvbVwvd3AtY29udGVudFwvdXBsb2Fkc1wvMjAyNFwvMDVcL1ZhbGVudGluZUNBUlJFLTAyLmpwZyIsInNsaWRlc2hvdyI6IjE0OWFmZDEifQ%3D%3D\" href=\"https:\/\/valentinecarre-photographe.com\/wp-content\/uploads\/2024\/05\/ValentineCARRE-02.jpg\"><img loading=\"lazy\" decoding=\"async\" width=\"1024\" height=\"683\" src=\"https:\/\/valentinecarre-photographe.com\/wp-content\/uploads\/2024\/05\/ValentineCARRE-02-1024x683.jpg\" class=\"attachment-large size-large\" alt=\"Surf \u00e0 Capo di Feno - Valentine Carre Photographe\" aria-describedby=\"gallery-1-8961\" srcset=\"https:\/\/valentinecarre-photographe.com\/wp-content\/uploads\/2024\/05\/ValentineCARRE-02-1024x683.jpg 1024w, https:\/\/valentinecarre-photographe.com\/wp-content\/uploads\/2024\/05\/ValentineCARRE-02-300x200.jpg 300w, https:\/\/valentinecarre-photographe.com\/wp-content\/uploads\/2024\/05\/ValentineCARRE-02-768x512.jpg 768w, https:\/\/valentinecarre-photographe.com\/wp-content\/uploads\/2024\/05\/ValentineCARRE-02-1536x1024.jpg 1536w, https:\/\/valentinecarre-photographe.com\/wp-content\/uploads\/2024\/05\/ValentineCARRE-02.jpg 2048w\" sizes=\"(max-width: 1024px) 100vw, 1024px\" title=\"%Valentine Carre Photographe% %Photographie nature Corse%\"><\/a>\n\t\t\t<\/div>\n\t\t\t\t<figcaption class='wp-caption-text gallery-caption' id='gallery-1-8961'>\n\t\t\t\tSurf \u00e0 Capo di Feno &#8211; Valentine Carre Photographe \n\t\t\t\t<\/figcaption><\/figure><figure class='gallery-item'>\n\t\t\t<div class='gallery-icon landscape'>\n\t\t\t\t<a data-elementor-open-lightbox=\"yes\" data-elementor-lightbox-slideshow=\"149afd1\" data-e-action-hash=\"#elementor-action%3Aaction%3Dlightbox%26settings%3DeyJpZCI6ODk3MywidXJsIjoiaHR0cHM6XC9cL3ZhbGVudGluZWNhcnJlLXBob3RvZ3JhcGhlLmNvbVwvd3AtY29udGVudFwvdXBsb2Fkc1wvMjAyNFwvMDVcL1ZhbGVudGluZUNBUlJFLTA5LmpwZyIsInNsaWRlc2hvdyI6IjE0OWFmZDEifQ%3D%3D\" href=\"https:\/\/valentinecarre-photographe.com\/wp-content\/uploads\/2024\/05\/ValentineCARRE-09.jpg\"><img loading=\"lazy\" decoding=\"async\" width=\"1024\" height=\"683\" src=\"https:\/\/valentinecarre-photographe.com\/wp-content\/uploads\/2024\/05\/ValentineCARRE-09-1024x683.jpg\" class=\"attachment-large size-large\" alt=\"Surf \u00e0 Capo di Feno - Valentine Carre Photographe\" aria-describedby=\"gallery-1-8973\" srcset=\"https:\/\/valentinecarre-photographe.com\/wp-content\/uploads\/2024\/05\/ValentineCARRE-09-1024x683.jpg 1024w, https:\/\/valentinecarre-photographe.com\/wp-content\/uploads\/2024\/05\/ValentineCARRE-09-300x200.jpg 300w, https:\/\/valentinecarre-photographe.com\/wp-content\/uploads\/2024\/05\/ValentineCARRE-09-768x512.jpg 768w, https:\/\/valentinecarre-photographe.com\/wp-content\/uploads\/2024\/05\/ValentineCARRE-09-1536x1024.jpg 1536w, https:\/\/valentinecarre-photographe.com\/wp-content\/uploads\/2024\/05\/ValentineCARRE-09.jpg 2048w\" sizes=\"(max-width: 1024px) 100vw, 1024px\" title=\"%Valentine Carre Photographe% %Photographie nature Corse%\"><\/a>\n\t\t\t<\/div>\n\t\t\t\t<figcaption class='wp-caption-text gallery-caption' id='gallery-1-8973'>\n\t\t\t\tSurf \u00e0 Capo di Feno &#8211; Valentine Carre Photographe \n\t\t\t\t<\/figcaption><\/figure><figure class='gallery-item'>\n\t\t\t<div class='gallery-icon landscape'>\n\t\t\t\t<a data-elementor-open-lightbox=\"yes\" data-elementor-lightbox-slideshow=\"149afd1\" data-e-action-hash=\"#elementor-action%3Aaction%3Dlightbox%26settings%3DeyJpZCI6ODk3NiwidXJsIjoiaHR0cHM6XC9cL3ZhbGVudGluZWNhcnJlLXBob3RvZ3JhcGhlLmNvbVwvd3AtY29udGVudFwvdXBsb2Fkc1wvMjAyNFwvMDVcL1ZhbGVudGluZUNBUlJFLTEyLmpwZyIsInNsaWRlc2hvdyI6IjE0OWFmZDEifQ%3D%3D\" href=\"https:\/\/valentinecarre-photographe.com\/wp-content\/uploads\/2024\/05\/ValentineCARRE-12.jpg\"><img loading=\"lazy\" decoding=\"async\" width=\"1024\" height=\"683\" src=\"https:\/\/valentinecarre-photographe.com\/wp-content\/uploads\/2024\/05\/ValentineCARRE-12-1024x683.jpg\" class=\"attachment-large size-large\" alt=\"Surf \u00e0 Capo di Feno - Valentine Carre Photographe\" aria-describedby=\"gallery-1-8976\" srcset=\"https:\/\/valentinecarre-photographe.com\/wp-content\/uploads\/2024\/05\/ValentineCARRE-12-1024x683.jpg 1024w, https:\/\/valentinecarre-photographe.com\/wp-content\/uploads\/2024\/05\/ValentineCARRE-12-300x200.jpg 300w, https:\/\/valentinecarre-photographe.com\/wp-content\/uploads\/2024\/05\/ValentineCARRE-12-768x512.jpg 768w, https:\/\/valentinecarre-photographe.com\/wp-content\/uploads\/2024\/05\/ValentineCARRE-12-1536x1024.jpg 1536w, https:\/\/valentinecarre-photographe.com\/wp-content\/uploads\/2024\/05\/ValentineCARRE-12.jpg 2048w\" sizes=\"(max-width: 1024px) 100vw, 1024px\" title=\"%Valentine Carre Photographe% %Photographie nature Corse%\"><\/a>\n\t\t\t<\/div>\n\t\t\t\t<figcaption class='wp-caption-text gallery-caption' id='gallery-1-8976'>\n\t\t\t\tSurf \u00e0 Capo di Feno &#8211; Valentine Carre Photographe \n\t\t\t\t<\/figcaption><\/figure><figure class='gallery-item'>\n\t\t\t<div class='gallery-icon landscape'>\n\t\t\t\t<a data-elementor-open-lightbox=\"yes\" data-elementor-lightbox-slideshow=\"149afd1\" data-e-action-hash=\"#elementor-action%3Aaction%3Dlightbox%26settings%3DeyJpZCI6ODk3OCwidXJsIjoiaHR0cHM6XC9cL3ZhbGVudGluZWNhcnJlLXBob3RvZ3JhcGhlLmNvbVwvd3AtY29udGVudFwvdXBsb2Fkc1wvMjAyNFwvMDVcL1ZhbGVudGluZUNBUlJFLTE0LmpwZyIsInNsaWRlc2hvdyI6IjE0OWFmZDEifQ%3D%3D\" href=\"https:\/\/valentinecarre-photographe.com\/wp-content\/uploads\/2024\/05\/ValentineCARRE-14.jpg\"><img loading=\"lazy\" decoding=\"async\" width=\"1024\" height=\"683\" src=\"https:\/\/valentinecarre-photographe.com\/wp-content\/uploads\/2024\/05\/ValentineCARRE-14-1024x683.jpg\" class=\"attachment-large size-large\" alt=\"Surf \u00e0 Capo di Feno - Valentine Carre Photographe\" aria-describedby=\"gallery-1-8978\" srcset=\"https:\/\/valentinecarre-photographe.com\/wp-content\/uploads\/2024\/05\/ValentineCARRE-14-1024x683.jpg 1024w, https:\/\/valentinecarre-photographe.com\/wp-content\/uploads\/2024\/05\/ValentineCARRE-14-300x200.jpg 300w, https:\/\/valentinecarre-photographe.com\/wp-content\/uploads\/2024\/05\/ValentineCARRE-14-768x512.jpg 768w, https:\/\/valentinecarre-photographe.com\/wp-content\/uploads\/2024\/05\/ValentineCARRE-14-1536x1024.jpg 1536w, https:\/\/valentinecarre-photographe.com\/wp-content\/uploads\/2024\/05\/ValentineCARRE-14.jpg 2048w\" sizes=\"(max-width: 1024px) 100vw, 1024px\" title=\"%Valentine Carre Photographe% %Photographie nature Corse%\"><\/a>\n\t\t\t<\/div>\n\t\t\t\t<figcaption class='wp-caption-text gallery-caption' id='gallery-1-8978'>\n\t\t\t\tSurf \u00e0 Capo di Feno &#8211; Valentine Carre Photographe \n\t\t\t\t<\/figcaption><\/figure><figure class='gallery-item'>\n\t\t\t<div class='gallery-icon landscape'>\n\t\t\t\t<a data-elementor-open-lightbox=\"yes\" data-elementor-lightbox-slideshow=\"149afd1\" data-e-action-hash=\"#elementor-action%3Aaction%3Dlightbox%26settings%3DeyJpZCI6ODk5OCwidXJsIjoiaHR0cHM6XC9cL3ZhbGVudGluZWNhcnJlLXBob3RvZ3JhcGhlLmNvbVwvd3AtY29udGVudFwvdXBsb2Fkc1wvMjAyNFwvMDVcL1ZhbGVudGluZUNBUlJFLTM0LmpwZyIsInNsaWRlc2hvdyI6IjE0OWFmZDEifQ%3D%3D\" href=\"https:\/\/valentinecarre-photographe.com\/wp-content\/uploads\/2024\/05\/ValentineCARRE-34.jpg\"><img loading=\"lazy\" decoding=\"async\" width=\"1024\" height=\"683\" src=\"https:\/\/valentinecarre-photographe.com\/wp-content\/uploads\/2024\/05\/ValentineCARRE-34-1024x683.jpg\" class=\"attachment-large size-large\" alt=\"Surf \u00e0 Capo di Feno - Valentine Carre Photographe\" aria-describedby=\"gallery-1-8998\" srcset=\"https:\/\/valentinecarre-photographe.com\/wp-content\/uploads\/2024\/05\/ValentineCARRE-34-1024x683.jpg 1024w, https:\/\/valentinecarre-photographe.com\/wp-content\/uploads\/2024\/05\/ValentineCARRE-34-300x200.jpg 300w, https:\/\/valentinecarre-photographe.com\/wp-content\/uploads\/2024\/05\/ValentineCARRE-34-768x512.jpg 768w, https:\/\/valentinecarre-photographe.com\/wp-content\/uploads\/2024\/05\/ValentineCARRE-34-1536x1024.jpg 1536w, https:\/\/valentinecarre-photographe.com\/wp-content\/uploads\/2024\/05\/ValentineCARRE-34.jpg 2048w\" sizes=\"(max-width: 1024px) 100vw, 1024px\" title=\"%Valentine Carre Photographe% %Photographie nature Corse%\"><\/a>\n\t\t\t<\/div>\n\t\t\t\t<figcaption class='wp-caption-text gallery-caption' id='gallery-1-8998'>\n\t\t\t\tSurf \u00e0 Capo di Feno &#8211; Valentine Carre Photographe \n\t\t\t\t<\/figcaption><\/figure><figure class='gallery-item'>\n\t\t\t<div class='gallery-icon landscape'>\n\t\t\t\t<a data-elementor-open-lightbox=\"yes\" data-elementor-lightbox-slideshow=\"149afd1\" data-e-action-hash=\"#elementor-action%3Aaction%3Dlightbox%26settings%3DeyJpZCI6ODk5NiwidXJsIjoiaHR0cHM6XC9cL3ZhbGVudGluZWNhcnJlLXBob3RvZ3JhcGhlLmNvbVwvd3AtY29udGVudFwvdXBsb2Fkc1wvMjAyNFwvMDVcL1ZhbGVudGluZUNBUlJFLTMyLmpwZyIsInNsaWRlc2hvdyI6IjE0OWFmZDEifQ%3D%3D\" href=\"https:\/\/valentinecarre-photographe.com\/wp-content\/uploads\/2024\/05\/ValentineCARRE-32.jpg\"><img loading=\"lazy\" decoding=\"async\" width=\"1024\" height=\"683\" src=\"https:\/\/valentinecarre-photographe.com\/wp-content\/uploads\/2024\/05\/ValentineCARRE-32-1024x683.jpg\" class=\"attachment-large size-large\" alt=\"Surf \u00e0 Capo di Feno - Valentine Carre Photographe\" aria-describedby=\"gallery-1-8996\" srcset=\"https:\/\/valentinecarre-photographe.com\/wp-content\/uploads\/2024\/05\/ValentineCARRE-32-1024x683.jpg 1024w, https:\/\/valentinecarre-photographe.com\/wp-content\/uploads\/2024\/05\/ValentineCARRE-32-300x200.jpg 300w, https:\/\/valentinecarre-photographe.com\/wp-content\/uploads\/2024\/05\/ValentineCARRE-32-768x512.jpg 768w, https:\/\/valentinecarre-photographe.com\/wp-content\/uploads\/2024\/05\/ValentineCARRE-32-1536x1024.jpg 1536w, https:\/\/valentinecarre-photographe.com\/wp-content\/uploads\/2024\/05\/ValentineCARRE-32.jpg 2048w\" sizes=\"(max-width: 1024px) 100vw, 1024px\" title=\"%Valentine Carre Photographe% %Photographie nature Corse%\"><\/a>\n\t\t\t<\/div>\n\t\t\t\t<figcaption class='wp-caption-text gallery-caption' id='gallery-1-8996'>\n\t\t\t\tSurf \u00e0 Capo di Feno &#8211; Valentine Carre Photographe \n\t\t\t\t<\/figcaption><\/figure><figure class='gallery-item'>\n\t\t\t<div class='gallery-icon landscape'>\n\t\t\t\t<a data-elementor-open-lightbox=\"yes\" data-elementor-lightbox-slideshow=\"149afd1\" data-e-action-hash=\"#elementor-action%3Aaction%3Dlightbox%26settings%3DeyJpZCI6ODk4NywidXJsIjoiaHR0cHM6XC9cL3ZhbGVudGluZWNhcnJlLXBob3RvZ3JhcGhlLmNvbVwvd3AtY29udGVudFwvdXBsb2Fkc1wvMjAyNFwvMDVcL1ZhbGVudGluZUNBUlJFLTIzLmpwZyIsInNsaWRlc2hvdyI6IjE0OWFmZDEifQ%3D%3D\" href=\"https:\/\/valentinecarre-photographe.com\/wp-content\/uploads\/2024\/05\/ValentineCARRE-23.jpg\"><img loading=\"lazy\" decoding=\"async\" width=\"1024\" height=\"683\" src=\"https:\/\/valentinecarre-photographe.com\/wp-content\/uploads\/2024\/05\/ValentineCARRE-23-1024x683.jpg\" class=\"attachment-large size-large\" alt=\"Surf \u00e0 Capo di Feno - Valentine Carre Photographe\" aria-describedby=\"gallery-1-8987\" srcset=\"https:\/\/valentinecarre-photographe.com\/wp-content\/uploads\/2024\/05\/ValentineCARRE-23-1024x683.jpg 1024w, https:\/\/valentinecarre-photographe.com\/wp-content\/uploads\/2024\/05\/ValentineCARRE-23-300x200.jpg 300w, https:\/\/valentinecarre-photographe.com\/wp-content\/uploads\/2024\/05\/ValentineCARRE-23-768x512.jpg 768w, https:\/\/valentinecarre-photographe.com\/wp-content\/uploads\/2024\/05\/ValentineCARRE-23-1536x1024.jpg 1536w, https:\/\/valentinecarre-photographe.com\/wp-content\/uploads\/2024\/05\/ValentineCARRE-23.jpg 2048w\" sizes=\"(max-width: 1024px) 100vw, 1024px\" title=\"%Valentine Carre Photographe% %Photographie nature Corse%\"><\/a>\n\t\t\t<\/div>\n\t\t\t\t<figcaption class='wp-caption-text gallery-caption' id='gallery-1-8987'>\n\t\t\t\tSurf \u00e0 Capo di Feno &#8211; Valentine Carre Photographe \n\t\t\t\t<\/figcaption><\/figure><figure class='gallery-item'>\n\t\t\t<div class='gallery-icon landscape'>\n\t\t\t\t<a data-elementor-open-lightbox=\"yes\" data-elementor-lightbox-slideshow=\"149afd1\" data-e-action-hash=\"#elementor-action%3Aaction%3Dlightbox%26settings%3DeyJpZCI6ODk4NiwidXJsIjoiaHR0cHM6XC9cL3ZhbGVudGluZWNhcnJlLXBob3RvZ3JhcGhlLmNvbVwvd3AtY29udGVudFwvdXBsb2Fkc1wvMjAyNFwvMDVcL1ZhbGVudGluZUNBUlJFLTIyLmpwZyIsInNsaWRlc2hvdyI6IjE0OWFmZDEifQ%3D%3D\" href=\"https:\/\/valentinecarre-photographe.com\/wp-content\/uploads\/2024\/05\/ValentineCARRE-22.jpg\"><img loading=\"lazy\" decoding=\"async\" width=\"1024\" height=\"683\" src=\"https:\/\/valentinecarre-photographe.com\/wp-content\/uploads\/2024\/05\/ValentineCARRE-22-1024x683.jpg\" class=\"attachment-large size-large\" alt=\"Surf \u00e0 Capo di Feno - Valentine Carre Photographe\" aria-describedby=\"gallery-1-8986\" srcset=\"https:\/\/valentinecarre-photographe.com\/wp-content\/uploads\/2024\/05\/ValentineCARRE-22-1024x683.jpg 1024w, https:\/\/valentinecarre-photographe.com\/wp-content\/uploads\/2024\/05\/ValentineCARRE-22-300x200.jpg 300w, https:\/\/valentinecarre-photographe.com\/wp-content\/uploads\/2024\/05\/ValentineCARRE-22-768x512.jpg 768w, https:\/\/valentinecarre-photographe.com\/wp-content\/uploads\/2024\/05\/ValentineCARRE-22-1536x1024.jpg 1536w, https:\/\/valentinecarre-photographe.com\/wp-content\/uploads\/2024\/05\/ValentineCARRE-22.jpg 2048w\" sizes=\"(max-width: 1024px) 100vw, 1024px\" title=\"%Valentine Carre Photographe% %Photographie nature Corse%\"><\/a>\n\t\t\t<\/div>\n\t\t\t\t<figcaption class='wp-caption-text gallery-caption' id='gallery-1-8986'>\n\t\t\t\tSurf \u00e0 Capo di Feno &#8211; Valentine Carre Photographe \n\t\t\t\t<\/figcaption><\/figure><figure class='gallery-item'>\n\t\t\t<div class='gallery-icon landscape'>\n\t\t\t\t<a data-elementor-open-lightbox=\"yes\" data-elementor-lightbox-slideshow=\"149afd1\" data-e-action-hash=\"#elementor-action%3Aaction%3Dlightbox%26settings%3DeyJpZCI6ODk3OSwidXJsIjoiaHR0cHM6XC9cL3ZhbGVudGluZWNhcnJlLXBob3RvZ3JhcGhlLmNvbVwvd3AtY29udGVudFwvdXBsb2Fkc1wvMjAyNFwvMDVcL1ZhbGVudGluZUNBUlJFLTE1LmpwZyIsInNsaWRlc2hvdyI6IjE0OWFmZDEifQ%3D%3D\" href=\"https:\/\/valentinecarre-photographe.com\/wp-content\/uploads\/2024\/05\/ValentineCARRE-15.jpg\"><img loading=\"lazy\" decoding=\"async\" width=\"1024\" height=\"683\" src=\"https:\/\/valentinecarre-photographe.com\/wp-content\/uploads\/2024\/05\/ValentineCARRE-15-1024x683.jpg\" class=\"attachment-large size-large\" alt=\"Surf \u00e0 Capo di Feno - Valentine Carre Photographe\" aria-describedby=\"gallery-1-8979\" srcset=\"https:\/\/valentinecarre-photographe.com\/wp-content\/uploads\/2024\/05\/ValentineCARRE-15-1024x683.jpg 1024w, https:\/\/valentinecarre-photographe.com\/wp-content\/uploads\/2024\/05\/ValentineCARRE-15-300x200.jpg 300w, https:\/\/valentinecarre-photographe.com\/wp-content\/uploads\/2024\/05\/ValentineCARRE-15-768x512.jpg 768w, https:\/\/valentinecarre-photographe.com\/wp-content\/uploads\/2024\/05\/ValentineCARRE-15-1536x1024.jpg 1536w, https:\/\/valentinecarre-photographe.com\/wp-content\/uploads\/2024\/05\/ValentineCARRE-15.jpg 2048w\" sizes=\"(max-width: 1024px) 100vw, 1024px\" title=\"%Valentine Carre Photographe% %Photographie nature Corse%\"><\/a>\n\t\t\t<\/div>\n\t\t\t\t<figcaption class='wp-caption-text gallery-caption' id='gallery-1-8979'>\n\t\t\t\tSurf \u00e0 Capo di Feno &#8211; Valentine Carre Photographe \n\t\t\t\t<\/figcaption><\/figure><figure class='gallery-item'>\n\t\t\t<div class='gallery-icon landscape'>\n\t\t\t\t<a data-elementor-open-lightbox=\"yes\" data-elementor-lightbox-slideshow=\"149afd1\" data-e-action-hash=\"#elementor-action%3Aaction%3Dlightbox%26settings%3DeyJpZCI6ODk5NSwidXJsIjoiaHR0cHM6XC9cL3ZhbGVudGluZWNhcnJlLXBob3RvZ3JhcGhlLmNvbVwvd3AtY29udGVudFwvdXBsb2Fkc1wvMjAyNFwvMDVcL1ZhbGVudGluZUNBUlJFLTMxLmpwZyIsInNsaWRlc2hvdyI6IjE0OWFmZDEifQ%3D%3D\" href=\"https:\/\/valentinecarre-photographe.com\/wp-content\/uploads\/2024\/05\/ValentineCARRE-31.jpg\"><img loading=\"lazy\" decoding=\"async\" width=\"1024\" height=\"683\" src=\"https:\/\/valentinecarre-photographe.com\/wp-content\/uploads\/2024\/05\/ValentineCARRE-31-1024x683.jpg\" class=\"attachment-large size-large\" alt=\"Surf \u00e0 Capo di Feno - Valentine Carre Photographe\" aria-describedby=\"gallery-1-8995\" srcset=\"https:\/\/valentinecarre-photographe.com\/wp-content\/uploads\/2024\/05\/ValentineCARRE-31-1024x683.jpg 1024w, https:\/\/valentinecarre-photographe.com\/wp-content\/uploads\/2024\/05\/ValentineCARRE-31-300x200.jpg 300w, https:\/\/valentinecarre-photographe.com\/wp-content\/uploads\/2024\/05\/ValentineCARRE-31-768x512.jpg 768w, https:\/\/valentinecarre-photographe.com\/wp-content\/uploads\/2024\/05\/ValentineCARRE-31-1536x1024.jpg 1536w, https:\/\/valentinecarre-photographe.com\/wp-content\/uploads\/2024\/05\/ValentineCARRE-31.jpg 2048w\" sizes=\"(max-width: 1024px) 100vw, 1024px\" title=\"%Valentine Carre Photographe% %Photographie nature Corse%\"><\/a>\n\t\t\t<\/div>\n\t\t\t\t<figcaption class='wp-caption-text gallery-caption' id='gallery-1-8995'>\n\t\t\t\tSurf \u00e0 Capo di Feno &#8211; Valentine Carre Photographe \n\t\t\t\t<\/figcaption><\/figure><figure class='gallery-item'>\n\t\t\t<div class='gallery-icon landscape'>\n\t\t\t\t<a data-elementor-open-lightbox=\"yes\" data-elementor-lightbox-slideshow=\"149afd1\" data-e-action-hash=\"#elementor-action%3Aaction%3Dlightbox%26settings%3DeyJpZCI6ODk5OSwidXJsIjoiaHR0cHM6XC9cL3ZhbGVudGluZWNhcnJlLXBob3RvZ3JhcGhlLmNvbVwvd3AtY29udGVudFwvdXBsb2Fkc1wvMjAyNFwvMDVcL1ZhbGVudGluZUNBUlJFLTM1LmpwZyIsInNsaWRlc2hvdyI6IjE0OWFmZDEifQ%3D%3D\" href=\"https:\/\/valentinecarre-photographe.com\/wp-content\/uploads\/2024\/05\/ValentineCARRE-35.jpg\"><img loading=\"lazy\" decoding=\"async\" width=\"1024\" height=\"683\" src=\"https:\/\/valentinecarre-photographe.com\/wp-content\/uploads\/2024\/05\/ValentineCARRE-35-1024x683.jpg\" class=\"attachment-large size-large\" alt=\"Surf \u00e0 Capo di Feno - Valentine Carre Photographe\" aria-describedby=\"gallery-1-8999\" srcset=\"https:\/\/valentinecarre-photographe.com\/wp-content\/uploads\/2024\/05\/ValentineCARRE-35-1024x683.jpg 1024w, https:\/\/valentinecarre-photographe.com\/wp-content\/uploads\/2024\/05\/ValentineCARRE-35-300x200.jpg 300w, https:\/\/valentinecarre-photographe.com\/wp-content\/uploads\/2024\/05\/ValentineCARRE-35-768x512.jpg 768w, https:\/\/valentinecarre-photographe.com\/wp-content\/uploads\/2024\/05\/ValentineCARRE-35-1536x1024.jpg 1536w, https:\/\/valentinecarre-photographe.com\/wp-content\/uploads\/2024\/05\/ValentineCARRE-35.jpg 2048w\" sizes=\"(max-width: 1024px) 100vw, 1024px\" title=\"%Valentine Carre Photographe% %Photographie nature Corse%\"><\/a>\n\t\t\t<\/div>\n\t\t\t\t<figcaption class='wp-caption-text gallery-caption' id='gallery-1-8999'>\n\t\t\t\tSurf \u00e0 Capo di Feno &#8211; Valentine Carre Photographe \n\t\t\t\t<\/figcaption><\/figure><figure class='gallery-item'>\n\t\t\t<div class='gallery-icon landscape'>\n\t\t\t\t<a data-elementor-open-lightbox=\"yes\" data-elementor-lightbox-slideshow=\"149afd1\" data-e-action-hash=\"#elementor-action%3Aaction%3Dlightbox%26settings%3DeyJpZCI6ODk4NCwidXJsIjoiaHR0cHM6XC9cL3ZhbGVudGluZWNhcnJlLXBob3RvZ3JhcGhlLmNvbVwvd3AtY29udGVudFwvdXBsb2Fkc1wvMjAyNFwvMDVcL1ZhbGVudGluZUNBUlJFLTIwLmpwZyIsInNsaWRlc2hvdyI6IjE0OWFmZDEifQ%3D%3D\" href=\"https:\/\/valentinecarre-photographe.com\/wp-content\/uploads\/2024\/05\/ValentineCARRE-20.jpg\"><img loading=\"lazy\" decoding=\"async\" width=\"1024\" height=\"683\" src=\"https:\/\/valentinecarre-photographe.com\/wp-content\/uploads\/2024\/05\/ValentineCARRE-20-1024x683.jpg\" class=\"attachment-large size-large\" alt=\"Surf \u00e0 Capo di Feno - Valentine Carre Photographe\" aria-describedby=\"gallery-1-8984\" srcset=\"https:\/\/valentinecarre-photographe.com\/wp-content\/uploads\/2024\/05\/ValentineCARRE-20-1024x683.jpg 1024w, https:\/\/valentinecarre-photographe.com\/wp-content\/uploads\/2024\/05\/ValentineCARRE-20-300x200.jpg 300w, https:\/\/valentinecarre-photographe.com\/wp-content\/uploads\/2024\/05\/ValentineCARRE-20-768x512.jpg 768w, https:\/\/valentinecarre-photographe.com\/wp-content\/uploads\/2024\/05\/ValentineCARRE-20-1536x1024.jpg 1536w, https:\/\/valentinecarre-photographe.com\/wp-content\/uploads\/2024\/05\/ValentineCARRE-20.jpg 2048w\" sizes=\"(max-width: 1024px) 100vw, 1024px\" title=\"%Valentine Carre Photographe% %Photographie nature Corse%\"><\/a>\n\t\t\t<\/div>\n\t\t\t\t<figcaption class='wp-caption-text gallery-caption' id='gallery-1-8984'>\n\t\t\t\tSurf \u00e0 Capo di Feno &#8211; Valentine Carre Photographe \n\t\t\t\t<\/figcaption><\/figure><figure class='gallery-item'>\n\t\t\t<div class='gallery-icon landscape'>\n\t\t\t\t<a data-elementor-open-lightbox=\"yes\" data-elementor-lightbox-slideshow=\"149afd1\" data-e-action-hash=\"#elementor-action%3Aaction%3Dlightbox%26settings%3DeyJpZCI6ODk5MiwidXJsIjoiaHR0cHM6XC9cL3ZhbGVudGluZWNhcnJlLXBob3RvZ3JhcGhlLmNvbVwvd3AtY29udGVudFwvdXBsb2Fkc1wvMjAyNFwvMDVcL1ZhbGVudGluZUNBUlJFLTI4LmpwZyIsInNsaWRlc2hvdyI6IjE0OWFmZDEifQ%3D%3D\" href=\"https:\/\/valentinecarre-photographe.com\/wp-content\/uploads\/2024\/05\/ValentineCARRE-28.jpg\"><img loading=\"lazy\" decoding=\"async\" width=\"1024\" height=\"683\" src=\"https:\/\/valentinecarre-photographe.com\/wp-content\/uploads\/2024\/05\/ValentineCARRE-28-1024x683.jpg\" class=\"attachment-large size-large\" alt=\"Surf \u00e0 Capo di Feno - Valentine Carre Photographe\" aria-describedby=\"gallery-1-8992\" srcset=\"https:\/\/valentinecarre-photographe.com\/wp-content\/uploads\/2024\/05\/ValentineCARRE-28-1024x683.jpg 1024w, https:\/\/valentinecarre-photographe.com\/wp-content\/uploads\/2024\/05\/ValentineCARRE-28-300x200.jpg 300w, https:\/\/valentinecarre-photographe.com\/wp-content\/uploads\/2024\/05\/ValentineCARRE-28-768x512.jpg 768w, https:\/\/valentinecarre-photographe.com\/wp-content\/uploads\/2024\/05\/ValentineCARRE-28-1536x1024.jpg 1536w, https:\/\/valentinecarre-photographe.com\/wp-content\/uploads\/2024\/05\/ValentineCARRE-28.jpg 2048w\" sizes=\"(max-width: 1024px) 100vw, 1024px\" title=\"%Valentine Carre Photographe% %Photographie nature Corse%\"><\/a>\n\t\t\t<\/div>\n\t\t\t\t<figcaption class='wp-caption-text gallery-caption' id='gallery-1-8992'>\n\t\t\t\tSurf \u00e0 Capo di Feno &#8211; Valentine Carre Photographe \n\t\t\t\t<\/figcaption><\/figure><figure class='gallery-item'>\n\t\t\t<div class='gallery-icon landscape'>\n\t\t\t\t<a data-elementor-open-lightbox=\"yes\" data-elementor-lightbox-slideshow=\"149afd1\" data-e-action-hash=\"#elementor-action%3Aaction%3Dlightbox%26settings%3DeyJpZCI6ODk4NSwidXJsIjoiaHR0cHM6XC9cL3ZhbGVudGluZWNhcnJlLXBob3RvZ3JhcGhlLmNvbVwvd3AtY29udGVudFwvdXBsb2Fkc1wvMjAyNFwvMDVcL1ZhbGVudGluZUNBUlJFLTIxLmpwZyIsInNsaWRlc2hvdyI6IjE0OWFmZDEifQ%3D%3D\" href=\"https:\/\/valentinecarre-photographe.com\/wp-content\/uploads\/2024\/05\/ValentineCARRE-21.jpg\"><img loading=\"lazy\" decoding=\"async\" width=\"1024\" height=\"683\" src=\"https:\/\/valentinecarre-photographe.com\/wp-content\/uploads\/2024\/05\/ValentineCARRE-21-1024x683.jpg\" class=\"attachment-large size-large\" alt=\"Surf \u00e0 Capo di Feno - Valentine Carre Photographe\" aria-describedby=\"gallery-1-8985\" srcset=\"https:\/\/valentinecarre-photographe.com\/wp-content\/uploads\/2024\/05\/ValentineCARRE-21-1024x683.jpg 1024w, https:\/\/valentinecarre-photographe.com\/wp-content\/uploads\/2024\/05\/ValentineCARRE-21-300x200.jpg 300w, https:\/\/valentinecarre-photographe.com\/wp-content\/uploads\/2024\/05\/ValentineCARRE-21-768x512.jpg 768w, https:\/\/valentinecarre-photographe.com\/wp-content\/uploads\/2024\/05\/ValentineCARRE-21-1536x1024.jpg 1536w, https:\/\/valentinecarre-photographe.com\/wp-content\/uploads\/2024\/05\/ValentineCARRE-21.jpg 2048w\" sizes=\"(max-width: 1024px) 100vw, 1024px\" title=\"%Valentine Carre Photographe% %Photographie nature Corse%\"><\/a>\n\t\t\t<\/div>\n\t\t\t\t<figcaption class='wp-caption-text gallery-caption' id='gallery-1-8985'>\n\t\t\t\tSurf \u00e0 Capo di Feno &#8211; Valentine Carre Photographe \n\t\t\t\t<\/figcaption><\/figure><figure class='gallery-item'>\n\t\t\t<div class='gallery-icon landscape'>\n\t\t\t\t<a data-elementor-open-lightbox=\"yes\" data-elementor-lightbox-slideshow=\"149afd1\" data-e-action-hash=\"#elementor-action%3Aaction%3Dlightbox%26settings%3DeyJpZCI6ODk5MCwidXJsIjoiaHR0cHM6XC9cL3ZhbGVudGluZWNhcnJlLXBob3RvZ3JhcGhlLmNvbVwvd3AtY29udGVudFwvdXBsb2Fkc1wvMjAyNFwvMDVcL1ZhbGVudGluZUNBUlJFLTI2LmpwZyIsInNsaWRlc2hvdyI6IjE0OWFmZDEifQ%3D%3D\" href=\"https:\/\/valentinecarre-photographe.com\/wp-content\/uploads\/2024\/05\/ValentineCARRE-26.jpg\"><img loading=\"lazy\" decoding=\"async\" width=\"1024\" height=\"683\" src=\"https:\/\/valentinecarre-photographe.com\/wp-content\/uploads\/2024\/05\/ValentineCARRE-26-1024x683.jpg\" class=\"attachment-large size-large\" alt=\"Surf \u00e0 Capo di Feno - Valentine Carre Photographe\" aria-describedby=\"gallery-1-8990\" srcset=\"https:\/\/valentinecarre-photographe.com\/wp-content\/uploads\/2024\/05\/ValentineCARRE-26-1024x683.jpg 1024w, https:\/\/valentinecarre-photographe.com\/wp-content\/uploads\/2024\/05\/ValentineCARRE-26-300x200.jpg 300w, https:\/\/valentinecarre-photographe.com\/wp-content\/uploads\/2024\/05\/ValentineCARRE-26-768x512.jpg 768w, https:\/\/valentinecarre-photographe.com\/wp-content\/uploads\/2024\/05\/ValentineCARRE-26-1536x1024.jpg 1536w, https:\/\/valentinecarre-photographe.com\/wp-content\/uploads\/2024\/05\/ValentineCARRE-26.jpg 2048w\" sizes=\"(max-width: 1024px) 100vw, 1024px\" title=\"%Valentine Carre Photographe% %Photographie nature Corse%\"><\/a>\n\t\t\t<\/div>\n\t\t\t\t<figcaption class='wp-caption-text gallery-caption' id='gallery-1-8990'>\n\t\t\t\tSurf \u00e0 Capo di Feno &#8211; Valentine Carre Photographe \n\t\t\t\t<\/figcaption><\/figure><figure class='gallery-item'>\n\t\t\t<div class='gallery-icon landscape'>\n\t\t\t\t<a data-elementor-open-lightbox=\"yes\" data-elementor-lightbox-slideshow=\"149afd1\" data-e-action-hash=\"#elementor-action%3Aaction%3Dlightbox%26settings%3DeyJpZCI6ODk5NywidXJsIjoiaHR0cHM6XC9cL3ZhbGVudGluZWNhcnJlLXBob3RvZ3JhcGhlLmNvbVwvd3AtY29udGVudFwvdXBsb2Fkc1wvMjAyNFwvMDVcL1ZhbGVudGluZUNBUlJFLTMzLmpwZyIsInNsaWRlc2hvdyI6IjE0OWFmZDEifQ%3D%3D\" href=\"https:\/\/valentinecarre-photographe.com\/wp-content\/uploads\/2024\/05\/ValentineCARRE-33.jpg\"><img loading=\"lazy\" decoding=\"async\" width=\"1024\" height=\"683\" src=\"https:\/\/valentinecarre-photographe.com\/wp-content\/uploads\/2024\/05\/ValentineCARRE-33-1024x683.jpg\" class=\"attachment-large size-large\" alt=\"Surf \u00e0 Capo di Feno - Valentine Carre Photographe\" aria-describedby=\"gallery-1-8997\" srcset=\"https:\/\/valentinecarre-photographe.com\/wp-content\/uploads\/2024\/05\/ValentineCARRE-33-1024x683.jpg 1024w, https:\/\/valentinecarre-photographe.com\/wp-content\/uploads\/2024\/05\/ValentineCARRE-33-300x200.jpg 300w, https:\/\/valentinecarre-photographe.com\/wp-content\/uploads\/2024\/05\/ValentineCARRE-33-768x512.jpg 768w, https:\/\/valentinecarre-photographe.com\/wp-content\/uploads\/2024\/05\/ValentineCARRE-33-1536x1024.jpg 1536w, https:\/\/valentinecarre-photographe.com\/wp-content\/uploads\/2024\/05\/ValentineCARRE-33.jpg 2048w\" sizes=\"(max-width: 1024px) 100vw, 1024px\" title=\"%Valentine Carre Photographe% %Photographie nature Corse%\"><\/a>\n\t\t\t<\/div>\n\t\t\t\t<figcaption class='wp-caption-text gallery-caption' id='gallery-1-8997'>\n\t\t\t\tSurf \u00e0 Capo di Feno &#8211; Valentine Carre Photographe \n\t\t\t\t<\/figcaption><\/figure><figure class='gallery-item'>\n\t\t\t<div class='gallery-icon landscape'>\n\t\t\t\t<a data-elementor-open-lightbox=\"yes\" data-elementor-lightbox-slideshow=\"149afd1\" data-e-action-hash=\"#elementor-action%3Aaction%3Dlightbox%26settings%3DeyJpZCI6ODk5MSwidXJsIjoiaHR0cHM6XC9cL3ZhbGVudGluZWNhcnJlLXBob3RvZ3JhcGhlLmNvbVwvd3AtY29udGVudFwvdXBsb2Fkc1wvMjAyNFwvMDVcL1ZhbGVudGluZUNBUlJFLTI3LmpwZyIsInNsaWRlc2hvdyI6IjE0OWFmZDEifQ%3D%3D\" href=\"https:\/\/valentinecarre-photographe.com\/wp-content\/uploads\/2024\/05\/ValentineCARRE-27.jpg\"><img loading=\"lazy\" decoding=\"async\" width=\"1024\" height=\"683\" src=\"https:\/\/valentinecarre-photographe.com\/wp-content\/uploads\/2024\/05\/ValentineCARRE-27-1024x683.jpg\" class=\"attachment-large size-large\" alt=\"Surf \u00e0 Capo di Feno - Valentine Carre Photographe\" aria-describedby=\"gallery-1-8991\" srcset=\"https:\/\/valentinecarre-photographe.com\/wp-content\/uploads\/2024\/05\/ValentineCARRE-27-1024x683.jpg 1024w, https:\/\/valentinecarre-photographe.com\/wp-content\/uploads\/2024\/05\/ValentineCARRE-27-300x200.jpg 300w, https:\/\/valentinecarre-photographe.com\/wp-content\/uploads\/2024\/05\/ValentineCARRE-27-768x512.jpg 768w, https:\/\/valentinecarre-photographe.com\/wp-content\/uploads\/2024\/05\/ValentineCARRE-27-1536x1024.jpg 1536w, https:\/\/valentinecarre-photographe.com\/wp-content\/uploads\/2024\/05\/ValentineCARRE-27.jpg 2048w\" sizes=\"(max-width: 1024px) 100vw, 1024px\" title=\"%Valentine Carre Photographe% %Photographie nature Corse%\"><\/a>\n\t\t\t<\/div>\n\t\t\t\t<figcaption class='wp-caption-text gallery-caption' id='gallery-1-8991'>\n\t\t\t\tSurf \u00e0 Capo di Feno &#8211; Valentine Carre Photographe \n\t\t\t\t<\/figcaption><\/figure>\n\t\t<\/div>\n\t\t<\/div>\n\t\t\t\t\t\t<\/div>\n\t\t\t\t\t<\/div>\n\t\t<\/div>\n\t\t\t\t\t<\/div>\n\t\t<\/section>\n\t\t\t\t<section class=\"elementor-section elementor-top-section elementor-element elementor-element-1697b21a elementor-section-content-middle elementor-section-stretched elementor-section-boxed elementor-section-height-default elementor-section-height-default wpr-particle-no wpr-jarallax-no wpr-parallax-no wpr-sticky-section-no wpr-equal-height-no elementor-invisible\" data-id=\"1697b21a\" data-element_type=\"section\" data-e-type=\"section\" data-settings=\"{&quot;stretch_section&quot;:&quot;section-stretched&quot;,&quot;animation&quot;:&quot;fadeIn&quot;}\">\n\t\t\t\t\t\t<div class=\"elementor-container elementor-column-gap-no\">\n\t\t\t\t\t<div class=\"elementor-column elementor-col-100 elementor-top-column elementor-element elementor-element-4ba78b90\" data-id=\"4ba78b90\" data-element_type=\"column\" data-e-type=\"column\">\n\t\t\t<div class=\"elementor-widget-wrap elementor-element-populated\">\n\t\t\t\t\t\t<div class=\"elementor-element elementor-element-1a8f81d3 elementor-widget elementor-widget-heading\" data-id=\"1a8f81d3\" data-element_type=\"widget\" data-e-type=\"widget\" data-widget_type=\"heading.default\">\n\t\t\t\t\t<h2 class=\"elementor-heading-title elementor-size-default\">D\u00e9couvrir d'autres albums <\/h2>\t\t\t\t<\/div>\n\t\t\t\t<div class=\"elementor-element elementor-element-7a53343e elementor-align-center elementor-mobile-align-center elementor-tablet-align-center elementor-widget elementor-widget-button\" data-id=\"7a53343e\" data-element_type=\"widget\" data-e-type=\"widget\" data-widget_type=\"button.default\">\n\t\t\t\t\t\t\t\t\t\t<a class=\"elementor-button elementor-button-link elementor-size-sm elementor-animation-grow\" href=\"https:\/\/valentinecarre-photographe.com\/index.php\/portfolio-photos-nature-corse\/\">\n\t\t\t\t\t\t<span class=\"elementor-button-content-wrapper\">\n\t\t\t\t\t\t\t\t\t<span class=\"elementor-button-text\">PORTFOLIO<\/span>\n\t\t\t\t\t<\/span>\n\t\t\t\t\t<\/a>\n\t\t\t\t\t\t\t\t<\/div>\n\t\t\t\t\t<\/div>\n\t\t<\/div>\n\t\t\t\t\t<\/div>\n\t\t<\/section>\n\t\t\t\t<\/div>\n\t\t","protected":false},"featured_media":8992,"template":"elementor_header_footer","elemenfoliocategory":[16],"class_list":["post-9261","elemenfolio","type-elemenfolio","status-publish","has-post-thumbnail","hentry","elemenfoliocategory-sport","entry","owp-thumbs-layout-vertical","owp-btn-big","owp-tabs-layout-horizontal","has-no-thumbnails","has-product-nav","circle-sale"],"_links":{"self":[{"href":"https:\/\/valentinecarre-photographe.com\/index.php\/wp-json\/wp\/v2\/elemenfolio\/9261","targetHints":{"allow":["GET"]}}],"collection":[{"href":"https:\/\/valentinecarre-photographe.com\/index.php\/wp-json\/wp\/v2\/elemenfolio"}],"about":[{"href":"https:\/\/valentinecarre-photographe.com\/index.php\/wp-json\/wp\/v2\/types\/elemenfolio"}],"version-history":[{"count":7,"href":"https:\/\/valentinecarre-photographe.com\/index.php\/wp-json\/wp\/v2\/elemenfolio\/9261\/revisions"}],"predecessor-version":[{"id":9272,"href":"https:\/\/valentinecarre-photographe.com\/index.php\/wp-json\/wp\/v2\/elemenfolio\/9261\/revisions\/9272"}],"wp:featuredmedia":[{"embeddable":true,"href":"https:\/\/valentinecarre-photographe.com\/index.php\/wp-json\/wp\/v2\/media\/8992"}],"wp:attachment":[{"href":"https:\/\/valentinecarre-photographe.com\/index.php\/wp-json\/wp\/v2\/media?parent=9261"}],"wp:term":[{"taxonomy":"elemenfoliocategory","embeddable":true,"href":"https:\/\/valentinecarre-photographe.com\/index.php\/wp-json\/wp\/v2\/elemenfoliocategory?post=9261"}],"curies":[{"name":"wp","href":"https:\/\/api.w.org\/{rel}","templated":true}]}}