{"id":11444,"date":"2025-06-14T18:29:40","date_gmt":"2025-06-14T18:29:40","guid":{"rendered":"https:\/\/valentinecarre-photographe.com\/?page_id=11444"},"modified":"2025-06-15T16:01:56","modified_gmt":"2025-06-15T16:01:56","slug":"photos-corse-a-vendre","status":"publish","type":"page","link":"https:\/\/valentinecarre-photographe.com\/index.php\/photos-corse-a-vendre\/","title":{"rendered":"SHOP"},"content":{"rendered":"\t\t<div data-elementor-type=\"wp-page\" data-elementor-id=\"11444\" class=\"elementor elementor-11444\">\n\t\t\t\t\t\t<section class=\"elementor-section elementor-top-section elementor-element elementor-element-fd16c2a elementor-section-height-min-height elementor-section-boxed elementor-section-height-default elementor-section-items-middle wpr-particle-no wpr-jarallax-no wpr-parallax-no wpr-sticky-section-no wpr-equal-height-no\" data-id=\"fd16c2a\" data-element_type=\"section\" data-e-type=\"section\" data-settings=\"{&quot;background_background&quot;:&quot;classic&quot;}\">\n\t\t\t\t\t\t<div class=\"elementor-container elementor-column-gap-default\">\n\t\t\t\t\t<div class=\"elementor-column elementor-col-100 elementor-top-column elementor-element elementor-element-d650308\" data-id=\"d650308\" data-element_type=\"column\" data-e-type=\"column\">\n\t\t\t<div class=\"elementor-widget-wrap elementor-element-populated\">\n\t\t\t\t\t\t<div class=\"elementor-element elementor-element-7570027 elementor-widget elementor-widget-heading\" data-id=\"7570027\" data-element_type=\"widget\" data-e-type=\"widget\" data-widget_type=\"heading.default\">\n\t\t\t\t\t<h3 class=\"elementor-heading-title elementor-size-default\">SHOP <\/h3>\t\t\t\t<\/div>\n\t\t\t\t<div class=\"elementor-element elementor-element-f6ef15c wpr-toggle-icon-cart-solid elementor-widget elementor-widget-wpr-product-mini-cart\" data-id=\"f6ef15c\" data-element_type=\"widget\" data-e-type=\"widget\" data-widget_type=\"wpr-product-mini-cart.default\">\n\t\t\t\t\t<div class=\"wpr-mini-cart-wrap woocommerce\"data-animation=\"\"><span class=\"wpr-mini-cart-inner\">\n\t\t<span class=\"wpr-mini-cart-toggle-wrap\">\n\t\t\t<a href=https:\/\/valentinecarre-photographe.com\/index.php\/photos-corse-a-vendre-2\/ class=\"wpr-mini-cart-toggle-btn\" aria-expanded=\"false\">\n\t\t\t\t\t\t\t\t<span class=\"wpr-mini-cart-btn-icon\" data-counter=\"0\">\n\t\t\t\t\t<i class=\"cart-solid wpr-inline-svg\">\n                        <svg class=\"e-font-icon-svg e-eicon-cart-solid\" viewBox=\"0 0 1000 1000\" xmlns=\"http:\/\/www.w3.org\/2000\/svg\"><path d=\"M188 167H938C943 167 949 169 953 174 957 178 959 184 958 190L926 450C919 502 875 542 823 542H263L271 583C281 631 324 667 373 667H854C866 667 875 676 875 687S866 708 854 708H373C304 708 244 659 230 591L129 83H21C9 83 0 74 0 62S9 42 21 42H146C156 42 164 49 166 58L188 167ZM771 750C828 750 875 797 875 854S828 958 771 958 667 912 667 854 713 750 771 750ZM354 750C412 750 458 797 458 854S412 958 354 958 250 912 250 854 297 750 354 750Z\"><\/path><\/svg>                        <span class=\"wpr-mini-cart-icon-count wpr-mini-cart-icon-count-hidden\">\n                            <span>0<\/span>\n                        <\/span>\n                    <\/i>\n\t\t\t\t<\/span>\n\t\t\t<\/a>\n\t\t<\/span>\n\t\t<\/span><\/div>\t\t\t\t<\/div>\n\t\t\t\t\t<\/div>\n\t\t<\/div>\n\t\t\t\t\t<\/div>\n\t\t<\/section>\n\t\t<div class=\"elementor-element elementor-element-9039d73 e-flex e-con-boxed wpr-particle-no wpr-jarallax-no wpr-parallax-no wpr-sticky-section-no wpr-equal-height-no e-con e-parent\" data-id=\"9039d73\" data-element_type=\"container\" data-e-type=\"container\">\n\t\t\t\t\t<div class=\"e-con-inner\">\n\t\t\t\t<div class=\"elementor-element elementor-element-17be9c3 eael-product-grid-column-3 elementor-widget elementor-widget-eicon-woocommerce\" data-id=\"17be9c3\" data-element_type=\"widget\" data-e-type=\"widget\" data-widget_type=\"eicon-woocommerce.default\">\n\t\t\t\t\t\n        <div class=\"eael-product-grid eael-product-default grid\" id=\"eael-product-grid\" data-widget-id=\"17be9c3\" data-page-id=\"11444\" data-nonce=\"6930bff8e6\" >\n            <div class=\"woocommerce\">\n                <ul class=\"products eael-post-appender eael-post-appender-17be9c3\" data-ssi-desktop=\"no\" data-ssi-tablet=\"no\" data-ssi-mobile=\"no\" data-layout-mode=\"grid\"><li class=\"entry has-media owp-thumbs-layout-vertical owp-btn-big owp-tabs-layout-horizontal has-no-thumbnails has-product-nav circle-sale product type-product post-11438 status-publish first instock product_cat-paysages product_tag-ajaccio product_tag-ile-de-beaute product_tag-iles-sanguinaires product_tag-la-corse-en-photo product_tag-paysages-de-corse product_tag-photo-nature-corse product_tag-photographe-en-corse product_tag-photographe-nature-en-corse has-post-thumbnail shipping-taxable purchasable product-type-variable\">\n\t<div class=\"product-inner clr\">\n\t<div class=\"woo-entry-image clr\">\n\t\t<a href=\"https:\/\/valentinecarre-photographe.com\/index.php\/produit\/ajaccio-photos\/\" class=\"woocommerce-LoopProduct-link\"><img decoding=\"async\" width=\"200\" height=\"200\" src=\"https:\/\/valentinecarre-photographe.com\/wp-content\/uploads\/2025\/06\/Iles-Sanguinaires2-200x200.jpg\" class=\"woo-entry-image-main\" alt=\"12 &#8211; Coucher de soleil depuis Ajaccio\" itemprop=\"image\" srcset=\"https:\/\/valentinecarre-photographe.com\/wp-content\/uploads\/2025\/06\/Iles-Sanguinaires2-200x200.jpg 200w, https:\/\/valentinecarre-photographe.com\/wp-content\/uploads\/2025\/06\/Iles-Sanguinaires2-150x150.jpg 150w, https:\/\/valentinecarre-photographe.com\/wp-content\/uploads\/2025\/06\/Iles-Sanguinaires2-600x600.jpg 600w, https:\/\/valentinecarre-photographe.com\/wp-content\/uploads\/2025\/06\/Iles-Sanguinaires2-100x100.jpg 100w\" sizes=\"(max-width: 200px) 100vw, 200px\" title=\"%Valentine Carre Photographe% %Photographie nature Corse%\"><\/a>\t<\/div><!-- .woo-entry-image -->\n\n\t<ul class=\"woo-entry-inner clr\"><li class=\"image-wrap\">\n\t<div class=\"woo-entry-image clr\">\n\t\t<a href=\"https:\/\/valentinecarre-photographe.com\/index.php\/produit\/ajaccio-photos\/\" class=\"woocommerce-LoopProduct-link\"><img decoding=\"async\" width=\"200\" height=\"200\" src=\"https:\/\/valentinecarre-photographe.com\/wp-content\/uploads\/2025\/06\/Iles-Sanguinaires2-200x200.jpg\" class=\"woo-entry-image-main\" alt=\"12 &#8211; Coucher de soleil depuis Ajaccio\" itemprop=\"image\" srcset=\"https:\/\/valentinecarre-photographe.com\/wp-content\/uploads\/2025\/06\/Iles-Sanguinaires2-200x200.jpg 200w, https:\/\/valentinecarre-photographe.com\/wp-content\/uploads\/2025\/06\/Iles-Sanguinaires2-150x150.jpg 150w, https:\/\/valentinecarre-photographe.com\/wp-content\/uploads\/2025\/06\/Iles-Sanguinaires2-600x600.jpg 600w, https:\/\/valentinecarre-photographe.com\/wp-content\/uploads\/2025\/06\/Iles-Sanguinaires2-100x100.jpg 100w\" sizes=\"(max-width: 200px) 100vw, 200px\" title=\"%Valentine Carre Photographe% %Photographie nature Corse%\"><\/a>\t<\/div><!-- .woo-entry-image -->\n\n\t<\/li><li class=\"title\"><h2><a href=\"https:\/\/valentinecarre-photographe.com\/index.php\/produit\/ajaccio-photos\/\">12 &#8211; Coucher de soleil depuis Ajaccio<\/a><\/h2><\/li><li class=\"btn-wrap clr\"><a href=\"https:\/\/valentinecarre-photographe.com\/index.php\/produit\/ajaccio-photos\/\" aria-describedby=\"woocommerce_loop_add_to_cart_link_describedby_11438\" data-quantity=\"1\" class=\"button product_type_variable add_to_cart_button\" data-product_id=\"11438\" data-product_sku=\"\" aria-label=\"S\u00e9lectionner les options pour &ldquo;12 - Coucher de soleil depuis Ajaccio&rdquo;\" rel=\"nofollow\">Choix des options<\/a>\t<span id=\"woocommerce_loop_add_to_cart_link_describedby_11438\" class=\"screen-reader-text\">\n\t\tCe produit a plusieurs variations. Les options peuvent \u00eatre choisies sur la page du produit\t<\/span>\n<\/li><\/ul><\/div><!-- .product-inner .clr --><\/li>\n<li class=\"entry has-media has-product-nav col span_1_of_2 owp-content-center item-entry owp-thumbs-layout-vertical owp-btn-big owp-tabs-layout-horizontal has-no-thumbnails circle-sale product type-product post-11434 status-publish last instock product_cat-paysages product_tag-ajaccio product_tag-ile-de-beaute product_tag-iles-sanguinaires product_tag-la-corse-en-photo product_tag-paysages-de-corse product_tag-photo-nature-corse product_tag-photographe-en-corse product_tag-photographe-nature-en-corse has-post-thumbnail shipping-taxable purchasable product-type-variable\">\n\t<div class=\"product-inner clr\">\n\t<div class=\"woo-entry-image clr\">\n\t\t<a href=\"https:\/\/valentinecarre-photographe.com\/index.php\/produit\/11-moulin-mattei\/\" class=\"woocommerce-LoopProduct-link\"><img decoding=\"async\" width=\"200\" height=\"200\" src=\"https:\/\/valentinecarre-photographe.com\/wp-content\/uploads\/2025\/06\/Moulin-Mattei-200x200.jpg\" class=\"woo-entry-image-main\" alt=\"11 &#8211; Le moulin Mattei dans le Cap Corse\" itemprop=\"image\" srcset=\"https:\/\/valentinecarre-photographe.com\/wp-content\/uploads\/2025\/06\/Moulin-Mattei-200x200.jpg 200w, https:\/\/valentinecarre-photographe.com\/wp-content\/uploads\/2025\/06\/Moulin-Mattei-150x150.jpg 150w, https:\/\/valentinecarre-photographe.com\/wp-content\/uploads\/2025\/06\/Moulin-Mattei-600x600.jpg 600w, https:\/\/valentinecarre-photographe.com\/wp-content\/uploads\/2025\/06\/Moulin-Mattei-100x100.jpg 100w\" sizes=\"(max-width: 200px) 100vw, 200px\" title=\"%Valentine Carre Photographe% %Photographie nature Corse%\"><\/a>\t<\/div><!-- .woo-entry-image -->\n\n\t<ul class=\"woo-entry-inner clr\"><li class=\"image-wrap\">\n\t<div class=\"woo-entry-image clr\">\n\t\t<a href=\"https:\/\/valentinecarre-photographe.com\/index.php\/produit\/11-moulin-mattei\/\" class=\"woocommerce-LoopProduct-link\"><img decoding=\"async\" width=\"200\" height=\"200\" src=\"https:\/\/valentinecarre-photographe.com\/wp-content\/uploads\/2025\/06\/Moulin-Mattei-200x200.jpg\" class=\"woo-entry-image-main\" alt=\"11 &#8211; Le moulin Mattei dans le Cap Corse\" itemprop=\"image\" srcset=\"https:\/\/valentinecarre-photographe.com\/wp-content\/uploads\/2025\/06\/Moulin-Mattei-200x200.jpg 200w, https:\/\/valentinecarre-photographe.com\/wp-content\/uploads\/2025\/06\/Moulin-Mattei-150x150.jpg 150w, https:\/\/valentinecarre-photographe.com\/wp-content\/uploads\/2025\/06\/Moulin-Mattei-600x600.jpg 600w, https:\/\/valentinecarre-photographe.com\/wp-content\/uploads\/2025\/06\/Moulin-Mattei-100x100.jpg 100w\" sizes=\"(max-width: 200px) 100vw, 200px\" title=\"%Valentine Carre Photographe% %Photographie nature Corse%\"><\/a>\t<\/div><!-- .woo-entry-image -->\n\n\t<\/li><li class=\"title\"><h2><a href=\"https:\/\/valentinecarre-photographe.com\/index.php\/produit\/11-moulin-mattei\/\">11 &#8211; Le moulin Mattei dans le Cap Corse<\/a><\/h2><\/li><li class=\"btn-wrap clr\"><a href=\"https:\/\/valentinecarre-photographe.com\/index.php\/produit\/11-moulin-mattei\/\" aria-describedby=\"woocommerce_loop_add_to_cart_link_describedby_11434\" data-quantity=\"1\" class=\"button product_type_variable add_to_cart_button\" data-product_id=\"11434\" data-product_sku=\"\" aria-label=\"S\u00e9lectionner les options pour &ldquo;11 - Le moulin Mattei dans le Cap Corse&rdquo;\" rel=\"nofollow\">Choix des options<\/a>\t<span id=\"woocommerce_loop_add_to_cart_link_describedby_11434\" class=\"screen-reader-text\">\n\t\tCe produit a plusieurs variations. Les options peuvent \u00eatre choisies sur la page du produit\t<\/span>\n<\/li><\/ul><\/div><!-- .product-inner .clr --><\/li>\n<li class=\"entry has-media has-product-nav col span_1_of_2 owp-content-center item-entry owp-thumbs-layout-vertical owp-btn-big owp-tabs-layout-horizontal has-no-thumbnails circle-sale product type-product post-11430 status-publish first instock product_cat-paysages product_tag-ajaccio product_tag-ile-de-beaute product_tag-iles-sanguinaires product_tag-la-corse-en-photo product_tag-paysages-de-corse product_tag-photo-nature-corse product_tag-photographe-en-corse product_tag-photographe-nature-en-corse has-post-thumbnail shipping-taxable purchasable product-type-variable\">\n\t<div class=\"product-inner clr\">\n\t<div class=\"woo-entry-image clr\">\n\t\t<a href=\"https:\/\/valentinecarre-photographe.com\/index.php\/produit\/10foret-vizzavona\/\" class=\"woocommerce-LoopProduct-link\"><img decoding=\"async\" width=\"200\" height=\"200\" src=\"https:\/\/valentinecarre-photographe.com\/wp-content\/uploads\/2025\/06\/Vizzavona-200x200.jpg\" class=\"woo-entry-image-main\" alt=\"10 &#8211; La f\u00f4ret de Vizzavona, Centre Corse\" itemprop=\"image\" srcset=\"https:\/\/valentinecarre-photographe.com\/wp-content\/uploads\/2025\/06\/Vizzavona-200x200.jpg 200w, https:\/\/valentinecarre-photographe.com\/wp-content\/uploads\/2025\/06\/Vizzavona-150x150.jpg 150w, https:\/\/valentinecarre-photographe.com\/wp-content\/uploads\/2025\/06\/Vizzavona-600x600.jpg 600w, https:\/\/valentinecarre-photographe.com\/wp-content\/uploads\/2025\/06\/Vizzavona-100x100.jpg 100w\" sizes=\"(max-width: 200px) 100vw, 200px\" title=\"%Valentine Carre Photographe% %Photographie nature Corse%\"><\/a>\t<\/div><!-- .woo-entry-image -->\n\n\t<ul class=\"woo-entry-inner clr\"><li class=\"image-wrap\">\n\t<div class=\"woo-entry-image clr\">\n\t\t<a href=\"https:\/\/valentinecarre-photographe.com\/index.php\/produit\/10foret-vizzavona\/\" class=\"woocommerce-LoopProduct-link\"><img decoding=\"async\" width=\"200\" height=\"200\" src=\"https:\/\/valentinecarre-photographe.com\/wp-content\/uploads\/2025\/06\/Vizzavona-200x200.jpg\" class=\"woo-entry-image-main\" alt=\"10 &#8211; La f\u00f4ret de Vizzavona, Centre Corse\" itemprop=\"image\" srcset=\"https:\/\/valentinecarre-photographe.com\/wp-content\/uploads\/2025\/06\/Vizzavona-200x200.jpg 200w, https:\/\/valentinecarre-photographe.com\/wp-content\/uploads\/2025\/06\/Vizzavona-150x150.jpg 150w, https:\/\/valentinecarre-photographe.com\/wp-content\/uploads\/2025\/06\/Vizzavona-600x600.jpg 600w, https:\/\/valentinecarre-photographe.com\/wp-content\/uploads\/2025\/06\/Vizzavona-100x100.jpg 100w\" sizes=\"(max-width: 200px) 100vw, 200px\" title=\"%Valentine Carre Photographe% %Photographie nature Corse%\"><\/a>\t<\/div><!-- .woo-entry-image -->\n\n\t<\/li><li class=\"title\"><h2><a href=\"https:\/\/valentinecarre-photographe.com\/index.php\/produit\/10foret-vizzavona\/\">10 &#8211; La f\u00f4ret de Vizzavona, Centre Corse<\/a><\/h2><\/li><li class=\"btn-wrap clr\"><a href=\"https:\/\/valentinecarre-photographe.com\/index.php\/produit\/10foret-vizzavona\/\" aria-describedby=\"woocommerce_loop_add_to_cart_link_describedby_11430\" data-quantity=\"1\" class=\"button product_type_variable add_to_cart_button\" data-product_id=\"11430\" data-product_sku=\"\" aria-label=\"S\u00e9lectionner les options pour &ldquo;10 - La f\u00f4ret de Vizzavona, Centre Corse&rdquo;\" rel=\"nofollow\">Choix des options<\/a>\t<span id=\"woocommerce_loop_add_to_cart_link_describedby_11430\" class=\"screen-reader-text\">\n\t\tCe produit a plusieurs variations. Les options peuvent \u00eatre choisies sur la page du produit\t<\/span>\n<\/li><\/ul><\/div><!-- .product-inner .clr --><\/li>\n<li class=\"entry has-media has-product-nav col span_1_of_2 owp-content-center item-entry owp-thumbs-layout-vertical owp-btn-big owp-tabs-layout-horizontal has-no-thumbnails circle-sale product type-product post-11426 status-publish last instock product_cat-paysages product_tag-ajaccio product_tag-ile-de-beaute product_tag-iles-sanguinaires product_tag-la-corse-en-photo product_tag-paysages-de-corse product_tag-photo-nature-corse product_tag-photographe-en-corse product_tag-photographe-nature-en-corse has-post-thumbnail shipping-taxable purchasable product-type-variable\">\n\t<div class=\"product-inner clr\">\n\t<div class=\"woo-entry-image clr\">\n\t\t<a href=\"https:\/\/valentinecarre-photographe.com\/index.php\/produit\/09-santa-maria\/\" class=\"woocommerce-LoopProduct-link\"><img loading=\"lazy\" decoding=\"async\" width=\"200\" height=\"200\" src=\"https:\/\/valentinecarre-photographe.com\/wp-content\/uploads\/2025\/06\/Tour-Santa-Maria-200x200.jpg\" class=\"woo-entry-image-main\" alt=\"09 &#8211; Tour de Santa-Maria-della-Chiapella, Cap Corse\" itemprop=\"image\" srcset=\"https:\/\/valentinecarre-photographe.com\/wp-content\/uploads\/2025\/06\/Tour-Santa-Maria-200x200.jpg 200w, https:\/\/valentinecarre-photographe.com\/wp-content\/uploads\/2025\/06\/Tour-Santa-Maria-150x150.jpg 150w, https:\/\/valentinecarre-photographe.com\/wp-content\/uploads\/2025\/06\/Tour-Santa-Maria-600x600.jpg 600w, https:\/\/valentinecarre-photographe.com\/wp-content\/uploads\/2025\/06\/Tour-Santa-Maria-100x100.jpg 100w\" sizes=\"(max-width: 200px) 100vw, 200px\" title=\"%Valentine Carre Photographe% %Photographie nature Corse%\"><\/a>\t<\/div><!-- .woo-entry-image -->\n\n\t<ul class=\"woo-entry-inner clr\"><li class=\"image-wrap\">\n\t<div class=\"woo-entry-image clr\">\n\t\t<a href=\"https:\/\/valentinecarre-photographe.com\/index.php\/produit\/09-santa-maria\/\" class=\"woocommerce-LoopProduct-link\"><img loading=\"lazy\" decoding=\"async\" width=\"200\" height=\"200\" src=\"https:\/\/valentinecarre-photographe.com\/wp-content\/uploads\/2025\/06\/Tour-Santa-Maria-200x200.jpg\" class=\"woo-entry-image-main\" alt=\"09 &#8211; Tour de Santa-Maria-della-Chiapella, Cap Corse\" itemprop=\"image\" srcset=\"https:\/\/valentinecarre-photographe.com\/wp-content\/uploads\/2025\/06\/Tour-Santa-Maria-200x200.jpg 200w, https:\/\/valentinecarre-photographe.com\/wp-content\/uploads\/2025\/06\/Tour-Santa-Maria-150x150.jpg 150w, https:\/\/valentinecarre-photographe.com\/wp-content\/uploads\/2025\/06\/Tour-Santa-Maria-600x600.jpg 600w, https:\/\/valentinecarre-photographe.com\/wp-content\/uploads\/2025\/06\/Tour-Santa-Maria-100x100.jpg 100w\" sizes=\"(max-width: 200px) 100vw, 200px\" title=\"%Valentine Carre Photographe% %Photographie nature Corse%\"><\/a>\t<\/div><!-- .woo-entry-image -->\n\n\t<\/li><li class=\"title\"><h2><a href=\"https:\/\/valentinecarre-photographe.com\/index.php\/produit\/09-santa-maria\/\">09 &#8211; Tour de Santa-Maria-della-Chiapella, Cap Corse<\/a><\/h2><\/li><li class=\"btn-wrap clr\"><a href=\"https:\/\/valentinecarre-photographe.com\/index.php\/produit\/09-santa-maria\/\" aria-describedby=\"woocommerce_loop_add_to_cart_link_describedby_11426\" data-quantity=\"1\" class=\"button product_type_variable add_to_cart_button\" data-product_id=\"11426\" data-product_sku=\"\" aria-label=\"S\u00e9lectionner les options pour &ldquo;09 - Tour de Santa-Maria-della-Chiapella, Cap Corse&rdquo;\" rel=\"nofollow\">Choix des options<\/a>\t<span id=\"woocommerce_loop_add_to_cart_link_describedby_11426\" class=\"screen-reader-text\">\n\t\tCe produit a plusieurs variations. Les options peuvent \u00eatre choisies sur la page du produit\t<\/span>\n<\/li><\/ul><\/div><!-- .product-inner .clr --><\/li>\n<li class=\"entry has-media has-product-nav col span_1_of_2 owp-content-center item-entry owp-thumbs-layout-vertical owp-btn-big owp-tabs-layout-horizontal has-no-thumbnails circle-sale product type-product post-11422 status-publish first instock product_cat-paysages product_tag-ajaccio product_tag-ile-de-beaute product_tag-iles-sanguinaires product_tag-la-corse-en-photo product_tag-paysages-de-corse product_tag-photo-nature-corse product_tag-photographe-en-corse product_tag-photographe-nature-en-corse has-post-thumbnail shipping-taxable purchasable product-type-variable\">\n\t<div class=\"product-inner clr\">\n\t<div class=\"woo-entry-image clr\">\n\t\t<a href=\"https:\/\/valentinecarre-photographe.com\/index.php\/produit\/08-ile-rousse\/\" class=\"woocommerce-LoopProduct-link\"><img loading=\"lazy\" decoding=\"async\" width=\"200\" height=\"200\" src=\"https:\/\/valentinecarre-photographe.com\/wp-content\/uploads\/2025\/06\/7RV09168-200x200.jpg\" class=\"woo-entry-image-main\" alt=\"08 &#8211; L&rsquo;Ile Rousse\" itemprop=\"image\" srcset=\"https:\/\/valentinecarre-photographe.com\/wp-content\/uploads\/2025\/06\/7RV09168-200x200.jpg 200w, https:\/\/valentinecarre-photographe.com\/wp-content\/uploads\/2025\/06\/7RV09168-150x150.jpg 150w, https:\/\/valentinecarre-photographe.com\/wp-content\/uploads\/2025\/06\/7RV09168-600x600.jpg 600w, https:\/\/valentinecarre-photographe.com\/wp-content\/uploads\/2025\/06\/7RV09168-100x100.jpg 100w\" sizes=\"(max-width: 200px) 100vw, 200px\" title=\"%Valentine Carre Photographe% %Photographie nature Corse%\"><\/a>\t<\/div><!-- .woo-entry-image -->\n\n\t<ul class=\"woo-entry-inner clr\"><li class=\"image-wrap\">\n\t<div class=\"woo-entry-image clr\">\n\t\t<a href=\"https:\/\/valentinecarre-photographe.com\/index.php\/produit\/08-ile-rousse\/\" class=\"woocommerce-LoopProduct-link\"><img loading=\"lazy\" decoding=\"async\" width=\"200\" height=\"200\" src=\"https:\/\/valentinecarre-photographe.com\/wp-content\/uploads\/2025\/06\/7RV09168-200x200.jpg\" class=\"woo-entry-image-main\" alt=\"08 &#8211; L&rsquo;Ile Rousse\" itemprop=\"image\" srcset=\"https:\/\/valentinecarre-photographe.com\/wp-content\/uploads\/2025\/06\/7RV09168-200x200.jpg 200w, https:\/\/valentinecarre-photographe.com\/wp-content\/uploads\/2025\/06\/7RV09168-150x150.jpg 150w, https:\/\/valentinecarre-photographe.com\/wp-content\/uploads\/2025\/06\/7RV09168-600x600.jpg 600w, https:\/\/valentinecarre-photographe.com\/wp-content\/uploads\/2025\/06\/7RV09168-100x100.jpg 100w\" sizes=\"(max-width: 200px) 100vw, 200px\" title=\"%Valentine Carre Photographe% %Photographie nature Corse%\"><\/a>\t<\/div><!-- .woo-entry-image -->\n\n\t<\/li><li class=\"title\"><h2><a href=\"https:\/\/valentinecarre-photographe.com\/index.php\/produit\/08-ile-rousse\/\">08 &#8211; L&rsquo;Ile Rousse<\/a><\/h2><\/li><li class=\"btn-wrap clr\"><a href=\"https:\/\/valentinecarre-photographe.com\/index.php\/produit\/08-ile-rousse\/\" aria-describedby=\"woocommerce_loop_add_to_cart_link_describedby_11422\" data-quantity=\"1\" class=\"button product_type_variable add_to_cart_button\" data-product_id=\"11422\" data-product_sku=\"\" aria-label=\"S\u00e9lectionner les options pour &ldquo;08 - L&#039;Ile Rousse&rdquo;\" rel=\"nofollow\">Choix des options<\/a>\t<span id=\"woocommerce_loop_add_to_cart_link_describedby_11422\" class=\"screen-reader-text\">\n\t\tCe produit a plusieurs variations. Les options peuvent \u00eatre choisies sur la page du produit\t<\/span>\n<\/li><\/ul><\/div><!-- .product-inner .clr --><\/li>\n<li class=\"entry has-media has-product-nav col span_1_of_2 owp-content-center item-entry owp-thumbs-layout-vertical owp-btn-big owp-tabs-layout-horizontal has-no-thumbnails circle-sale product type-product post-11418 status-publish last instock product_cat-paysages product_tag-ajaccio product_tag-ile-de-beaute product_tag-iles-sanguinaires product_tag-la-corse-en-photo product_tag-paysages-de-corse product_tag-photo-nature-corse product_tag-photographe-en-corse product_tag-photographe-nature-en-corse has-post-thumbnail shipping-taxable purchasable product-type-variable\">\n\t<div class=\"product-inner clr\">\n\t<div class=\"woo-entry-image clr\">\n\t\t<a href=\"https:\/\/valentinecarre-photographe.com\/index.php\/produit\/07-ficajola-piana\/\" class=\"woocommerce-LoopProduct-link\"><img loading=\"lazy\" decoding=\"async\" width=\"200\" height=\"200\" src=\"https:\/\/valentinecarre-photographe.com\/wp-content\/uploads\/2025\/06\/Ficajola-200x200.jpg\" class=\"woo-entry-image-main\" alt=\"07 &#8211; Plage de Ficajola, Piana\" itemprop=\"image\" srcset=\"https:\/\/valentinecarre-photographe.com\/wp-content\/uploads\/2025\/06\/Ficajola-200x200.jpg 200w, https:\/\/valentinecarre-photographe.com\/wp-content\/uploads\/2025\/06\/Ficajola-150x150.jpg 150w, https:\/\/valentinecarre-photographe.com\/wp-content\/uploads\/2025\/06\/Ficajola-600x600.jpg 600w, https:\/\/valentinecarre-photographe.com\/wp-content\/uploads\/2025\/06\/Ficajola-100x100.jpg 100w\" sizes=\"(max-width: 200px) 100vw, 200px\" title=\"%Valentine Carre Photographe% %Photographie nature Corse%\"><\/a>\t<\/div><!-- .woo-entry-image -->\n\n\t<ul class=\"woo-entry-inner clr\"><li class=\"image-wrap\">\n\t<div class=\"woo-entry-image clr\">\n\t\t<a href=\"https:\/\/valentinecarre-photographe.com\/index.php\/produit\/07-ficajola-piana\/\" class=\"woocommerce-LoopProduct-link\"><img loading=\"lazy\" decoding=\"async\" width=\"200\" height=\"200\" src=\"https:\/\/valentinecarre-photographe.com\/wp-content\/uploads\/2025\/06\/Ficajola-200x200.jpg\" class=\"woo-entry-image-main\" alt=\"07 &#8211; Plage de Ficajola, Piana\" itemprop=\"image\" srcset=\"https:\/\/valentinecarre-photographe.com\/wp-content\/uploads\/2025\/06\/Ficajola-200x200.jpg 200w, https:\/\/valentinecarre-photographe.com\/wp-content\/uploads\/2025\/06\/Ficajola-150x150.jpg 150w, https:\/\/valentinecarre-photographe.com\/wp-content\/uploads\/2025\/06\/Ficajola-600x600.jpg 600w, https:\/\/valentinecarre-photographe.com\/wp-content\/uploads\/2025\/06\/Ficajola-100x100.jpg 100w\" sizes=\"(max-width: 200px) 100vw, 200px\" title=\"%Valentine Carre Photographe% %Photographie nature Corse%\"><\/a>\t<\/div><!-- .woo-entry-image -->\n\n\t<\/li><li class=\"title\"><h2><a href=\"https:\/\/valentinecarre-photographe.com\/index.php\/produit\/07-ficajola-piana\/\">07 &#8211; Plage de Ficajola, Piana<\/a><\/h2><\/li><li class=\"btn-wrap clr\"><a href=\"https:\/\/valentinecarre-photographe.com\/index.php\/produit\/07-ficajola-piana\/\" aria-describedby=\"woocommerce_loop_add_to_cart_link_describedby_11418\" data-quantity=\"1\" class=\"button product_type_variable add_to_cart_button\" data-product_id=\"11418\" data-product_sku=\"\" aria-label=\"S\u00e9lectionner les options pour &ldquo;07 - Plage de Ficajola, Piana&rdquo;\" rel=\"nofollow\">Choix des options<\/a>\t<span id=\"woocommerce_loop_add_to_cart_link_describedby_11418\" class=\"screen-reader-text\">\n\t\tCe produit a plusieurs variations. Les options peuvent \u00eatre choisies sur la page du produit\t<\/span>\n<\/li><\/ul><\/div><!-- .product-inner .clr --><\/li>\n<li class=\"entry has-media has-product-nav col span_1_of_2 owp-content-center item-entry owp-thumbs-layout-vertical owp-btn-big owp-tabs-layout-horizontal has-no-thumbnails circle-sale product type-product post-11414 status-publish first instock product_cat-paysages product_tag-ajaccio product_tag-ile-de-beaute product_tag-iles-sanguinaires product_tag-la-corse-en-photo product_tag-paysages-de-corse product_tag-photo-nature-corse product_tag-photographe-en-corse product_tag-photographe-nature-en-corse has-post-thumbnail shipping-taxable purchasable product-type-variable\">\n\t<div class=\"product-inner clr\">\n\t<div class=\"woo-entry-image clr\">\n\t\t<a href=\"https:\/\/valentinecarre-photographe.com\/index.php\/produit\/06-santa-giulia\/\" class=\"woocommerce-LoopProduct-link\"><img loading=\"lazy\" decoding=\"async\" width=\"200\" height=\"200\" src=\"https:\/\/valentinecarre-photographe.com\/wp-content\/uploads\/2025\/06\/Santa-Giulia-200x200.jpg\" class=\"woo-entry-image-main\" alt=\"06 &#8211; Santa Giulia, Porto-Vecchio\" itemprop=\"image\" srcset=\"https:\/\/valentinecarre-photographe.com\/wp-content\/uploads\/2025\/06\/Santa-Giulia-200x200.jpg 200w, https:\/\/valentinecarre-photographe.com\/wp-content\/uploads\/2025\/06\/Santa-Giulia-150x150.jpg 150w, https:\/\/valentinecarre-photographe.com\/wp-content\/uploads\/2025\/06\/Santa-Giulia-600x600.jpg 600w, https:\/\/valentinecarre-photographe.com\/wp-content\/uploads\/2025\/06\/Santa-Giulia-100x100.jpg 100w\" sizes=\"(max-width: 200px) 100vw, 200px\" title=\"%Valentine Carre Photographe% %Photographie nature Corse%\"><\/a>\t<\/div><!-- .woo-entry-image -->\n\n\t<ul class=\"woo-entry-inner clr\"><li class=\"image-wrap\">\n\t<div class=\"woo-entry-image clr\">\n\t\t<a href=\"https:\/\/valentinecarre-photographe.com\/index.php\/produit\/06-santa-giulia\/\" class=\"woocommerce-LoopProduct-link\"><img loading=\"lazy\" decoding=\"async\" width=\"200\" height=\"200\" src=\"https:\/\/valentinecarre-photographe.com\/wp-content\/uploads\/2025\/06\/Santa-Giulia-200x200.jpg\" class=\"woo-entry-image-main\" alt=\"06 &#8211; Santa Giulia, Porto-Vecchio\" itemprop=\"image\" srcset=\"https:\/\/valentinecarre-photographe.com\/wp-content\/uploads\/2025\/06\/Santa-Giulia-200x200.jpg 200w, https:\/\/valentinecarre-photographe.com\/wp-content\/uploads\/2025\/06\/Santa-Giulia-150x150.jpg 150w, https:\/\/valentinecarre-photographe.com\/wp-content\/uploads\/2025\/06\/Santa-Giulia-600x600.jpg 600w, https:\/\/valentinecarre-photographe.com\/wp-content\/uploads\/2025\/06\/Santa-Giulia-100x100.jpg 100w\" sizes=\"(max-width: 200px) 100vw, 200px\" title=\"%Valentine Carre Photographe% %Photographie nature Corse%\"><\/a>\t<\/div><!-- .woo-entry-image -->\n\n\t<\/li><li class=\"title\"><h2><a href=\"https:\/\/valentinecarre-photographe.com\/index.php\/produit\/06-santa-giulia\/\">06 &#8211; Santa Giulia, Porto-Vecchio<\/a><\/h2><\/li><li class=\"btn-wrap clr\"><a href=\"https:\/\/valentinecarre-photographe.com\/index.php\/produit\/06-santa-giulia\/\" aria-describedby=\"woocommerce_loop_add_to_cart_link_describedby_11414\" data-quantity=\"1\" class=\"button product_type_variable add_to_cart_button\" data-product_id=\"11414\" data-product_sku=\"\" aria-label=\"S\u00e9lectionner les options pour &ldquo;06 - Santa Giulia, Porto-Vecchio&rdquo;\" rel=\"nofollow\">Choix des options<\/a>\t<span id=\"woocommerce_loop_add_to_cart_link_describedby_11414\" class=\"screen-reader-text\">\n\t\tCe produit a plusieurs variations. Les options peuvent \u00eatre choisies sur la page du produit\t<\/span>\n<\/li><\/ul><\/div><!-- .product-inner .clr --><\/li>\n<li class=\"entry has-media has-product-nav col span_1_of_2 owp-content-center item-entry owp-thumbs-layout-vertical owp-btn-big owp-tabs-layout-horizontal has-no-thumbnails circle-sale product type-product post-11410 status-publish last instock product_cat-paysages product_tag-ajaccio product_tag-ile-de-beaute product_tag-iles-sanguinaires product_tag-la-corse-en-photo product_tag-paysages-de-corse product_tag-photo-nature-corse product_tag-photographe-en-corse product_tag-photographe-nature-en-corse has-post-thumbnail shipping-taxable purchasable product-type-variable\">\n\t<div class=\"product-inner clr\">\n\t<div class=\"woo-entry-image clr\">\n\t\t<a href=\"https:\/\/valentinecarre-photographe.com\/index.php\/produit\/05erbalunga-corse\/\" class=\"woocommerce-LoopProduct-link\"><img loading=\"lazy\" decoding=\"async\" width=\"200\" height=\"200\" src=\"https:\/\/valentinecarre-photographe.com\/wp-content\/uploads\/2025\/06\/Erbalunga-200x200.jpg\" class=\"woo-entry-image-main\" alt=\"05 &#8211; Erbalunga, Cap Corse\" itemprop=\"image\" srcset=\"https:\/\/valentinecarre-photographe.com\/wp-content\/uploads\/2025\/06\/Erbalunga-200x200.jpg 200w, https:\/\/valentinecarre-photographe.com\/wp-content\/uploads\/2025\/06\/Erbalunga-150x150.jpg 150w, https:\/\/valentinecarre-photographe.com\/wp-content\/uploads\/2025\/06\/Erbalunga-600x600.jpg 600w, https:\/\/valentinecarre-photographe.com\/wp-content\/uploads\/2025\/06\/Erbalunga-100x100.jpg 100w\" sizes=\"(max-width: 200px) 100vw, 200px\" title=\"%Valentine Carre Photographe% %Photographie nature Corse%\"><\/a>\t<\/div><!-- .woo-entry-image -->\n\n\t<ul class=\"woo-entry-inner clr\"><li class=\"image-wrap\">\n\t<div class=\"woo-entry-image clr\">\n\t\t<a href=\"https:\/\/valentinecarre-photographe.com\/index.php\/produit\/05erbalunga-corse\/\" class=\"woocommerce-LoopProduct-link\"><img loading=\"lazy\" decoding=\"async\" width=\"200\" height=\"200\" src=\"https:\/\/valentinecarre-photographe.com\/wp-content\/uploads\/2025\/06\/Erbalunga-200x200.jpg\" class=\"woo-entry-image-main\" alt=\"05 &#8211; Erbalunga, Cap Corse\" itemprop=\"image\" srcset=\"https:\/\/valentinecarre-photographe.com\/wp-content\/uploads\/2025\/06\/Erbalunga-200x200.jpg 200w, https:\/\/valentinecarre-photographe.com\/wp-content\/uploads\/2025\/06\/Erbalunga-150x150.jpg 150w, https:\/\/valentinecarre-photographe.com\/wp-content\/uploads\/2025\/06\/Erbalunga-600x600.jpg 600w, https:\/\/valentinecarre-photographe.com\/wp-content\/uploads\/2025\/06\/Erbalunga-100x100.jpg 100w\" sizes=\"(max-width: 200px) 100vw, 200px\" title=\"%Valentine Carre Photographe% %Photographie nature Corse%\"><\/a>\t<\/div><!-- .woo-entry-image -->\n\n\t<\/li><li class=\"title\"><h2><a href=\"https:\/\/valentinecarre-photographe.com\/index.php\/produit\/05erbalunga-corse\/\">05 &#8211; Erbalunga, Cap Corse<\/a><\/h2><\/li><li class=\"btn-wrap clr\"><a href=\"https:\/\/valentinecarre-photographe.com\/index.php\/produit\/05erbalunga-corse\/\" aria-describedby=\"woocommerce_loop_add_to_cart_link_describedby_11410\" data-quantity=\"1\" class=\"button product_type_variable add_to_cart_button\" data-product_id=\"11410\" data-product_sku=\"\" aria-label=\"S\u00e9lectionner les options pour &ldquo;05 - Erbalunga, Cap Corse&rdquo;\" rel=\"nofollow\">Choix des options<\/a>\t<span id=\"woocommerce_loop_add_to_cart_link_describedby_11410\" class=\"screen-reader-text\">\n\t\tCe produit a plusieurs variations. Les options peuvent \u00eatre choisies sur la page du produit\t<\/span>\n<\/li><\/ul><\/div><!-- .product-inner .clr --><\/li>\n<li class=\"entry has-media has-product-nav col span_1_of_2 owp-content-center item-entry owp-thumbs-layout-vertical owp-btn-big owp-tabs-layout-horizontal has-no-thumbnails circle-sale product type-product post-11406 status-publish first instock product_cat-paysages product_tag-ajaccio product_tag-ile-de-beaute product_tag-iles-sanguinaires product_tag-la-corse-en-photo product_tag-paysages-de-corse product_tag-photo-nature-corse product_tag-photographe-en-corse product_tag-photographe-nature-en-corse has-post-thumbnail shipping-taxable purchasable product-type-variable\">\n\t<div class=\"product-inner clr\">\n\t<div class=\"woo-entry-image clr\">\n\t\t<a href=\"https:\/\/valentinecarre-photographe.com\/index.php\/produit\/04bonifacio-corse\/\" class=\"woocommerce-LoopProduct-link\"><img loading=\"lazy\" decoding=\"async\" width=\"200\" height=\"200\" src=\"https:\/\/valentinecarre-photographe.com\/wp-content\/uploads\/2025\/06\/Bonifacio-200x200.jpg\" class=\"woo-entry-image-main\" alt=\"04 &#8211; Bonifacio, Corse du Sud\" itemprop=\"image\" srcset=\"https:\/\/valentinecarre-photographe.com\/wp-content\/uploads\/2025\/06\/Bonifacio-200x200.jpg 200w, https:\/\/valentinecarre-photographe.com\/wp-content\/uploads\/2025\/06\/Bonifacio-150x150.jpg 150w, https:\/\/valentinecarre-photographe.com\/wp-content\/uploads\/2025\/06\/Bonifacio-600x600.jpg 600w, https:\/\/valentinecarre-photographe.com\/wp-content\/uploads\/2025\/06\/Bonifacio-100x100.jpg 100w\" sizes=\"(max-width: 200px) 100vw, 200px\" title=\"%Valentine Carre Photographe% %Photographie nature Corse%\"><\/a>\t<\/div><!-- .woo-entry-image -->\n\n\t<ul class=\"woo-entry-inner clr\"><li class=\"image-wrap\">\n\t<div class=\"woo-entry-image clr\">\n\t\t<a href=\"https:\/\/valentinecarre-photographe.com\/index.php\/produit\/04bonifacio-corse\/\" class=\"woocommerce-LoopProduct-link\"><img loading=\"lazy\" decoding=\"async\" width=\"200\" height=\"200\" src=\"https:\/\/valentinecarre-photographe.com\/wp-content\/uploads\/2025\/06\/Bonifacio-200x200.jpg\" class=\"woo-entry-image-main\" alt=\"04 &#8211; Bonifacio, Corse du Sud\" itemprop=\"image\" srcset=\"https:\/\/valentinecarre-photographe.com\/wp-content\/uploads\/2025\/06\/Bonifacio-200x200.jpg 200w, https:\/\/valentinecarre-photographe.com\/wp-content\/uploads\/2025\/06\/Bonifacio-150x150.jpg 150w, https:\/\/valentinecarre-photographe.com\/wp-content\/uploads\/2025\/06\/Bonifacio-600x600.jpg 600w, https:\/\/valentinecarre-photographe.com\/wp-content\/uploads\/2025\/06\/Bonifacio-100x100.jpg 100w\" sizes=\"(max-width: 200px) 100vw, 200px\" title=\"%Valentine Carre Photographe% %Photographie nature Corse%\"><\/a>\t<\/div><!-- .woo-entry-image -->\n\n\t<\/li><li class=\"title\"><h2><a href=\"https:\/\/valentinecarre-photographe.com\/index.php\/produit\/04bonifacio-corse\/\">04 &#8211; Bonifacio, Corse du Sud<\/a><\/h2><\/li><li class=\"btn-wrap clr\"><a href=\"https:\/\/valentinecarre-photographe.com\/index.php\/produit\/04bonifacio-corse\/\" aria-describedby=\"woocommerce_loop_add_to_cart_link_describedby_11406\" data-quantity=\"1\" class=\"button product_type_variable add_to_cart_button\" data-product_id=\"11406\" data-product_sku=\"\" aria-label=\"S\u00e9lectionner les options pour &ldquo;04 - Bonifacio, Corse du Sud&rdquo;\" rel=\"nofollow\">Choix des options<\/a>\t<span id=\"woocommerce_loop_add_to_cart_link_describedby_11406\" class=\"screen-reader-text\">\n\t\tCe produit a plusieurs variations. Les options peuvent \u00eatre choisies sur la page du produit\t<\/span>\n<\/li><\/ul><\/div><!-- .product-inner .clr --><\/li>\n<li class=\"entry has-media has-product-nav col span_1_of_2 owp-content-center item-entry owp-thumbs-layout-vertical owp-btn-big owp-tabs-layout-horizontal has-no-thumbnails circle-sale product type-product post-11402 status-publish last instock product_cat-paysages product_tag-ajaccio product_tag-ile-de-beaute product_tag-iles-sanguinaires product_tag-la-corse-en-photo product_tag-paysages-de-corse product_tag-photo-nature-corse product_tag-photographe-en-corse product_tag-photographe-nature-en-corse has-post-thumbnail shipping-taxable purchasable product-type-variable\">\n\t<div class=\"product-inner clr\">\n\t<div class=\"woo-entry-image clr\">\n\t\t<a href=\"https:\/\/valentinecarre-photographe.com\/index.php\/produit\/03-port-centuri\/\" class=\"woocommerce-LoopProduct-link\"><img loading=\"lazy\" decoding=\"async\" width=\"200\" height=\"200\" src=\"https:\/\/valentinecarre-photographe.com\/wp-content\/uploads\/2025\/06\/Centuri-200x200.jpg\" class=\"woo-entry-image-main\" alt=\"03 &#8211; Port de Centuri, Cap Corse\" itemprop=\"image\" srcset=\"https:\/\/valentinecarre-photographe.com\/wp-content\/uploads\/2025\/06\/Centuri-200x200.jpg 200w, https:\/\/valentinecarre-photographe.com\/wp-content\/uploads\/2025\/06\/Centuri-150x150.jpg 150w, https:\/\/valentinecarre-photographe.com\/wp-content\/uploads\/2025\/06\/Centuri-600x600.jpg 600w, https:\/\/valentinecarre-photographe.com\/wp-content\/uploads\/2025\/06\/Centuri-100x100.jpg 100w\" sizes=\"(max-width: 200px) 100vw, 200px\" title=\"%Valentine Carre Photographe% %Photographie nature Corse%\"><\/a>\t<\/div><!-- .woo-entry-image -->\n\n\t<ul class=\"woo-entry-inner clr\"><li class=\"image-wrap\">\n\t<div class=\"woo-entry-image clr\">\n\t\t<a href=\"https:\/\/valentinecarre-photographe.com\/index.php\/produit\/03-port-centuri\/\" class=\"woocommerce-LoopProduct-link\"><img loading=\"lazy\" decoding=\"async\" width=\"200\" height=\"200\" src=\"https:\/\/valentinecarre-photographe.com\/wp-content\/uploads\/2025\/06\/Centuri-200x200.jpg\" class=\"woo-entry-image-main\" alt=\"03 &#8211; Port de Centuri, Cap Corse\" itemprop=\"image\" srcset=\"https:\/\/valentinecarre-photographe.com\/wp-content\/uploads\/2025\/06\/Centuri-200x200.jpg 200w, https:\/\/valentinecarre-photographe.com\/wp-content\/uploads\/2025\/06\/Centuri-150x150.jpg 150w, https:\/\/valentinecarre-photographe.com\/wp-content\/uploads\/2025\/06\/Centuri-600x600.jpg 600w, https:\/\/valentinecarre-photographe.com\/wp-content\/uploads\/2025\/06\/Centuri-100x100.jpg 100w\" sizes=\"(max-width: 200px) 100vw, 200px\" title=\"%Valentine Carre Photographe% %Photographie nature Corse%\"><\/a>\t<\/div><!-- .woo-entry-image -->\n\n\t<\/li><li class=\"title\"><h2><a href=\"https:\/\/valentinecarre-photographe.com\/index.php\/produit\/03-port-centuri\/\">03 &#8211; Port de Centuri, Cap Corse<\/a><\/h2><\/li><li class=\"btn-wrap clr\"><a href=\"https:\/\/valentinecarre-photographe.com\/index.php\/produit\/03-port-centuri\/\" aria-describedby=\"woocommerce_loop_add_to_cart_link_describedby_11402\" data-quantity=\"1\" class=\"button product_type_variable add_to_cart_button\" data-product_id=\"11402\" data-product_sku=\"\" aria-label=\"S\u00e9lectionner les options pour &ldquo;03 - Port de Centuri, Cap Corse&rdquo;\" rel=\"nofollow\">Choix des options<\/a>\t<span id=\"woocommerce_loop_add_to_cart_link_describedby_11402\" class=\"screen-reader-text\">\n\t\tCe produit a plusieurs variations. Les options peuvent \u00eatre choisies sur la page du produit\t<\/span>\n<\/li><\/ul><\/div><!-- .product-inner .clr --><\/li>\n<li class=\"entry has-media has-product-nav col span_1_of_2 owp-content-center item-entry owp-thumbs-layout-vertical owp-btn-big owp-tabs-layout-horizontal has-no-thumbnails circle-sale product type-product post-11398 status-publish first instock product_cat-paysages product_tag-ajaccio product_tag-ile-de-beaute product_tag-iles-sanguinaires product_tag-la-corse-en-photo product_tag-paysages-de-corse product_tag-photo-nature-corse product_tag-photographe-en-corse product_tag-photographe-nature-en-corse has-post-thumbnail shipping-taxable purchasable product-type-variable\">\n\t<div class=\"product-inner clr\">\n\t<div class=\"woo-entry-image clr\">\n\t\t<a href=\"https:\/\/valentinecarre-photographe.com\/index.php\/produit\/02-saint-florent\/\" class=\"woocommerce-LoopProduct-link\"><img loading=\"lazy\" decoding=\"async\" width=\"200\" height=\"200\" src=\"https:\/\/valentinecarre-photographe.com\/wp-content\/uploads\/2025\/06\/Saint-Florent-200x200.jpg\" class=\"woo-entry-image-main\" alt=\"02 &#8211; Saint Florent, Nebbiu\" itemprop=\"image\" srcset=\"https:\/\/valentinecarre-photographe.com\/wp-content\/uploads\/2025\/06\/Saint-Florent-200x200.jpg 200w, https:\/\/valentinecarre-photographe.com\/wp-content\/uploads\/2025\/06\/Saint-Florent-150x150.jpg 150w, https:\/\/valentinecarre-photographe.com\/wp-content\/uploads\/2025\/06\/Saint-Florent-600x600.jpg 600w, https:\/\/valentinecarre-photographe.com\/wp-content\/uploads\/2025\/06\/Saint-Florent-100x100.jpg 100w\" sizes=\"(max-width: 200px) 100vw, 200px\" title=\"%Valentine Carre Photographe% %Photographie nature Corse%\"><\/a>\t<\/div><!-- .woo-entry-image -->\n\n\t<ul class=\"woo-entry-inner clr\"><li class=\"image-wrap\">\n\t<div class=\"woo-entry-image clr\">\n\t\t<a href=\"https:\/\/valentinecarre-photographe.com\/index.php\/produit\/02-saint-florent\/\" class=\"woocommerce-LoopProduct-link\"><img loading=\"lazy\" decoding=\"async\" width=\"200\" height=\"200\" src=\"https:\/\/valentinecarre-photographe.com\/wp-content\/uploads\/2025\/06\/Saint-Florent-200x200.jpg\" class=\"woo-entry-image-main\" alt=\"02 &#8211; Saint Florent, Nebbiu\" itemprop=\"image\" srcset=\"https:\/\/valentinecarre-photographe.com\/wp-content\/uploads\/2025\/06\/Saint-Florent-200x200.jpg 200w, https:\/\/valentinecarre-photographe.com\/wp-content\/uploads\/2025\/06\/Saint-Florent-150x150.jpg 150w, https:\/\/valentinecarre-photographe.com\/wp-content\/uploads\/2025\/06\/Saint-Florent-600x600.jpg 600w, https:\/\/valentinecarre-photographe.com\/wp-content\/uploads\/2025\/06\/Saint-Florent-100x100.jpg 100w\" sizes=\"(max-width: 200px) 100vw, 200px\" title=\"%Valentine Carre Photographe% %Photographie nature Corse%\"><\/a>\t<\/div><!-- .woo-entry-image -->\n\n\t<\/li><li class=\"title\"><h2><a href=\"https:\/\/valentinecarre-photographe.com\/index.php\/produit\/02-saint-florent\/\">02 &#8211; Saint Florent, Nebbiu<\/a><\/h2><\/li><li class=\"btn-wrap clr\"><a href=\"https:\/\/valentinecarre-photographe.com\/index.php\/produit\/02-saint-florent\/\" aria-describedby=\"woocommerce_loop_add_to_cart_link_describedby_11398\" data-quantity=\"1\" class=\"button product_type_variable add_to_cart_button\" data-product_id=\"11398\" data-product_sku=\"\" aria-label=\"S\u00e9lectionner les options pour &ldquo;02 - Saint Florent, Nebbiu&rdquo;\" rel=\"nofollow\">Choix des options<\/a>\t<span id=\"woocommerce_loop_add_to_cart_link_describedby_11398\" class=\"screen-reader-text\">\n\t\tCe produit a plusieurs variations. Les options peuvent \u00eatre choisies sur la page du produit\t<\/span>\n<\/li><\/ul><\/div><!-- .product-inner .clr --><\/li>\n<li class=\"entry has-media has-product-nav col span_1_of_2 owp-content-center item-entry owp-thumbs-layout-vertical owp-btn-big owp-tabs-layout-horizontal has-no-thumbnails circle-sale product type-product post-11343 status-publish last instock product_cat-paysages product_tag-ajaccio product_tag-ile-de-beaute product_tag-iles-sanguinaires product_tag-la-corse-en-photo product_tag-paysages-de-corse product_tag-photo-nature-corse product_tag-photographe-en-corse product_tag-photographe-nature-en-corse has-post-thumbnail shipping-taxable purchasable product-type-variable\">\n\t<div class=\"product-inner clr\">\n\t<div class=\"woo-entry-image clr\">\n\t\t<a href=\"https:\/\/valentinecarre-photographe.com\/index.php\/produit\/iles-sanguinaires\/\" class=\"woocommerce-LoopProduct-link\"><img loading=\"lazy\" decoding=\"async\" width=\"200\" height=\"200\" src=\"https:\/\/valentinecarre-photographe.com\/wp-content\/uploads\/2025\/06\/Iles-Sanguinaires-200x200.jpg\" class=\"woo-entry-image-main\" alt=\"01 &#8211; Les \u00eeles Sanguinaires &#8211; Ajaccio\" itemprop=\"image\" srcset=\"https:\/\/valentinecarre-photographe.com\/wp-content\/uploads\/2025\/06\/Iles-Sanguinaires-200x200.jpg 200w, https:\/\/valentinecarre-photographe.com\/wp-content\/uploads\/2025\/06\/Iles-Sanguinaires-150x150.jpg 150w, https:\/\/valentinecarre-photographe.com\/wp-content\/uploads\/2025\/06\/Iles-Sanguinaires-600x600.jpg 600w, https:\/\/valentinecarre-photographe.com\/wp-content\/uploads\/2025\/06\/Iles-Sanguinaires-100x100.jpg 100w\" sizes=\"(max-width: 200px) 100vw, 200px\" title=\"%Valentine Carre Photographe% %Photographie nature Corse%\"><\/a>\t<\/div><!-- .woo-entry-image -->\n\n\t<ul class=\"woo-entry-inner clr\"><li class=\"image-wrap\">\n\t<div class=\"woo-entry-image clr\">\n\t\t<a href=\"https:\/\/valentinecarre-photographe.com\/index.php\/produit\/iles-sanguinaires\/\" class=\"woocommerce-LoopProduct-link\"><img loading=\"lazy\" decoding=\"async\" width=\"200\" height=\"200\" src=\"https:\/\/valentinecarre-photographe.com\/wp-content\/uploads\/2025\/06\/Iles-Sanguinaires-200x200.jpg\" class=\"woo-entry-image-main\" alt=\"01 &#8211; Les \u00eeles Sanguinaires &#8211; Ajaccio\" itemprop=\"image\" srcset=\"https:\/\/valentinecarre-photographe.com\/wp-content\/uploads\/2025\/06\/Iles-Sanguinaires-200x200.jpg 200w, https:\/\/valentinecarre-photographe.com\/wp-content\/uploads\/2025\/06\/Iles-Sanguinaires-150x150.jpg 150w, https:\/\/valentinecarre-photographe.com\/wp-content\/uploads\/2025\/06\/Iles-Sanguinaires-600x600.jpg 600w, https:\/\/valentinecarre-photographe.com\/wp-content\/uploads\/2025\/06\/Iles-Sanguinaires-100x100.jpg 100w\" sizes=\"(max-width: 200px) 100vw, 200px\" title=\"%Valentine Carre Photographe% %Photographie nature Corse%\"><\/a>\t<\/div><!-- .woo-entry-image -->\n\n\t<\/li><li class=\"title\"><h2><a href=\"https:\/\/valentinecarre-photographe.com\/index.php\/produit\/iles-sanguinaires\/\">01 &#8211; Les \u00eeles Sanguinaires &#8211; Ajaccio<\/a><\/h2><\/li><li class=\"btn-wrap clr\"><a href=\"https:\/\/valentinecarre-photographe.com\/index.php\/produit\/iles-sanguinaires\/\" aria-describedby=\"woocommerce_loop_add_to_cart_link_describedby_11343\" data-quantity=\"1\" class=\"button product_type_variable add_to_cart_button\" data-product_id=\"11343\" data-product_sku=\"\" aria-label=\"S\u00e9lectionner les options pour &ldquo;01 - Les \u00eeles Sanguinaires - Ajaccio&rdquo;\" rel=\"nofollow\">Choix des options<\/a>\t<span id=\"woocommerce_loop_add_to_cart_link_describedby_11343\" class=\"screen-reader-text\">\n\t\tCe produit a plusieurs variations. Les options peuvent \u00eatre choisies sur la page du produit\t<\/span>\n<\/li><\/ul><\/div><!-- .product-inner .clr --><\/li>\n<\/ul>            <\/div>\n        <\/div>\n\n        <script type=\"text\/javascript\">\n            jQuery(document).ready(function($) {\n                var $scope = jQuery(\".elementor-element-17be9c3\");\n                var $products = $('.products', $scope);\n                var $layout_mode = $products.data('layout-mode');\n                \n                if ( $layout_mode === 'masonry' ) {\n                    \/\/ init isotope\n                    var $isotope_products = $products.isotope({\n                        itemSelector: \"li.product\",\n                        layoutMode: $layout_mode,\n                        percentPosition: true\n                    });\n\n                    $isotope_products.imagesLoaded().progress( function() {\n                        $isotope_products.isotope('layout');\n                    })\n                    \n                }\n            });\n        <\/script>\n        \t\t\t\t<\/div>\n\t\t\t\t\t<\/div>\n\t\t\t\t<\/div>\n\t\t<div class=\"elementor-element elementor-element-2f13c38 e-flex e-con-boxed wpr-particle-no wpr-jarallax-no wpr-parallax-no wpr-sticky-section-no wpr-equal-height-no e-con e-parent\" data-id=\"2f13c38\" data-element_type=\"container\" data-e-type=\"container\">\n\t\t\t\t\t<div class=\"e-con-inner\">\n\t\t\t\t\t<\/div>\n\t\t\t\t<\/div>\n\t\t\t\t<\/div>\n\t\t","protected":false},"excerpt":{"rendered":"<p>SHOP 2 12 &#8211; Coucher de soleil depuis Ajaccio Choix des options Ce produit a plusieurs variations. Les options peuvent \u00eatre choisies sur la page du produit Choix des options Ce produit a plusieurs variations. Les options peuvent \u00eatre choisies sur la page du produit 11 &#8211; Le moulin Mattei dans le Cap Corse Choix des options Ce produit a plusieurs variations. Les options peuvent \u00eatre choisies sur la page du produit Choix des options Ce produit a plusieurs variations. Les options peuvent \u00eatre choisies sur la page du produit 10 &#8211; La f\u00f4ret de Vizzavona, Centre Corse Choix des options Ce produit a plusieurs variations. Les options peuvent \u00eatre choisies sur la page du produit Choix des options Ce produit a plusieurs variations. Les options peuvent \u00eatre choisies sur la page du produit 09 &#8211; Tour de Santa-Maria-della-Chiapella, Cap Corse Choix des options Ce produit a plusieurs variations. Les options peuvent \u00eatre choisies sur la page du produit Choix des options Ce produit a plusieurs variations. Les options peuvent \u00eatre choisies sur la page du produit 08 &#8211; L&rsquo;Ile Rousse Choix des options Ce produit a plusieurs variations. Les options peuvent \u00eatre choisies sur la page du produit Choix des options Ce produit a plusieurs variations. Les options peuvent \u00eatre choisies sur la page du produit 07 &#8211; Plage de Ficajola, Piana Choix des options Ce produit a plusieurs variations. Les options peuvent \u00eatre choisies sur la page du produit Choix des options Ce produit a plusieurs variations. Les options peuvent \u00eatre choisies sur la page du produit 06 &#8211; Santa Giulia, Porto-Vecchio Choix des options Ce produit a plusieurs variations. Les options peuvent \u00eatre choisies sur la page du produit Choix des options Ce produit a plusieurs variations. Les options peuvent \u00eatre choisies sur la page du produit 05 &#8211; Erbalunga, Cap Corse Choix des options Ce produit a plusieurs variations. Les options peuvent \u00eatre choisies sur la page du produit Choix des options Ce produit a plusieurs variations. Les options peuvent \u00eatre choisies sur la page du produit 04 &#8211; Bonifacio, Corse du Sud Choix des options Ce produit a plusieurs variations. Les options peuvent \u00eatre choisies sur la page du produit Choix des options Ce produit a plusieurs variations. Les options peuvent \u00eatre choisies sur la page du produit 03 &#8211; Port de Centuri, Cap Corse Choix des options Ce produit a plusieurs variations. Les options peuvent \u00eatre choisies sur la page du produit Choix des options Ce produit a plusieurs variations. Les options peuvent \u00eatre choisies sur la page du produit 02 &#8211; Saint Florent, Nebbiu Choix des options Ce produit a plusieurs variations. Les options peuvent \u00eatre choisies sur la page du produit Choix des options Ce produit a plusieurs variations. Les options peuvent \u00eatre choisies sur la page du produit 01 &#8211; Les \u00eeles Sanguinaires &#8211; Ajaccio Choix des options Ce produit a plusieurs variations. Les options peuvent \u00eatre choisies sur la page du produit Choix des options Ce produit a plusieurs variations. Les options peuvent \u00eatre choisies sur la page du produit<\/p>\n","protected":false},"author":1,"featured_media":2133,"parent":0,"menu_order":0,"comment_status":"closed","ping_status":"closed","template":"elementor_header_footer","meta":{"ocean_post_layout":"","ocean_both_sidebars_style":"","ocean_both_sidebars_content_width":0,"ocean_both_sidebars_sidebars_width":0,"ocean_sidebar":"0","ocean_second_sidebar":"0","ocean_disable_margins":"enable","ocean_add_body_class":"","ocean_shortcode_before_top_bar":"","ocean_shortcode_after_top_bar":"","ocean_shortcode_before_header":"","ocean_shortcode_after_header":"","ocean_has_shortcode":"","ocean_shortcode_after_title":"","ocean_shortcode_before_footer_widgets":"","ocean_shortcode_after_footer_widgets":"","ocean_shortcode_before_footer_bottom":"","ocean_shortcode_after_footer_bottom":"","ocean_display_top_bar":"default","ocean_display_header":"default","ocean_header_style":"","ocean_center_header_left_menu":"0","ocean_custom_header_template":"0","ocean_custom_logo":0,"ocean_custom_retina_logo":0,"ocean_custom_logo_max_width":0,"ocean_custom_logo_tablet_max_width":0,"ocean_custom_logo_mobile_max_width":0,"ocean_custom_logo_max_height":0,"ocean_custom_logo_tablet_max_height":0,"ocean_custom_logo_mobile_max_height":0,"ocean_header_custom_menu":"0","ocean_menu_typo_font_family":"0","ocean_menu_typo_font_subset":"","ocean_menu_typo_font_size":0,"ocean_menu_typo_font_size_tablet":0,"ocean_menu_typo_font_size_mobile":0,"ocean_menu_typo_font_size_unit":"px","ocean_menu_typo_font_weight":"","ocean_menu_typo_font_weight_tablet":"","ocean_menu_typo_font_weight_mobile":"","ocean_menu_typo_transform":"","ocean_menu_typo_transform_tablet":"","ocean_menu_typo_transform_mobile":"","ocean_menu_typo_line_height":0,"ocean_menu_typo_line_height_tablet":0,"ocean_menu_typo_line_height_mobile":0,"ocean_menu_typo_line_height_unit":"","ocean_menu_typo_spacing":0,"ocean_menu_typo_spacing_tablet":0,"ocean_menu_typo_spacing_mobile":0,"ocean_menu_typo_spacing_unit":"","ocean_menu_link_color":"","ocean_menu_link_color_hover":"","ocean_menu_link_color_active":"","ocean_menu_link_background":"","ocean_menu_link_hover_background":"","ocean_menu_link_active_background":"","ocean_menu_social_links_bg":"","ocean_menu_social_hover_links_bg":"","ocean_menu_social_links_color":"","ocean_menu_social_hover_links_color":"","ocean_disable_title":"on","ocean_disable_heading":"default","ocean_post_title":"","ocean_post_subheading":"","ocean_post_title_style":"","ocean_post_title_background_color":"","ocean_post_title_background":0,"ocean_post_title_bg_image_position":"","ocean_post_title_bg_image_attachment":"","ocean_post_title_bg_image_repeat":"","ocean_post_title_bg_image_size":"","ocean_post_title_height":0,"ocean_post_title_bg_overlay":0.5,"ocean_post_title_bg_overlay_color":"","ocean_disable_breadcrumbs":"default","ocean_breadcrumbs_color":"","ocean_breadcrumbs_separator_color":"","ocean_breadcrumbs_links_color":"","ocean_breadcrumbs_links_hover_color":"","ocean_display_footer_widgets":"default","ocean_display_footer_bottom":"default","ocean_custom_footer_template":"0","footnotes":""},"class_list":{"0":"post-11444","1":"page","2":"type-page","3":"status-publish","4":"has-post-thumbnail","5":"hentry","6":"entry","7":"has-media","8":"has-product-nav","9":"col","10":"span_1_of_2","11":"owp-content-center","12":"item-entry","13":"owp-thumbs-layout-vertical","14":"owp-btn-big","15":"owp-tabs-layout-horizontal","16":"has-no-thumbnails","18":"circle-sale"},"_links":{"self":[{"href":"https:\/\/valentinecarre-photographe.com\/index.php\/wp-json\/wp\/v2\/pages\/11444","targetHints":{"allow":["GET"]}}],"collection":[{"href":"https:\/\/valentinecarre-photographe.com\/index.php\/wp-json\/wp\/v2\/pages"}],"about":[{"href":"https:\/\/valentinecarre-photographe.com\/index.php\/wp-json\/wp\/v2\/types\/page"}],"author":[{"embeddable":true,"href":"https:\/\/valentinecarre-photographe.com\/index.php\/wp-json\/wp\/v2\/users\/1"}],"replies":[{"embeddable":true,"href":"https:\/\/valentinecarre-photographe.com\/index.php\/wp-json\/wp\/v2\/comments?post=11444"}],"version-history":[{"count":79,"href":"https:\/\/valentinecarre-photographe.com\/index.php\/wp-json\/wp\/v2\/pages\/11444\/revisions"}],"predecessor-version":[{"id":11603,"href":"https:\/\/valentinecarre-photographe.com\/index.php\/wp-json\/wp\/v2\/pages\/11444\/revisions\/11603"}],"wp:featuredmedia":[{"embeddable":true,"href":"https:\/\/valentinecarre-photographe.com\/index.php\/wp-json\/wp\/v2\/media\/2133"}],"wp:attachment":[{"href":"https:\/\/valentinecarre-photographe.com\/index.php\/wp-json\/wp\/v2\/media?parent=11444"}],"curies":[{"name":"wp","href":"https:\/\/api.w.org\/{rel}","templated":true}]}}