{"id":6088,"date":"2022-08-29T15:02:42","date_gmt":"2022-08-29T15:02:42","guid":{"rendered":"https:\/\/valentinecarre-photographe.com\/?page_id=6088"},"modified":"2025-02-11T10:25:06","modified_gmt":"2025-02-11T10:25:06","slug":"reportages-photos-corse","status":"publish","type":"page","link":"https:\/\/valentinecarre-photographe.com\/index.php\/reportages-photos-corse\/","title":{"rendered":"Blog"},"content":{"rendered":"\t\t<div data-elementor-type=\"wp-page\" data-elementor-id=\"6088\" class=\"elementor elementor-6088\">\n\t\t\t\t\t\t<section class=\"elementor-section elementor-top-section elementor-element elementor-element-bd7ec15 elementor-section-boxed elementor-section-height-default elementor-section-height-default wpr-particle-no wpr-jarallax-no wpr-parallax-no wpr-sticky-section-no wpr-equal-height-no\" data-id=\"bd7ec15\" data-element_type=\"section\" data-e-type=\"section\" data-settings=\"{&quot;background_background&quot;:&quot;classic&quot;}\">\n\t\t\t\t\t\t\t<div class=\"elementor-background-overlay\"><\/div>\n\t\t\t\t\t\t\t<div class=\"elementor-container elementor-column-gap-default\">\n\t\t\t\t\t<div class=\"elementor-column elementor-col-100 elementor-top-column elementor-element elementor-element-49292b0\" data-id=\"49292b0\" data-element_type=\"column\" data-e-type=\"column\">\n\t\t\t<div class=\"elementor-widget-wrap elementor-element-populated\">\n\t\t\t\t\t\t<div class=\"elementor-element elementor-element-65b1613 elementor-widget elementor-widget-heading\" data-id=\"65b1613\" data-element_type=\"widget\" data-e-type=\"widget\" data-widget_type=\"heading.default\">\n\t\t\t\t\t<h1 class=\"elementor-heading-title elementor-size-default\">R\u00e9cits et reportages <\/h1>\t\t\t\t<\/div>\n\t\t\t\t\t<\/div>\n\t\t<\/div>\n\t\t\t\t\t<\/div>\n\t\t<\/section>\n\t\t<div class=\"elementor-element elementor-element-42396ff e-flex e-con-boxed wpr-particle-no wpr-jarallax-no wpr-parallax-no wpr-sticky-section-no wpr-equal-height-no e-con e-parent\" data-id=\"42396ff\" data-element_type=\"container\" data-e-type=\"container\">\n\t\t\t\t\t<div class=\"e-con-inner\">\n\t\t\t\t<div class=\"elementor-element elementor-element-e77d49e elementor-widget elementor-widget-spacer\" data-id=\"e77d49e\" data-element_type=\"widget\" data-e-type=\"widget\" data-widget_type=\"spacer.default\">\n\t\t\t\t\t\t\t<div class=\"elementor-spacer\">\n\t\t\t<div class=\"elementor-spacer-inner\"><\/div>\n\t\t<\/div>\n\t\t\t\t\t\t<\/div>\n\t\t\t\t\t<\/div>\n\t\t\t\t<\/div>\n\t\t\t\t<section class=\"elementor-section elementor-top-section elementor-element elementor-element-401e7c491 elementor-section-boxed elementor-section-height-default elementor-section-height-default wpr-particle-no wpr-jarallax-no wpr-parallax-no wpr-sticky-section-no wpr-equal-height-no\" data-id=\"401e7c491\" data-element_type=\"section\" data-e-type=\"section\">\n\t\t\t\t\t\t<div class=\"elementor-container elementor-column-gap-default\">\n\t\t\t\t\t<div class=\"elementor-column elementor-col-100 elementor-top-column elementor-element elementor-element-39f410b3\" data-id=\"39f410b3\" data-element_type=\"column\" data-e-type=\"column\">\n\t\t\t<div class=\"elementor-widget-wrap elementor-element-populated\">\n\t\t\t\t\t\t<div class=\"elementor-element elementor-element-5edf14c7 wpr-grid-columns-1 wpr-grid-columns--tablet1 wpr-grid-columns--mobile1 wpr-grid-pagination-center wpr-item-styles-inner elementor-widget elementor-widget-wpr-grid\" data-id=\"5edf14c7\" data-element_type=\"widget\" data-e-type=\"widget\" data-widget_type=\"wpr-grid.default\">\n\t\t\t\t\t<ul class=\"wpr-grid-filters elementor-clearfix wpr-grid-filters-sep-right\"><li class=\" wpr-pointer-none wpr-pointer-line-fx wpr-pointer-fx-none\"><span  data-filter=\"*\" class=\"wpr-grid-filters-item wpr-active-filter \">All<\/span><em class=\"wpr-grid-filters-sep\"><\/em><\/li><li class=\" wpr-pointer-none wpr-pointer-line-fx wpr-pointer-fx-none wpr-hidden-element\"><span   data-ajax-filter=[\"category\",\"photography\"]  data-filter=\".category-photography\">Photography<\/span><em class=\"wpr-grid-filters-sep\"><\/em><\/li><li class=\" wpr-pointer-none wpr-pointer-line-fx wpr-pointer-fx-none\"><span   data-ajax-filter=[\"category\",\"reportages\"]  data-filter=\".category-reportages\">Reportages<\/span><em class=\"wpr-grid-filters-sep\"><\/em><\/li><\/ul><section class=\"wpr-grid elementor-clearfix\" data-settings=\"{&quot;layout&quot;:&quot;list&quot;,&quot;stick_last_element_to_bottom&quot;:&quot;no&quot;,&quot;columns_desktop&quot;:&quot;1&quot;,&quot;gutter_hr&quot;:15,&quot;gutter_hr_mobile&quot;:15,&quot;gutter_hr_mobile_extra&quot;:15,&quot;gutter_hr_tablet&quot;:15,&quot;gutter_hr_tablet_extra&quot;:15,&quot;gutter_hr_laptop&quot;:15,&quot;gutter_hr_widescreen&quot;:15,&quot;gutter_vr&quot;:50,&quot;gutter_vr_mobile&quot;:50,&quot;gutter_vr_mobile_extra&quot;:50,&quot;gutter_vr_tablet&quot;:50,&quot;gutter_vr_tablet_extra&quot;:50,&quot;gutter_vr_laptop&quot;:50,&quot;gutter_vr_widescreen&quot;:50,&quot;animation&quot;:&quot;default&quot;,&quot;animation_duration&quot;:0.3,&quot;animation_delay&quot;:0.1,&quot;deeplinking&quot;:&quot;&quot;,&quot;filters_linkable&quot;:&quot;no&quot;,&quot;filters_default_filter&quot;:&quot;&quot;,&quot;filters_count&quot;:&quot;&quot;,&quot;filters_hide_empty&quot;:&quot;yes&quot;,&quot;filters_animation&quot;:&quot;default&quot;,&quot;filters_animation_duration&quot;:0.3,&quot;filters_animation_delay&quot;:0.1,&quot;pagination_type&quot;:&quot;numbered&quot;,&quot;pagination_max_pages&quot;:1,&quot;media_align&quot;:&quot;left&quot;,&quot;media_width&quot;:25,&quot;media_distance&quot;:20,&quot;lightbox&quot;:{&quot;selector&quot;:&quot;.wpr-grid-image-wrap&quot;,&quot;iframeMaxWidth&quot;:&quot;60%&quot;,&quot;hash&quot;:false,&quot;autoplay&quot;:&quot;true&quot;,&quot;pause&quot;:5000,&quot;progressBar&quot;:&quot;true&quot;,&quot;counter&quot;:&quot;true&quot;,&quot;controls&quot;:&quot;true&quot;,&quot;getCaptionFromTitleOrAlt&quot;:&quot;true&quot;,&quot;thumbnail&quot;:&quot;&quot;,&quot;showThumbByDefault&quot;:&quot;&quot;,&quot;share&quot;:&quot;&quot;,&quot;zoom&quot;:&quot;true&quot;,&quot;fullScreen&quot;:&quot;true&quot;,&quot;download&quot;:&quot;true&quot;}}\" data-advanced-filters=\"no\"><article class=\"wpr-grid-item elementor-clearfix post-11133 post type-post status-publish format-standard has-post-thumbnail hentry category-reportages tag-faune-sauvage-corse tag-oiseau-corse tag-oiseaux-de-corse tag-oiseaux-en-corse tag-ornithologie-corse entry has-media owp-thumbs-layout-vertical owp-btn-big owp-tabs-layout-horizontal has-no-thumbnails has-product-nav circle-sale\"><div class=\"wpr-grid-item-inner\"><div class=\"wpr-grid-media-wrap wpr-effect-size-medium \" data-overlay-link=\"yes\"><div class=\"wpr-grid-image-wrap\" data-src=\"https:\/\/valentinecarre-photographe.com\/wp-content\/uploads\/2024\/05\/LibreAutrement-3-1-1024x698.jpg\" data-img-on-hover=\"\"  data-src-secondary=\"\"><img decoding=\"async\" data-no-lazy=\"1\" src=\"https:\/\/valentinecarre-photographe.com\/wp-content\/uploads\/2024\/05\/LibreAutrement-3-1-1024x698.jpg\" alt=\"Fauvette m\u00e9lanoc\u00e9phale en Corse\" class=\"wpr-anim-timing-ease-default\" title=\"%Valentine Carre Photographe% %Photographie nature Corse%\"><\/div><div class=\"wpr-grid-media-hover wpr-animation-wrap\"><div class=\"wpr-grid-media-hover-bg  wpr-overlay-fade-in wpr-anim-size-large wpr-anim-timing-ease-default wpr-anim-transparency\" data-url=\"https:\/\/valentinecarre-photographe.com\/index.php\/2025\/02\/11\/reportages-photos-corse\/\"><\/div><\/div><\/div><div class=\"wpr-grid-item-below-content elementor-clearfix\"><div class=\"wpr-grid-item-category elementor-repeater-item-7a9afee wpr-grid-item-display-block wpr-grid-item-align-left wpr-pointer-none wpr-pointer-line-fx wpr-pointer-fx-fade wpr-grid-tax-style-1\"><div class=\"inner-block\"><a class=\" wpr-tax-id-17\" href=\"https:\/\/valentinecarre-photographe.com\/index.php\/category\/reportages\/\">Reportages<\/a><\/div><\/div><h2 class=\"wpr-grid-item-title elementor-repeater-item-2d29edf wpr-grid-item-display-block wpr-grid-item-align-left wpr-pointer-none wpr-pointer-line-fx wpr-pointer-fx-fade\"><div class=\"inner-block\"><a target=\"_self\"  href=\"https:\/\/valentinecarre-photographe.com\/index.php\/2025\/02\/11\/reportages-photos-corse\/\">Les oiseaux \u00e0 observer en hiver (en Corse)<\/a><\/div><\/h2><div class=\"wpr-grid-item-date elementor-repeater-item-589fcd9 wpr-grid-item-display-block wpr-grid-item-align-left\"><div class=\"inner-block\"><span>11\/02\/2025<\/span><\/div><\/div><div class=\"wpr-grid-item-excerpt elementor-repeater-item-0025724 wpr-grid-item-display-block wpr-grid-item-align-left\"><div class=\"inner-block\"><p>Quels sont les principaux oiseaux \u00e0 observer en hiver en Corse ? Comment les nourrir ? On r\u00e9pond \u00e0 quelques questions dans cet article.<\/p><\/div><\/div><div class=\"wpr-grid-item-read-more elementor-repeater-item-716d6c5 wpr-grid-item-display-block wpr-grid-item-align-left\"><div class=\"inner-block\"><a target=\"_self\" href=\"https:\/\/valentinecarre-photographe.com\/index.php\/2025\/02\/11\/reportages-photos-corse\/\" class=\"wpr-button-effect wpr-button-none\"><span>Lire l&#039;article <\/span><\/a><\/div><\/div><\/div><\/div><\/article><article class=\"wpr-grid-item elementor-clearfix post-1756 post type-post status-publish format-standard has-post-thumbnail hentry category-reportages tag-a-cupulatta tag-a-cupulatta-corse tag-a-cupulatta-vero tag-tortues-corses entry has-media owp-thumbs-layout-vertical owp-btn-big owp-tabs-layout-horizontal has-no-thumbnails has-product-nav circle-sale\"><div class=\"wpr-grid-item-inner\"><div class=\"wpr-grid-media-wrap wpr-effect-size-medium \" data-overlay-link=\"yes\"><div class=\"wpr-grid-image-wrap\" data-src=\"https:\/\/valentinecarre-photographe.com\/wp-content\/uploads\/2022\/08\/LibreAutrement-95-1-e1739267934308-1024x635.jpg\" data-img-on-hover=\"\"  data-src-secondary=\"\"><img decoding=\"async\" data-no-lazy=\"1\" src=\"https:\/\/valentinecarre-photographe.com\/wp-content\/uploads\/2022\/08\/LibreAutrement-95-1-e1739267934308-1024x635.jpg\" alt=\"A Cupulatta, A Cupulatta Ajaccio, Tortues Ajaccio, Valentine Carr\u00e9 Photographe, Photographe Ajaccio\" class=\"wpr-anim-timing-ease-default\" title=\"%Valentine Carre Photographe% %Photographie nature Corse%\"><\/div><div class=\"wpr-grid-media-hover wpr-animation-wrap\"><div class=\"wpr-grid-media-hover-bg  wpr-overlay-fade-in wpr-anim-size-large wpr-anim-timing-ease-default wpr-anim-transparency\" data-url=\"https:\/\/valentinecarre-photographe.com\/index.php\/2025\/02\/10\/les-tortues-a-cupulatta-vero\/\"><\/div><\/div><\/div><div class=\"wpr-grid-item-below-content elementor-clearfix\"><div class=\"wpr-grid-item-category elementor-repeater-item-7a9afee wpr-grid-item-display-block wpr-grid-item-align-left wpr-pointer-none wpr-pointer-line-fx wpr-pointer-fx-fade wpr-grid-tax-style-1\"><div class=\"inner-block\"><a class=\" wpr-tax-id-17\" href=\"https:\/\/valentinecarre-photographe.com\/index.php\/category\/reportages\/\">Reportages<\/a><\/div><\/div><h2 class=\"wpr-grid-item-title elementor-repeater-item-2d29edf wpr-grid-item-display-block wpr-grid-item-align-left wpr-pointer-none wpr-pointer-line-fx wpr-pointer-fx-fade\"><div class=\"inner-block\"><a target=\"_self\"  href=\"https:\/\/valentinecarre-photographe.com\/index.php\/2025\/02\/10\/les-tortues-a-cupulatta-vero\/\">Les tortues du Parc A Cupulatta (Corse)<\/a><\/div><\/h2><div class=\"wpr-grid-item-date elementor-repeater-item-589fcd9 wpr-grid-item-display-block wpr-grid-item-align-left\"><div class=\"inner-block\"><span>10\/02\/2025<\/span><\/div><\/div><div class=\"wpr-grid-item-excerpt elementor-repeater-item-0025724 wpr-grid-item-display-block wpr-grid-item-align-left\"><div class=\"inner-block\"><p>D\u00e9couvrez A Cupulatta , le plus grand parc de tortues d&#039;Europe, qui abrite 3000 tortues venues des quatre coins du monde ! Un espace reposant, ludique et familial, juste \u00e0 c\u00f4t\u00e9 d&#039;Ajaccio.<\/p><\/div><\/div><div class=\"wpr-grid-item-read-more elementor-repeater-item-716d6c5 wpr-grid-item-display-block wpr-grid-item-align-left\"><div class=\"inner-block\"><a target=\"_self\" href=\"https:\/\/valentinecarre-photographe.com\/index.php\/2025\/02\/10\/les-tortues-a-cupulatta-vero\/\" class=\"wpr-button-effect wpr-button-none\"><span>Lire l&#039;article <\/span><\/a><\/div><\/div><\/div><\/div><\/article><article class=\"wpr-grid-item elementor-clearfix post-1802 post type-post status-publish format-standard has-post-thumbnail hentry category-reportages tag-mouflons-asco tag-mouflons-de-bavella tag-mouflons-de-corse tag-mouflons-insulaires entry has-media owp-thumbs-layout-vertical owp-btn-big owp-tabs-layout-horizontal has-no-thumbnails has-product-nav circle-sale\"><div class=\"wpr-grid-item-inner\"><div class=\"wpr-grid-media-wrap wpr-effect-size-medium \" data-overlay-link=\"yes\"><div class=\"wpr-grid-image-wrap\" data-src=\"https:\/\/valentinecarre-photographe.com\/wp-content\/uploads\/2022\/08\/A7R05949-1024x683.jpg\" data-img-on-hover=\"\"  data-src-secondary=\"\"><img decoding=\"async\" data-no-lazy=\"1\" src=\"https:\/\/valentinecarre-photographe.com\/wp-content\/uploads\/2022\/08\/A7R05949-1024x683.jpg\" alt=\"Photographe en Corse, Nature, faune, Valentine CARRE\" class=\"wpr-anim-timing-ease-default\" title=\"%Valentine Carre Photographe% %Photographie nature Corse%\"><\/div><div class=\"wpr-grid-media-hover wpr-animation-wrap\"><div class=\"wpr-grid-media-hover-bg  wpr-overlay-fade-in wpr-anim-size-large wpr-anim-timing-ease-default wpr-anim-transparency\" data-url=\"https:\/\/valentinecarre-photographe.com\/index.php\/2022\/08\/20\/rencontre-avec-les-mouflons-de-corse\/\"><\/div><\/div><\/div><div class=\"wpr-grid-item-below-content elementor-clearfix\"><div class=\"wpr-grid-item-category elementor-repeater-item-7a9afee wpr-grid-item-display-block wpr-grid-item-align-left wpr-pointer-none wpr-pointer-line-fx wpr-pointer-fx-fade wpr-grid-tax-style-1\"><div class=\"inner-block\"><a class=\" wpr-tax-id-17\" href=\"https:\/\/valentinecarre-photographe.com\/index.php\/category\/reportages\/\">Reportages<\/a><\/div><\/div><h2 class=\"wpr-grid-item-title elementor-repeater-item-2d29edf wpr-grid-item-display-block wpr-grid-item-align-left wpr-pointer-none wpr-pointer-line-fx wpr-pointer-fx-fade\"><div class=\"inner-block\"><a target=\"_self\"  href=\"https:\/\/valentinecarre-photographe.com\/index.php\/2022\/08\/20\/rencontre-avec-les-mouflons-de-corse\/\">Rencontre avec les mouflons de Corse<\/a><\/div><\/h2><div class=\"wpr-grid-item-date elementor-repeater-item-589fcd9 wpr-grid-item-display-block wpr-grid-item-align-left\"><div class=\"inner-block\"><span>20\/08\/2022<\/span><\/div><\/div><div class=\"wpr-grid-item-excerpt elementor-repeater-item-0025724 wpr-grid-item-display-block wpr-grid-item-align-left\"><div class=\"inner-block\"><p>En 2022, nous partons pour la premi\u00e8re fois \u00e0 la rencontre des Mouflons de l&#039;\u00eele. Un face-\u00e0-face que je ne suis pas pr\u00eate d&#039;oublier !<\/p><\/div><\/div><div class=\"wpr-grid-item-read-more elementor-repeater-item-716d6c5 wpr-grid-item-display-block wpr-grid-item-align-left\"><div class=\"inner-block\"><a target=\"_self\" href=\"https:\/\/valentinecarre-photographe.com\/index.php\/2022\/08\/20\/rencontre-avec-les-mouflons-de-corse\/\" class=\"wpr-button-effect wpr-button-none\"><span>Lire l&#039;article <\/span><\/a><\/div><\/div><\/div><\/div><\/article><article class=\"wpr-grid-item elementor-clearfix post-1783 post type-post status-publish format-standard has-post-thumbnail hentry category-reportages tag-corse tag-faune-sauvage tag-harris tag-pelican tag-pelican-corse tag-pelican-gris-en-corse tag-porto-vecchio entry has-media owp-thumbs-layout-vertical owp-btn-big owp-tabs-layout-horizontal has-no-thumbnails has-product-nav circle-sale\"><div class=\"wpr-grid-item-inner\"><div class=\"wpr-grid-media-wrap wpr-effect-size-medium \" data-overlay-link=\"yes\"><div class=\"wpr-grid-image-wrap\" data-src=\"https:\/\/valentinecarre-photographe.com\/wp-content\/uploads\/2022\/08\/LibreAutrement-147-e1739265944253-1024x652.jpg\" data-img-on-hover=\"\"  data-src-secondary=\"\"><img decoding=\"async\" data-no-lazy=\"1\" src=\"https:\/\/valentinecarre-photographe.com\/wp-content\/uploads\/2022\/08\/LibreAutrement-147-e1739265944253-1024x652.jpg\" alt=\"pelican porto vecchio, pelican gris, pelican Harris, Harris corse\" class=\"wpr-anim-timing-ease-default\" title=\"%Valentine Carre Photographe% %Photographie nature Corse%\"><\/div><div class=\"wpr-grid-media-hover wpr-animation-wrap\"><div class=\"wpr-grid-media-hover-bg  wpr-overlay-fade-in wpr-anim-size-large wpr-anim-timing-ease-default wpr-anim-transparency\" data-url=\"https:\/\/valentinecarre-photographe.com\/index.php\/2022\/08\/20\/harris-pelican-corse-porto-vecchio\/\"><\/div><\/div><\/div><div class=\"wpr-grid-item-below-content elementor-clearfix\"><div class=\"wpr-grid-item-category elementor-repeater-item-7a9afee wpr-grid-item-display-block wpr-grid-item-align-left wpr-pointer-none wpr-pointer-line-fx wpr-pointer-fx-fade wpr-grid-tax-style-1\"><div class=\"inner-block\"><a class=\" wpr-tax-id-17\" href=\"https:\/\/valentinecarre-photographe.com\/index.php\/category\/reportages\/\">Reportages<\/a><\/div><\/div><h2 class=\"wpr-grid-item-title elementor-repeater-item-2d29edf wpr-grid-item-display-block wpr-grid-item-align-left wpr-pointer-none wpr-pointer-line-fx wpr-pointer-fx-fade\"><div class=\"inner-block\"><a target=\"_self\"  href=\"https:\/\/valentinecarre-photographe.com\/index.php\/2022\/08\/20\/harris-pelican-corse-porto-vecchio\/\">Harris, le p\u00e9lican gris de Porto-Vecchio<\/a><\/div><\/h2><div class=\"wpr-grid-item-date elementor-repeater-item-589fcd9 wpr-grid-item-display-block wpr-grid-item-align-left\"><div class=\"inner-block\"><span>20\/08\/2022<\/span><\/div><\/div><div class=\"wpr-grid-item-excerpt elementor-repeater-item-0025724 wpr-grid-item-display-block wpr-grid-item-align-left\"><div class=\"inner-block\"><p>D\u00e9couvrez l&#039;histoire d&#039;Harris, un p\u00e9lican pas comme les autres, qui a d\u00e9cid\u00e9 durant plusieurs mois de s&#039;installer en Corse !<\/p><\/div><\/div><div class=\"wpr-grid-item-read-more elementor-repeater-item-716d6c5 wpr-grid-item-display-block wpr-grid-item-align-left\"><div class=\"inner-block\"><a target=\"_self\" href=\"https:\/\/valentinecarre-photographe.com\/index.php\/2022\/08\/20\/harris-pelican-corse-porto-vecchio\/\" class=\"wpr-button-effect wpr-button-none\"><span>Lire l&#039;article <\/span><\/a><\/div><\/div><\/div><\/div><\/article><article class=\"wpr-grid-item elementor-clearfix post-1810 post type-post status-publish format-standard has-post-thumbnail hentry category-reportages tag-amenagement-fourgon-corse tag-amenager-son-van-en-corse tag-homologation-vasp-corse tag-vasp-corse entry has-media owp-thumbs-layout-vertical owp-btn-big owp-tabs-layout-horizontal has-no-thumbnails has-product-nav circle-sale\"><div class=\"wpr-grid-item-inner\"><div class=\"wpr-grid-media-wrap wpr-effect-size-medium \" data-overlay-link=\"yes\"><div class=\"wpr-grid-image-wrap\" data-src=\"https:\/\/valentinecarre-photographe.com\/wp-content\/uploads\/2022\/08\/Van2-1024x768.jpg\" data-img-on-hover=\"\"  data-src-secondary=\"\"><img decoding=\"async\" data-no-lazy=\"1\" src=\"https:\/\/valentinecarre-photographe.com\/wp-content\/uploads\/2022\/08\/Van2-1024x768.jpg\" alt=\"Am\u00e9nagement fourgon volkswagen t5 ALT, am\u00e9nager son fourgon soi-m\u00eame\" class=\"wpr-anim-timing-ease-default\" title=\"%Valentine Carre Photographe% %Photographie nature Corse%\"><\/div><div class=\"wpr-grid-media-hover wpr-animation-wrap\"><div class=\"wpr-grid-media-hover-bg  wpr-overlay-fade-in wpr-anim-size-large wpr-anim-timing-ease-default wpr-anim-transparency\" data-url=\"https:\/\/valentinecarre-photographe.com\/index.php\/2022\/08\/18\/vanlife-amenagement-van-en-corse\/\"><\/div><\/div><\/div><div class=\"wpr-grid-item-below-content elementor-clearfix\"><div class=\"wpr-grid-item-category elementor-repeater-item-7a9afee wpr-grid-item-display-block wpr-grid-item-align-left wpr-pointer-none wpr-pointer-line-fx wpr-pointer-fx-fade wpr-grid-tax-style-1\"><div class=\"inner-block\"><a class=\" wpr-tax-id-17\" href=\"https:\/\/valentinecarre-photographe.com\/index.php\/category\/reportages\/\">Reportages<\/a><\/div><\/div><h2 class=\"wpr-grid-item-title elementor-repeater-item-2d29edf wpr-grid-item-display-block wpr-grid-item-align-left wpr-pointer-none wpr-pointer-line-fx wpr-pointer-fx-fade\"><div class=\"inner-block\"><a target=\"_self\"  href=\"https:\/\/valentinecarre-photographe.com\/index.php\/2022\/08\/18\/vanlife-amenagement-van-en-corse\/\">Vanlife : comment am\u00e9nager son van ?<\/a><\/div><\/h2><div class=\"wpr-grid-item-date elementor-repeater-item-589fcd9 wpr-grid-item-display-block wpr-grid-item-align-left\"><div class=\"inner-block\"><span>18\/08\/2022<\/span><\/div><\/div><div class=\"wpr-grid-item-excerpt elementor-repeater-item-0025724 wpr-grid-item-display-block wpr-grid-item-align-left\"><div class=\"inner-block\"><p>Il y a quelques ann\u00e9es, nous avons am\u00e9nag\u00e9 notre Volkswagen T5 en fourgon am\u00e9nag\u00e9 ! Je vous explique toutes les \u00e9tapes de cet am\u00e9nagement, jusqu&#039;\u00e0 l&#039;homologation !<\/p><\/div><\/div><div class=\"wpr-grid-item-read-more elementor-repeater-item-716d6c5 wpr-grid-item-display-block wpr-grid-item-align-left\"><div class=\"inner-block\"><a target=\"_self\" href=\"https:\/\/valentinecarre-photographe.com\/index.php\/2022\/08\/18\/vanlife-amenagement-van-en-corse\/\" class=\"wpr-button-effect wpr-button-none\"><span>Lire l&#039;article <\/span><\/a><\/div><\/div><\/div><\/div><\/article><\/section>\t\t\t\t<\/div>\n\t\t\t\t\t<\/div>\n\t\t<\/div>\n\t\t\t\t\t<\/div>\n\t\t<\/section>\n\t\t\t\t<\/div>\n\t\t","protected":false},"excerpt":{"rendered":"<p>R\u00e9cits et reportages All Reportages Reportages Les oiseaux \u00e0 observer en hiver (en Corse) 11\/02\/2025 Quels sont les principaux oiseaux \u00e0 observer en hiver en Corse ? Comment les nourrir ? On r\u00e9pond \u00e0 quelques questions dans cet article. Lire l&#039;article Reportages Les tortues du Parc A Cupulatta (Corse) 10\/02\/2025 D\u00e9couvrez A Cupulatta , le plus grand parc de tortues d&#039;Europe, qui abrite 3000 tortues venues des quatre coins du monde ! Un espace reposant, ludique et familial, juste \u00e0 c\u00f4t\u00e9 d&#039;Ajaccio. Lire l&#039;article Reportages Rencontre avec les mouflons de Corse 20\/08\/2022 En 2022, nous partons pour la premi\u00e8re fois \u00e0 la rencontre des Mouflons de l&#039;\u00eele. Un face-\u00e0-face que je ne suis pas pr\u00eate d&#039;oublier ! Lire l&#039;article Reportages Harris, le p\u00e9lican gris de Porto-Vecchio 20\/08\/2022 D\u00e9couvrez l&#039;histoire d&#039;Harris, un p\u00e9lican pas comme les autres, qui a d\u00e9cid\u00e9 durant plusieurs mois de s&#039;installer en Corse ! Lire l&#039;article Reportages Vanlife : comment am\u00e9nager son van ? 18\/08\/2022 Il y a quelques ann\u00e9es, nous avons am\u00e9nag\u00e9 notre Volkswagen T5 en fourgon am\u00e9nag\u00e9 ! Je vous explique toutes les \u00e9tapes de cet am\u00e9nagement, jusqu&#039;\u00e0 l&#039;homologation ! Lire l&#039;article<\/p>\n","protected":false},"author":1,"featured_media":0,"parent":0,"menu_order":0,"comment_status":"closed","ping_status":"closed","template":"elementor_header_footer","meta":{"ocean_post_layout":"","ocean_both_sidebars_style":"","ocean_both_sidebars_content_width":0,"ocean_both_sidebars_sidebars_width":0,"ocean_sidebar":"0","ocean_second_sidebar":"0","ocean_disable_margins":"enable","ocean_add_body_class":"","ocean_shortcode_before_top_bar":"","ocean_shortcode_after_top_bar":"","ocean_shortcode_before_header":"","ocean_shortcode_after_header":"","ocean_has_shortcode":"","ocean_shortcode_after_title":"","ocean_shortcode_before_footer_widgets":"","ocean_shortcode_after_footer_widgets":"","ocean_shortcode_before_footer_bottom":"","ocean_shortcode_after_footer_bottom":"","ocean_display_top_bar":"on","ocean_display_header":"on","ocean_header_style":"full_screen","ocean_center_header_left_menu":"0","ocean_custom_header_template":"0","ocean_custom_logo":0,"ocean_custom_retina_logo":0,"ocean_custom_logo_max_width":0,"ocean_custom_logo_tablet_max_width":0,"ocean_custom_logo_mobile_max_width":0,"ocean_custom_logo_max_height":0,"ocean_custom_logo_tablet_max_height":0,"ocean_custom_logo_mobile_max_height":0,"ocean_header_custom_menu":"0","ocean_menu_typo_font_family":"0","ocean_menu_typo_font_subset":"","ocean_menu_typo_font_size":0,"ocean_menu_typo_font_size_tablet":0,"ocean_menu_typo_font_size_mobile":0,"ocean_menu_typo_font_size_unit":"px","ocean_menu_typo_font_weight":"","ocean_menu_typo_font_weight_tablet":"","ocean_menu_typo_font_weight_mobile":"","ocean_menu_typo_transform":"","ocean_menu_typo_transform_tablet":"","ocean_menu_typo_transform_mobile":"","ocean_menu_typo_line_height":0,"ocean_menu_typo_line_height_tablet":0,"ocean_menu_typo_line_height_mobile":0,"ocean_menu_typo_line_height_unit":"","ocean_menu_typo_spacing":0,"ocean_menu_typo_spacing_tablet":0,"ocean_menu_typo_spacing_mobile":0,"ocean_menu_typo_spacing_unit":"","ocean_menu_link_color":"","ocean_menu_link_color_hover":"","ocean_menu_link_color_active":"","ocean_menu_link_background":"","ocean_menu_link_hover_background":"","ocean_menu_link_active_background":"","ocean_menu_social_links_bg":"","ocean_menu_social_hover_links_bg":"","ocean_menu_social_links_color":"","ocean_menu_social_hover_links_color":"","ocean_disable_title":"on","ocean_disable_heading":"default","ocean_post_title":"","ocean_post_subheading":"","ocean_post_title_style":"","ocean_post_title_background_color":"","ocean_post_title_background":0,"ocean_post_title_bg_image_position":"","ocean_post_title_bg_image_attachment":"","ocean_post_title_bg_image_repeat":"","ocean_post_title_bg_image_size":"","ocean_post_title_height":0,"ocean_post_title_bg_overlay":0.5,"ocean_post_title_bg_overlay_color":"","ocean_disable_breadcrumbs":"default","ocean_breadcrumbs_color":"","ocean_breadcrumbs_separator_color":"","ocean_breadcrumbs_links_color":"","ocean_breadcrumbs_links_hover_color":"","ocean_display_footer_widgets":"default","ocean_display_footer_bottom":"default","ocean_custom_footer_template":"0","footnotes":""},"class_list":["post-6088","page","type-page","status-publish","hentry","entry","has-media","owp-thumbs-layout-vertical","owp-btn-big","owp-tabs-layout-horizontal","has-no-thumbnails","has-product-nav","circle-sale"],"_links":{"self":[{"href":"https:\/\/valentinecarre-photographe.com\/index.php\/wp-json\/wp\/v2\/pages\/6088","targetHints":{"allow":["GET"]}}],"collection":[{"href":"https:\/\/valentinecarre-photographe.com\/index.php\/wp-json\/wp\/v2\/pages"}],"about":[{"href":"https:\/\/valentinecarre-photographe.com\/index.php\/wp-json\/wp\/v2\/types\/page"}],"author":[{"embeddable":true,"href":"https:\/\/valentinecarre-photographe.com\/index.php\/wp-json\/wp\/v2\/users\/1"}],"replies":[{"embeddable":true,"href":"https:\/\/valentinecarre-photographe.com\/index.php\/wp-json\/wp\/v2\/comments?post=6088"}],"version-history":[{"count":119,"href":"https:\/\/valentinecarre-photographe.com\/index.php\/wp-json\/wp\/v2\/pages\/6088\/revisions"}],"predecessor-version":[{"id":11275,"href":"https:\/\/valentinecarre-photographe.com\/index.php\/wp-json\/wp\/v2\/pages\/6088\/revisions\/11275"}],"wp:attachment":[{"href":"https:\/\/valentinecarre-photographe.com\/index.php\/wp-json\/wp\/v2\/media?parent=6088"}],"curies":[{"name":"wp","href":"https:\/\/api.w.org\/{rel}","templated":true}]}}